{"id":27260,"date":"2019-09-13T08:07:36","date_gmt":"2019-09-13T08:07:36","guid":{"rendered":"https:\/\/thermiabarcelona.com\/choisir-des-fenetres-en-aluminium\/"},"modified":"2019-11-18T14:56:28","modified_gmt":"2019-11-18T14:56:28","slug":"choisir-des-fenetres-en-aluminium","status":"publish","type":"page","link":"https:\/\/thermiabarcelona.com\/fr\/choisir-des-fenetres-en-aluminium\/","title":{"rendered":"Choisir des fen\u00eatres en aluminium"},"content":{"rendered":"<div class=\"wpb-content-wrapper\"><p>[vc_row][vc_column width=\u00a0\u00bb1\/1&Prime;]<div class=\"spacer\" style=\"height: 10px;\"><\/div>[vc_row_inner][vc_column_inner]<h1 class=\"headline font-inherit fontsize-xxxl fontweight-600 lh-12 align-center transform-inherit \" style=\"margin: 0 0 10px 0;\">Comment choisir de bonnes fen\u00eatres en aluminium\u00a0?<\/h1>[\/vc_column_inner][\/vc_row_inner][\/vc_column][\/vc_row][vc_row top_padding=\u00a0\u00bb30&Prime; bottom_padding=\u00a0\u00bb20&Prime;][vc_column column_padding=\u00a0\u00bbpadding-2&Prime; width=\u00a0\u00bb1\/1&Prime;]<div class=\"single_image wpb_content_element align-left    \" data-animation=\"none\" data-delay=\"0\"><img fetchpriority=\"high\" decoding=\"async\" width=\"1150\" height=\"550\" src=\"https:\/\/thermiabarcelona.com\/wp-content\/uploads\/2018\/11\/Thermia_disen\u0303o-confort-silencio-2.jpg\" class=\"attachment-full\" alt=\"Thermia - Ventanas para vivir mejor\" title=\"Thermia_disen\u0303o-confort-silencio-2\" srcset=\"https:\/\/thermiabarcelona.com\/wp-content\/uploads\/2018\/11\/Thermia_disen\u0303o-confort-silencio-2.jpg 1150w, https:\/\/thermiabarcelona.com\/wp-content\/uploads\/2018\/11\/Thermia_disen\u0303o-confort-silencio-2-300x143.jpg 300w, https:\/\/thermiabarcelona.com\/wp-content\/uploads\/2018\/11\/Thermia_disen\u0303o-confort-silencio-2-768x367.jpg 768w, https:\/\/thermiabarcelona.com\/wp-content\/uploads\/2018\/11\/Thermia_disen\u0303o-confort-silencio-2-1024x490.jpg 1024w\" sizes=\"(max-width: 1150px) 100vw, 1150px\" \/><\/div>[vc_row_inner][vc_column_inner width=\u00a0\u00bb1\/3&Prime;]<div class=\"single_image wpb_content_element align-left    \" data-animation=\"none\" data-delay=\"0\"><img decoding=\"async\" width=\"519\" height=\"444\" src=\"https:\/\/thermiabarcelona.com\/wp-content\/uploads\/2018\/06\/distribuidor2.jpg\" class=\"attachment-full\" alt=\"\" title=\"distribuidor2\" srcset=\"https:\/\/thermiabarcelona.com\/wp-content\/uploads\/2018\/06\/distribuidor2.jpg 519w, https:\/\/thermiabarcelona.com\/wp-content\/uploads\/2018\/06\/distribuidor2-300x257.jpg 300w\" sizes=\"(max-width: 519px) 100vw, 519px\" \/><\/div><h1 class=\"headline font-inherit fontsize-xl fontweight-700 lh-13 align-center transform-inherit \" style=\"margin: 0 0 20px 0; color: #000149;\">Chaque logement est unique.<br \/>\nVos fen\u00eatres le sont \u00e9galement.<\/h1>[\/vc_column_inner][vc_column_inner width=\u00a0\u00bb2\/3&Prime;]<h1 class=\"headline font-inherit fontsize-l fontweight-800 lh-13 align-left transform-inherit \" style=\"margin: 0 0 20px 0; color: #e46f09;\">Le professionnel est essentiel dans le choix des fen\u00eatres en aluminium.<\/h1>[vc_column_text]<strong>Il n&rsquo;est pas facile de choisir la meilleure<\/strong> <strong>fen\u00eatre en aluminium,<\/strong> et cela peut s&rsquo;av\u00e9rer compliqu\u00e9 si l&rsquo;on ne poss\u00e8de pas de connaissances techniques. C&rsquo;est pourquoi notre \u00e9quipe de <a href=\"https:\/\/thermiabarcelona.com\/fr\/recherche-de-distributeurs-de-fenetres-en-aluminium-thermia-barcelona\/?lang=fr\"><strong>distributeurs experts<\/strong><\/a><a href=\"https:\/\/thermiabarcelona.com\/fr\/recherche-de-distributeurs-de-fenetres-en-aluminium-thermia-barcelona\/?lang=fr\"> en <strong>fen\u00eatres\u00a0Thermia\u00ae<\/strong><\/a> \u00e9tudiera vos besoins, vous conseillera et vous fournira toutes les informations n\u00e9cessaires pour vous aider \u00e0 toujours prendre la bonne d\u00e9cision.[\/vc_column_text]<div class=\"box clearfix style-1 wpb_content_element align-left \" style=\"padding: 20px 20px 20px 20px; \">\n<h3>Vous souhaitez obtenir un devis pour des fen\u00eatres\u00a0? Nous vous mettons en contact avec un distributeur\u00a0Thermia\u00ae.<\/h3>\n<p>Les <strong>distributeurs de fen\u00eatres\u00a0Thermia\u00ae<\/strong> r\u00e9alisent une \u00e9tude et une analyse personnalis\u00e9es de l&rsquo;habitation pour vous guider dans le choix de la fen\u00eatre la mieux adapt\u00e9e \u00e0 vos besoins.<\/p>\n<a href=\"https:\/\/thermiabarcelona.com\/fr\/contacter-un-distributeur-de-fenetres-thermia\/\" target=\"_self\" class=\"button button-appear color-5 medium \" style=\"border-radius: 2px;\"><span> Mon distributeur\u00a0Thermia\u00ae <i class='fa fa-chevron-right'><\/i><\/span><\/a><\/div>[\/vc_column_inner][\/vc_row_inner][\/vc_column][\/vc_row][vc_row bg_color=\u00a0\u00bb#425b92&Prime; top_padding=\u00a0\u00bb40&Prime;][vc_column width=\u00a0\u00bb1\/1&Prime;]<h1 class=\"headline font-special fontsize-xl fontweight-inherit lh-inherit align-center transform-inherit \" style=\"margin: 0 0 20px 0; color: #ffffff;\">Votre distributeur r\u00e9alisera une \u00e9tude personnalis\u00e9e de votre logement en tenant compte de divers aspects.<\/h1>[\/vc_column][\/vc_row][vc_row bg_color=\u00a0\u00bb#425b92&Prime; section_arrow=\u00a0\u00bbfalse\u00a0\u00bb top_padding=\u00a0\u00bb40&Prime;][vc_column bg_color=\u00a0\u00bb#425b92&Prime; column_padding=\u00a0\u00bbpadding-2&Prime; text_color=\u00a0\u00bblight\u00a0\u00bb width=\u00a0\u00bb1\/4&Prime;]<div class=\"iconbox  wpb_content_element iconbox-style-6 icon-color-accent color-dark clearfix\"><img src='https:\/\/thermiabarcelona.com\/wp-content\/uploads\/2018\/06\/E-Aislamiento-termico.jpg' class='iconimg' alt='Isolation thermique et climat.' \/><h3>Isolation thermique et climat.<\/h3><p>Il convient de noter que tous les mod\u00e8les ne se comportent pas de la m\u00eame mani\u00e8re face <strong>aux rafales de vent, aux fortes pluies ou \u00e0 des temp\u00e9ratures tr\u00e8s basses<\/strong>.<br \/>\nCertains mod\u00e8les garantissent une <strong>meilleure isolation<\/strong> que d&rsquo;autres contre les agents atmosph\u00e9riques.<\/p>\n<\/p><\/div>[\/vc_column][vc_column bg_color=\u00a0\u00bb#425b92&Prime; column_padding=\u00a0\u00bbpadding-2&Prime; text_color=\u00a0\u00bblight\u00a0\u00bb width=\u00a0\u00bb1\/4&Prime;]<div class=\"iconbox  wpb_content_element iconbox-style-6 icon-color-accent color-dark clearfix\"><img src='https:\/\/thermiabarcelona.com\/wp-content\/uploads\/2018\/06\/E-aislamiento.jpg' class='iconimg' alt='Isolation acoustique.' \/><h3>Isolation acoustique.<\/h3><p><strong>Quel niveau sonore doit \u00eatre support\u00e9\u00a0?<\/strong><\/p>\n<p>Si votre logement se situe dans une zone<strong> bruyante<\/strong> et n\u00e9cessite une<strong> isolation efficace contre les nuisances sonores<\/strong>, il conviendra de pr\u00eater une attention particuli\u00e8re au syst\u00e8me de fermeture et \u00e0 la composition du vitrage.<\/p>\n<\/p><\/div>[\/vc_column][vc_column bg_color=\u00a0\u00bb#425b92&Prime; column_padding=\u00a0\u00bbpadding-2&Prime; text_color=\u00a0\u00bblight\u00a0\u00bb width=\u00a0\u00bb1\/4&Prime;]<div class=\"iconbox  wpb_content_element iconbox-style-6 icon-color-accent color-dark clearfix\"><img src='https:\/\/thermiabarcelona.com\/wp-content\/uploads\/2018\/06\/E-orientacion.jpg' class='iconimg' alt='Orientation de la fen\u00eatre et de l\u2019espace.' \/><h3>Orientation de la fen\u00eatre et de l\u2019espace.<\/h3><p><strong>La fen\u00eatre est-elle ensoleill\u00e9e\u00a0?<\/strong><\/p>\n<p>Une fen\u00eatre qui n&rsquo;est jamais expos\u00e9e \u00e0 la lumi\u00e8re (orient\u00e9e au nord) devra poss\u00e9der des caract\u00e9ristiques bien distinctes par rapport \u00e0 celle qui sera orient\u00e9e au sud et qui sera donc toujours ensoleill\u00e9e.<\/p>\n<\/p><\/div>[\/vc_column][vc_column bg_color=\u00a0\u00bb#425b92&Prime; column_padding=\u00a0\u00bbpadding-2&Prime; text_color=\u00a0\u00bblight\u00a0\u00bb width=\u00a0\u00bb1\/4&Prime;]<div class=\"iconbox  wpb_content_element iconbox-style-6 icon-color-accent color-dark clearfix\"><img src='https:\/\/thermiabarcelona.com\/wp-content\/uploads\/2018\/06\/E-taman\u0303o.jpg' class='iconimg' alt='Dimensions de la fen\u00eatre.' \/><h3>Dimensions de la fen\u00eatre.<\/h3><p>Il est indispensable de conna\u00eetre la <strong>dimension de la fen\u00eatre,<\/strong> car les petites fen\u00eatres reposent sur des profil\u00e9s et des m\u00e9canismes tr\u00e8s simples, contrairement aux grandes fen\u00eatres, ce qui les rend plus \u00e9conomiques.<\/p>\n<\/p><\/div>[\/vc_column][\/vc_row][vc_row bg_color=\u00a0\u00bb#425b92&Prime; section_arrow=\u00a0\u00bbfalse\u00a0\u00bb top_padding=\u00a0\u00bb40&Prime;][vc_column bg_color=\u00a0\u00bb#425b92&Prime; column_padding=\u00a0\u00bbpadding-2&Prime; text_color=\u00a0\u00bblight\u00a0\u00bb width=\u00a0\u00bb1\/4&Prime;]<div class=\"iconbox  wpb_content_element iconbox-style-6 icon-color-accent color-dark clearfix\"><img src='https:\/\/thermiabarcelona.com\/wp-content\/uploads\/2018\/06\/E-uso-ThermiaBarcelona-ventana-aluminio.jpg' class='iconimg' alt='Fr\u00e9quence d\u2019utilisation de la fen\u00eatre.' \/><h3>Fr\u00e9quence d\u2019utilisation de la fen\u00eatre.<\/h3><p>Certaines fen\u00eatres ont pour seule fonction de laisser entrer la lumi\u00e8re, tandis que d&rsquo;autres servent d&rsquo;acc\u00e8s \u00e0 un jardin ou \u00e0 un balcon. Selon l&rsquo;usage quotidien pr\u00e9vu, le professionnel vous aidera \u00e0 <strong>choisir la fen\u00eatre la mieux adapt\u00e9e \u00e0 vos besoins<\/strong>.<\/p>\n<\/p><\/div>[\/vc_column][vc_column bg_color=\u00a0\u00bb#425b92&Prime; column_padding=\u00a0\u00bbpadding-2&Prime; text_color=\u00a0\u00bblight\u00a0\u00bb width=\u00a0\u00bb1\/4&Prime;]<div class=\"iconbox  wpb_content_element iconbox-style-6 icon-color-accent color-dark clearfix\"><img src='https:\/\/thermiabarcelona.com\/wp-content\/uploads\/2018\/06\/E-nin\u0303os.jpg' class='iconimg' alt='S\u00e9curit\u00e9 des enfants.' \/><h3>S\u00e9curit\u00e9 des enfants.<\/h3><p>La s\u00e9curit\u00e9 avant tout. Le choix de la fen\u00eatre devra tenir compte des m\u00e9canismes et des mat\u00e9riaux les plus s\u00fbrs, afin d&rsquo;\u00e9viter que les enfants ne se blessent. Exemples\u00a0:<\/p>\n<p>\u2022 Verre feuillet\u00e9<br \/>\n\u2022 Poign\u00e9e amovible<br \/>\n\u2022 Serrure de s\u00e9curit\u00e9<\/p>\n<\/p><\/div>[\/vc_column][vc_column bg_color=\u00a0\u00bb#425b92&Prime; column_padding=\u00a0\u00bbpadding-2&Prime; text_color=\u00a0\u00bblight\u00a0\u00bb width=\u00a0\u00bb1\/4&Prime;]<div class=\"iconbox  wpb_content_element iconbox-style-6 icon-color-accent color-dark clearfix\"><img src='https:\/\/thermiabarcelona.com\/wp-content\/uploads\/2018\/06\/E-espacio.jpg' class='iconimg' alt='Espace d\u2019ouverture et de fermeture des fen\u00eatres.' \/><h3>Espace d\u2019ouverture et de fermeture des fen\u00eatres.<\/h3><p>Selon l&rsquo;espace de l&rsquo;habitation, <strong>le professionnel vous conseillera sur le type d&rsquo;ouverture le plus adapt\u00e9<\/strong>. Par exemple, les fen\u00eatres coulissantes permettent un gain d&rsquo;espace consid\u00e9rable.<\/p>\n<\/p><\/div>[\/vc_column][vc_column bg_color=\u00a0\u00bb#425b92&Prime; column_padding=\u00a0\u00bbpadding-2&Prime; text_color=\u00a0\u00bblight\u00a0\u00bb width=\u00a0\u00bb1\/4&Prime;]<div class=\"iconbox  wpb_content_element iconbox-style-6 icon-color-accent color-dark clearfix\"><img src='https:\/\/thermiabarcelona.com\/wp-content\/uploads\/2018\/06\/E-estetica-ThermiaBarcelona-ventanas.jpg' class='iconimg' alt='Esth\u00e9tisme, couleur, finition et accessoires.' \/><h3>Esth\u00e9tisme, couleur, finition et accessoires.<\/h3><p>Se sont parfois les comit\u00e9s de quartier qui \u00e9tablissent les coloris des fen\u00eatres dans leurs statuts. Ils assurent de cette mani\u00e8re la coh\u00e9rence esth\u00e9tique des fa\u00e7ades d&rsquo;immeubles. Alors, avant de d\u00e9cider, il convient de s&rsquo;assurer des <strong>exigences \u00e0 respecter<\/strong>.<\/p>\n<\/p><\/div>[\/vc_column][\/vc_row][vc_row type=\u00a0\u00bbfull_width_section\u00a0\u00bb][vc_column bg_color=\u00a0\u00bb#ffffff\u00a0\u00bb bg_image=\u00a0\u00bb23387&Prime; column_padding=\u00a0\u00bbpadding-2&Prime; column_center=\u00a0\u00bbtrue\u00a0\u00bb width=\u00a0\u00bb1\/2&Prime;][\/vc_column][vc_column bg_color=\u00a0\u00bb#ffffff\u00a0\u00bb column_padding=\u00a0\u00bbpadding-2&Prime; column_center=\u00a0\u00bbtrue\u00a0\u00bb width=\u00a0\u00bb1\/2&Prime;]<h1 class=\"headline font-inherit fontsize-xxl fontweight-700 lh-13 align-left transform-inherit \" style=\"margin: 0 0 50px 0; color: #e46f09;\">Assistance 100\u00a0% professionnelle de nos distributeurs\u00a0Thermia\u00a0Barcelona<\/h1><h1 class=\"headline font-inherit fontsize-l fontweight-400 lh-12 align-left transform-inherit \" style=\"margin: 0 0 50px 0; color: #e46f09;\">Liste des distributeurs de fen\u00eatres\u00a0Thermia\u00ae proches de chez vous<br \/>\n<\/h1><a href=\"https:\/\/thermiabarcelona.com\/fr\/recherche-de-distributeurs-de-fenetres-en-aluminium-thermia-barcelona\/\" target=\"_blank\" class=\"button custom full \" style=\"background-color: #e46f09; border-color: #e46f09;border-radius: 2px;\"><i class='fa fas fa-search'><\/i>Trouver des distributeurs\u00a0Thermia\u00ae<\/a>[\/vc_column][\/vc_row][vc_row][vc_column width=\u00a0\u00bb1\/1&Prime;][\/vc_column][\/vc_row]<\/p>\n<\/div>","protected":false},"excerpt":{"rendered":"<p>[vc_row][vc_column width=\u00a0\u00bb1\/1&Prime;][vc_row_inner][vc_column_inner][\/vc_column_inner][\/vc_row_inner][\/vc_column][\/vc_row][vc_row top_padding=\u00a0\u00bb30&Prime; bottom_padding=\u00a0\u00bb20&Prime;][vc_column column_padding=\u00a0\u00bbpadding-2&Prime; width=\u00a0\u00bb1\/1&Prime;][vc_row_inner][vc_column_inner width=\u00a0\u00bb1\/3&Prime;][\/vc_column_inner][vc_column_inner width=\u00a0\u00bb2\/3&Prime;][vc_column_text]Il n&rsquo;est pas facile de choisir la meilleure fen\u00eatre en aluminium, et cela peut s&rsquo;av\u00e9rer compliqu\u00e9 si l&rsquo;on ne poss\u00e8de pas de connaissances techniques. C&rsquo;est pourquoi notre \u00e9quipe de distributeurs experts en fen\u00eatres\u00a0Thermia\u00ae \u00e9tudiera vos besoins, vous conseillera et vous fournira toutes les informations n\u00e9cessaires pour vous aider \u00e0 toujours prendre la bonne d\u00e9cision.[\/vc_column_text][\/vc_column_inner][\/vc_row_inner][\/vc_column][\/vc_row][vc_row bg_color=\u00a0\u00bb#425b92&Prime; top_padding=\u00a0\u00bb40&Prime;][vc_column width=\u00a0\u00bb1\/1&Prime;][\/vc_column][\/vc_row][vc_row bg_color=\u00a0\u00bb#425b92&Prime; section_arrow=\u00a0\u00bbfalse\u00a0\u00bb top_padding=\u00a0\u00bb40&Prime;][vc_column bg_color=\u00a0\u00bb#425b92&Prime; column_padding=\u00a0\u00bbpadding-2&Prime; text_color=\u00a0\u00bblight\u00a0\u00bb width=\u00a0\u00bb1\/4&Prime;][\/vc_column][vc_column bg_color=\u00a0\u00bb#425b92&Prime; column_padding=\u00a0\u00bbpadding-2&Prime; text_color=\u00a0\u00bblight\u00a0\u00bb width=\u00a0\u00bb1\/4&Prime;][\/vc_column][vc_column bg_color=\u00a0\u00bb#425b92&Prime; column_padding=\u00a0\u00bbpadding-2&Prime; text_color=\u00a0\u00bblight\u00a0\u00bb width=\u00a0\u00bb1\/4&Prime;][\/vc_column][vc_column bg_color=\u00a0\u00bb#425b92&Prime; column_padding=\u00a0\u00bbpadding-2&Prime; text_color=\u00a0\u00bblight\u00a0\u00bb width=\u00a0\u00bb1\/4&Prime;][\/vc_column][\/vc_row][vc_row bg_color=\u00a0\u00bb#425b92&Prime; section_arrow=\u00a0\u00bbfalse\u00a0\u00bb top_padding=\u00a0\u00bb40&Prime;][vc_column bg_color=\u00a0\u00bb#425b92&Prime; column_padding=\u00a0\u00bbpadding-2&Prime; text_color=\u00a0\u00bblight\u00a0\u00bb width=\u00a0\u00bb1\/4&Prime;][\/vc_column][vc_column bg_color=\u00a0\u00bb#425b92&Prime; column_padding=\u00a0\u00bbpadding-2&Prime; text_color=\u00a0\u00bblight\u00a0\u00bb width=\u00a0\u00bb1\/4&Prime;][\/vc_column][vc_column bg_color=\u00a0\u00bb#425b92&Prime; column_padding=\u00a0\u00bbpadding-2&Prime; text_color=\u00a0\u00bblight\u00a0\u00bb width=\u00a0\u00bb1\/4&Prime;][\/vc_column][vc_column bg_color=\u00a0\u00bb#425b92&Prime; column_padding=\u00a0\u00bbpadding-2&Prime; text_color=\u00a0\u00bblight\u00a0\u00bb width=\u00a0\u00bb1\/4&Prime;][\/vc_column][\/vc_row][vc_row type=\u00a0\u00bbfull_width_section\u00a0\u00bb][vc_column bg_color=\u00a0\u00bb#ffffff\u00a0\u00bb bg_image=\u00a0\u00bb23387&Prime; column_padding=\u00a0\u00bbpadding-2&Prime; column_center=\u00a0\u00bbtrue\u00a0\u00bb width=\u00a0\u00bb1\/2&Prime;][\/vc_column][vc_column bg_color=\u00a0\u00bb#ffffff\u00a0\u00bb column_padding=\u00a0\u00bbpadding-2&Prime; column_center=\u00a0\u00bbtrue\u00a0\u00bb width=\u00a0\u00bb1\/2&Prime;][\/vc_column][\/vc_row][vc_row][vc_column width=\u00a0\u00bb1\/1&Prime;][\/vc_column][\/vc_row]<\/p>\n","protected":false},"author":3,"featured_media":0,"parent":0,"menu_order":0,"comment_status":"open","ping_status":"open","template":"","meta":{"footnotes":""},"class_list":["post-27260","page","type-page","status-publish","hentry"],"yoast_head":"<!-- This site is optimized with the Yoast SEO Premium plugin v26.7 (Yoast SEO v27.3) - https:\/\/yoast.com\/product\/yoast-seo-premium-wordpress\/ -->\n<title>Comment choisir des fen\u00eatres en aluminium\u00a0? | Distributeurs Thermia\u00a0Barcelona<\/title>\n<meta name=\"description\" content=\"Pour choisir des fen\u00eatres en aluminium, le mieux est de demander conseil \u00e0 un professionnel. Nous vous proposons la liste des sp\u00e9cialistes des fen\u00eatres\u00a0Thermia\u00ae qui vous guideront.\" \/>\n<meta name=\"robots\" content=\"index, follow, max-snippet:-1, max-image-preview:large, max-video-preview:-1\" \/>\n<link rel=\"canonical\" href=\"https:\/\/thermiabarcelona.com\/fr\/choisir-des-fenetres-en-aluminium\/\" \/>\n<meta property=\"og:locale\" content=\"fr_FR\" \/>\n<meta property=\"og:type\" content=\"article\" \/>\n<meta property=\"og:title\" content=\"Choisir des fen\u00eatres en aluminium\" \/>\n<meta property=\"og:description\" content=\"Pour choisir des fen\u00eatres en aluminium, le mieux est de demander conseil \u00e0 un professionnel. Nous vous proposons la liste des sp\u00e9cialistes des fen\u00eatres\u00a0Thermia\u00ae qui vous guideront.\" \/>\n<meta property=\"og:url\" content=\"https:\/\/thermiabarcelona.com\/fr\/choisir-des-fenetres-en-aluminium\/\" \/>\n<meta property=\"og:site_name\" content=\"Thermia Barcelona. Ventanas para vivir mejor\" \/>\n<meta property=\"article:publisher\" content=\"https:\/\/www.facebook.com\/thermiabarcelona\/\" \/>\n<meta property=\"article:modified_time\" content=\"2019-11-18T14:56:28+00:00\" \/>\n<meta name=\"twitter:card\" content=\"summary_large_image\" \/>\n<meta name=\"twitter:label1\" content=\"Dur\u00e9e de lecture estim\u00e9e\" \/>\n\t<meta name=\"twitter:data1\" content=\"5 minutes\" \/>\n<script type=\"application\/ld+json\" class=\"yoast-schema-graph\">{\"@context\":\"https:\\\/\\\/schema.org\",\"@graph\":[{\"@type\":\"WebPage\",\"@id\":\"https:\\\/\\\/thermiabarcelona.com\\\/fr\\\/choisir-des-fenetres-en-aluminium\\\/\",\"url\":\"https:\\\/\\\/thermiabarcelona.com\\\/fr\\\/choisir-des-fenetres-en-aluminium\\\/\",\"name\":\"Comment choisir des fen\u00eatres en aluminium\u00a0? | Distributeurs Thermia\u00a0Barcelona\",\"isPartOf\":{\"@id\":\"https:\\\/\\\/thermiabarcelona.com\\\/#website\"},\"datePublished\":\"2019-09-13T08:07:36+00:00\",\"dateModified\":\"2019-11-18T14:56:28+00:00\",\"description\":\"Pour choisir des fen\u00eatres en aluminium, le mieux est de demander conseil \u00e0 un professionnel. Nous vous proposons la liste des sp\u00e9cialistes des fen\u00eatres\u00a0Thermia\u00ae qui vous guideront.\",\"breadcrumb\":{\"@id\":\"https:\\\/\\\/thermiabarcelona.com\\\/fr\\\/choisir-des-fenetres-en-aluminium\\\/#breadcrumb\"},\"inLanguage\":\"fr-FR\",\"potentialAction\":[{\"@type\":\"ReadAction\",\"target\":[\"https:\\\/\\\/thermiabarcelona.com\\\/fr\\\/choisir-des-fenetres-en-aluminium\\\/\"]}]},{\"@type\":\"BreadcrumbList\",\"@id\":\"https:\\\/\\\/thermiabarcelona.com\\\/fr\\\/choisir-des-fenetres-en-aluminium\\\/#breadcrumb\",\"itemListElement\":[{\"@type\":\"ListItem\",\"position\":1,\"name\":\"Portada\",\"item\":\"https:\\\/\\\/thermiabarcelona.com\\\/\"},{\"@type\":\"ListItem\",\"position\":2,\"name\":\"Choisir des fen\u00eatres en aluminium\"}]},{\"@type\":\"WebSite\",\"@id\":\"https:\\\/\\\/thermiabarcelona.com\\\/#website\",\"url\":\"https:\\\/\\\/thermiabarcelona.com\\\/\",\"name\":\"Thermia Barcelona. Ventanas para vivir mejor\",\"description\":\"Ventanas de calidad, duraderas y f\u00e1ciles de fabricar. Dise\u00f1o.Confort.Silencio\",\"publisher\":{\"@id\":\"https:\\\/\\\/thermiabarcelona.com\\\/#organization\"},\"potentialAction\":[{\"@type\":\"SearchAction\",\"target\":{\"@type\":\"EntryPoint\",\"urlTemplate\":\"https:\\\/\\\/thermiabarcelona.com\\\/?s={search_term_string}\"},\"query-input\":{\"@type\":\"PropertyValueSpecification\",\"valueRequired\":true,\"valueName\":\"search_term_string\"}}],\"inLanguage\":\"fr-FR\"},{\"@type\":\"Organization\",\"@id\":\"https:\\\/\\\/thermiabarcelona.com\\\/#organization\",\"name\":\"Thermia Barcelona\",\"url\":\"https:\\\/\\\/thermiabarcelona.com\\\/\",\"logo\":{\"@type\":\"ImageObject\",\"inLanguage\":\"fr-FR\",\"@id\":\"https:\\\/\\\/thermiabarcelona.com\\\/#\\\/schema\\\/logo\\\/image\\\/\",\"url\":\"https:\\\/\\\/thermiabarcelona.com\\\/wp-content\\\/uploads\\\/2018\\\/08\\\/logo_thermia-1.jpg\",\"contentUrl\":\"https:\\\/\\\/thermiabarcelona.com\\\/wp-content\\\/uploads\\\/2018\\\/08\\\/logo_thermia-1.jpg\",\"width\":345,\"height\":158,\"caption\":\"Thermia Barcelona\"},\"image\":{\"@id\":\"https:\\\/\\\/thermiabarcelona.com\\\/#\\\/schema\\\/logo\\\/image\\\/\"},\"sameAs\":[\"https:\\\/\\\/www.facebook.com\\\/thermiabarcelona\\\/\",\"https:\\\/\\\/www.instagram.com\\\/thermiabarcelona\\\/\",\"https:\\\/\\\/es.linkedin.com\\\/company\\\/thermia-barcelona\",\"https:\\\/\\\/www.youtube.com\\\/thermiabarcelona\"]}]}<\/script>\n<!-- \/ Yoast SEO Premium plugin. -->","yoast_head_json":{"title":"Comment choisir des fen\u00eatres en aluminium\u00a0? | Distributeurs Thermia\u00a0Barcelona","description":"Pour choisir des fen\u00eatres en aluminium, le mieux est de demander conseil \u00e0 un professionnel. Nous vous proposons la liste des sp\u00e9cialistes des fen\u00eatres\u00a0Thermia\u00ae qui vous guideront.","robots":{"index":"index","follow":"follow","max-snippet":"max-snippet:-1","max-image-preview":"max-image-preview:large","max-video-preview":"max-video-preview:-1"},"canonical":"https:\/\/thermiabarcelona.com\/fr\/choisir-des-fenetres-en-aluminium\/","og_locale":"fr_FR","og_type":"article","og_title":"Choisir des fen\u00eatres en aluminium","og_description":"Pour choisir des fen\u00eatres en aluminium, le mieux est de demander conseil \u00e0 un professionnel. Nous vous proposons la liste des sp\u00e9cialistes des fen\u00eatres\u00a0Thermia\u00ae qui vous guideront.","og_url":"https:\/\/thermiabarcelona.com\/fr\/choisir-des-fenetres-en-aluminium\/","og_site_name":"Thermia Barcelona. Ventanas para vivir mejor","article_publisher":"https:\/\/www.facebook.com\/thermiabarcelona\/","article_modified_time":"2019-11-18T14:56:28+00:00","twitter_card":"summary_large_image","twitter_misc":{"Dur\u00e9e de lecture estim\u00e9e":"5 minutes"},"schema":{"@context":"https:\/\/schema.org","@graph":[{"@type":"WebPage","@id":"https:\/\/thermiabarcelona.com\/fr\/choisir-des-fenetres-en-aluminium\/","url":"https:\/\/thermiabarcelona.com\/fr\/choisir-des-fenetres-en-aluminium\/","name":"Comment choisir des fen\u00eatres en aluminium\u00a0? | Distributeurs Thermia\u00a0Barcelona","isPartOf":{"@id":"https:\/\/thermiabarcelona.com\/#website"},"datePublished":"2019-09-13T08:07:36+00:00","dateModified":"2019-11-18T14:56:28+00:00","description":"Pour choisir des fen\u00eatres en aluminium, le mieux est de demander conseil \u00e0 un professionnel. Nous vous proposons la liste des sp\u00e9cialistes des fen\u00eatres\u00a0Thermia\u00ae qui vous guideront.","breadcrumb":{"@id":"https:\/\/thermiabarcelona.com\/fr\/choisir-des-fenetres-en-aluminium\/#breadcrumb"},"inLanguage":"fr-FR","potentialAction":[{"@type":"ReadAction","target":["https:\/\/thermiabarcelona.com\/fr\/choisir-des-fenetres-en-aluminium\/"]}]},{"@type":"BreadcrumbList","@id":"https:\/\/thermiabarcelona.com\/fr\/choisir-des-fenetres-en-aluminium\/#breadcrumb","itemListElement":[{"@type":"ListItem","position":1,"name":"Portada","item":"https:\/\/thermiabarcelona.com\/"},{"@type":"ListItem","position":2,"name":"Choisir des fen\u00eatres en aluminium"}]},{"@type":"WebSite","@id":"https:\/\/thermiabarcelona.com\/#website","url":"https:\/\/thermiabarcelona.com\/","name":"Thermia Barcelona. Ventanas para vivir mejor","description":"Ventanas de calidad, duraderas y f\u00e1ciles de fabricar. Dise\u00f1o.Confort.Silencio","publisher":{"@id":"https:\/\/thermiabarcelona.com\/#organization"},"potentialAction":[{"@type":"SearchAction","target":{"@type":"EntryPoint","urlTemplate":"https:\/\/thermiabarcelona.com\/?s={search_term_string}"},"query-input":{"@type":"PropertyValueSpecification","valueRequired":true,"valueName":"search_term_string"}}],"inLanguage":"fr-FR"},{"@type":"Organization","@id":"https:\/\/thermiabarcelona.com\/#organization","name":"Thermia Barcelona","url":"https:\/\/thermiabarcelona.com\/","logo":{"@type":"ImageObject","inLanguage":"fr-FR","@id":"https:\/\/thermiabarcelona.com\/#\/schema\/logo\/image\/","url":"https:\/\/thermiabarcelona.com\/wp-content\/uploads\/2018\/08\/logo_thermia-1.jpg","contentUrl":"https:\/\/thermiabarcelona.com\/wp-content\/uploads\/2018\/08\/logo_thermia-1.jpg","width":345,"height":158,"caption":"Thermia Barcelona"},"image":{"@id":"https:\/\/thermiabarcelona.com\/#\/schema\/logo\/image\/"},"sameAs":["https:\/\/www.facebook.com\/thermiabarcelona\/","https:\/\/www.instagram.com\/thermiabarcelona\/","https:\/\/es.linkedin.com\/company\/thermia-barcelona","https:\/\/www.youtube.com\/thermiabarcelona"]}]}},"_links":{"self":[{"href":"https:\/\/thermiabarcelona.com\/fr\/wp-json\/wp\/v2\/pages\/27260","targetHints":{"allow":["GET"]}}],"collection":[{"href":"https:\/\/thermiabarcelona.com\/fr\/wp-json\/wp\/v2\/pages"}],"about":[{"href":"https:\/\/thermiabarcelona.com\/fr\/wp-json\/wp\/v2\/types\/page"}],"author":[{"embeddable":true,"href":"https:\/\/thermiabarcelona.com\/fr\/wp-json\/wp\/v2\/users\/3"}],"replies":[{"embeddable":true,"href":"https:\/\/thermiabarcelona.com\/fr\/wp-json\/wp\/v2\/comments?post=27260"}],"version-history":[{"count":0,"href":"https:\/\/thermiabarcelona.com\/fr\/wp-json\/wp\/v2\/pages\/27260\/revisions"}],"wp:attachment":[{"href":"https:\/\/thermiabarcelona.com\/fr\/wp-json\/wp\/v2\/media?parent=27260"}],"curies":[{"name":"wp","href":"https:\/\/api.w.org\/{rel}","templated":true}]}}