{"id":27254,"date":"2019-09-13T08:07:13","date_gmt":"2019-09-13T08:07:13","guid":{"rendered":"https:\/\/thermiabarcelona.com\/fenetres-coulissantes-en-aluminium-thermia\/"},"modified":"2019-11-20T13:38:04","modified_gmt":"2019-11-20T13:38:04","slug":"fenetres-coulissantes-en-aluminium-thermia","status":"publish","type":"page","link":"https:\/\/thermiabarcelona.com\/fr\/fenetres-coulissantes-en-aluminium-thermia\/","title":{"rendered":"Fen\u00eatres coulissantes en aluminium\u00a0Thermia"},"content":{"rendered":"<div class=\"wpb-content-wrapper\"><p>[vc_row][vc_column width=\u00a0\u00bb1\/1&Prime;]<div class=\"spacer\" style=\"height: 60px;\"><\/div>[\/vc_column][\/vc_row][vc_row][vc_column column_padding=\u00a0\u00bbpadding-2&Prime; width=\u00a0\u00bb2\/3&Prime;]<h1 class=\"headline font-inherit fontsize-xxxl fontweight-600 lh-12 align-left transform-inherit \" style=\"margin: 0 0 10px 0;\">Les fen\u00eatres coulissantes en aluminium\u00a0Thermia\u00ae<\/h1><div class=\"spacer\" style=\"height: 40px;\"><\/div>[vc_row_inner][vc_column_inner][vc_column_text]<img decoding=\"async\" class=\" wp-image-22769 alignleft\" src=\"https:\/\/thermiabarcelona.com\/wp-content\/uploads\/2018\/06\/combi-corredera-basi@2x-300x252.png\" alt=\"fen\u00eatres coulissantes\u00a0thermia\" width=\"210\" height=\"175\" \/>Les fen\u00eatres coulissantes en aluminium\u00a0Thermia\u00a0Barcelona sont con\u00e7ues de sorte que les ouvrants des fen\u00eatres s&rsquo;ouvrent et se ferment de mani\u00e8re parall\u00e8le gr\u00e2ce \u00e0 des roues qui se d\u00e9placent le long des rails du dormant.<\/p>\n<p><strong>Gr\u00e2ce \u00e0 ce syst\u00e8me, vous pourrez avoir des fen\u00eatres de grandes dimensions pouvant s&rsquo;ouvrir et se fermer dans un espace r\u00e9duit.<\/strong>[\/vc_column_text]<a href=\"https:\/\/thermiabarcelona.com\/fr\/contacter-un-distributeur-de-fenetres-thermia\/\" target=\"_self\" class=\"button orange medium pagescroll\" style=\"border-radius: 2px;\"><i class='fa fa-envelope'><\/i>Vous souhaitez recevoir un devis\u00a0? Envoyez-nous vos coordonn\u00e9es.<\/a>[\/vc_column_inner][\/vc_row_inner][\/vc_column][vc_column animation=\u00a0\u00bbfade-in\u00a0\u00bb bg_color=\u00a0\u00bb#e46f09&Prime; column_padding=\u00a0\u00bbpadding-3&Prime; text_color=\u00a0\u00bblight\u00a0\u00bb width=\u00a0\u00bb1\/3&Prime;][vc_column_text]<\/p>\n<h2>Cette solution de fen\u00eatres coulissantes est id\u00e9ale pour\u00a0:<\/h2>\n<ul>\n<li>Les petits logements.<\/li>\n<li>Les acc\u00e8s au balcon.<\/li>\n<li>Les grandes surfaces de passage n\u00e9cessitant le plus d&rsquo;espace libre possible.<\/li>\n<li>La cr\u00e9ation de nouveaux espaces.<\/li>\n<\/ul>\n<p>[\/vc_column_text][\/vc_column][\/vc_row][vc_row top_padding=\u00a0\u00bb40&Prime; bottom_padding=\u00a0\u00bb40&Prime;][vc_column width=\u00a0\u00bb2\/3&Prime;]<div class=\"single_image wpb_content_element align-left    \" data-animation=\"none\" data-delay=\"0\"><img fetchpriority=\"high\" decoding=\"async\" width=\"864\" height=\"686\" src=\"https:\/\/thermiabarcelona.com\/wp-content\/uploads\/2018\/06\/ventnas_thermia02.jpg\" class=\"attachment-full\" alt=\"\" title=\"ventnas_thermia02\" srcset=\"https:\/\/thermiabarcelona.com\/wp-content\/uploads\/2018\/06\/ventnas_thermia02.jpg 864w, https:\/\/thermiabarcelona.com\/wp-content\/uploads\/2018\/06\/ventnas_thermia02-300x238.jpg 300w, https:\/\/thermiabarcelona.com\/wp-content\/uploads\/2018\/06\/ventnas_thermia02-768x610.jpg 768w\" sizes=\"(max-width: 864px) 100vw, 864px\" \/><\/div>[\/vc_column][vc_column width=\u00a0\u00bb1\/3&Prime;]<div class=\"single_image wpb_content_element align-left    \" data-animation=\"none\" data-delay=\"0\"><img decoding=\"async\" width=\"708\" height=\"531\" src=\"https:\/\/thermiabarcelona.com\/wp-content\/uploads\/2017\/04\/ocena-place-ventana-thermia7.jpg\" class=\"attachment-full\" alt=\"ocena-place-ventana-thermia\" title=\"ocena-place-ventana-thermia7\" srcset=\"https:\/\/thermiabarcelona.com\/wp-content\/uploads\/2017\/04\/ocena-place-ventana-thermia7.jpg 708w, https:\/\/thermiabarcelona.com\/wp-content\/uploads\/2017\/04\/ocena-place-ventana-thermia7-300x225.jpg 300w\" sizes=\"(max-width: 708px) 100vw, 708px\" \/><\/div><div class=\"single_image wpb_content_element align-left    \" data-animation=\"none\" data-delay=\"0\"><img loading=\"lazy\" decoding=\"async\" width=\"864\" height=\"686\" src=\"https:\/\/thermiabarcelona.com\/wp-content\/uploads\/2018\/06\/ventanas_thermia03.jpg\" class=\"attachment-full\" alt=\"\" title=\"ventanas_thermia03\" srcset=\"https:\/\/thermiabarcelona.com\/wp-content\/uploads\/2018\/06\/ventanas_thermia03.jpg 864w, https:\/\/thermiabarcelona.com\/wp-content\/uploads\/2018\/06\/ventanas_thermia03-300x238.jpg 300w, https:\/\/thermiabarcelona.com\/wp-content\/uploads\/2018\/06\/ventanas_thermia03-768x610.jpg 768w\" sizes=\"(max-width: 864px) 100vw, 864px\" \/><\/div>[\/vc_column][\/vc_row][vc_row top_padding=\u00a0\u00bb30&Prime;][vc_column width=\u00a0\u00bb1\/2&Prime;]<div class=\"single_image wpb_content_element align-left    \" data-animation=\"none\" data-delay=\"0\"><img loading=\"lazy\" decoding=\"async\" width=\"680\" height=\"456\" src=\"https:\/\/thermiabarcelona.com\/wp-content\/uploads\/2018\/06\/Thermia_CR402.jpg\" class=\"attachment-full\" alt=\"\" title=\"Thermia_CR402\" srcset=\"https:\/\/thermiabarcelona.com\/wp-content\/uploads\/2018\/06\/Thermia_CR402.jpg 680w, https:\/\/thermiabarcelona.com\/wp-content\/uploads\/2018\/06\/Thermia_CR402-300x201.jpg 300w\" sizes=\"(max-width: 680px) 100vw, 680px\" \/><\/div>[\/vc_column][vc_column width=\u00a0\u00bb1\/2&Prime;]<div class=\"spacer\" style=\"height: 90px;\"><\/div><h1 class=\"headline font-inherit fontsize-xl fontweight-300 lh-12 align-left transform-inherit \" style=\"margin: 0 0 20px 0; color: #dd8b0f;\">L&rsquo;un des <b>points forts<\/b> des fen\u00eatres coulissantes est qu&rsquo;elles permettent de gagner de l&rsquo;espace gr\u00e2ce \u00e0 leur syst\u00e8me d&rsquo;ouverture coulissante.<\/h1><a href=\"https:\/\/thermiabarcelona.com\/wp-content\/uploads\/2018\/12\/Ventanas_de_aluminio_thermia_barcelona.pdf\" target=\"_self\" class=\"button color-4 medium \" style=\"border-radius: 2px;\"><i class='fa fa-eye'><\/i>Voir tout le catalogue <\/a><div class=\"spacer\" style=\"height: 40px;\"><\/div>[\/vc_column][\/vc_row][vc_row top_padding=\u00a0\u00bb40&Prime;][vc_column bg_color=\u00a0\u00bb#e46f09&Prime; column_padding=\u00a0\u00bbpadding-2&Prime; column_center=\u00a0\u00bbtrue\u00a0\u00bb text_color=\u00a0\u00bblight\u00a0\u00bb width=\u00a0\u00bb1\/3&Prime;]<div class=\"iconbox  wpb_content_element iconbox-style-1 icon-color-accent color-dark animation-none\"><h3><img src='https:\/\/thermiabarcelona.com\/wp-content\/uploads\/2018\/06\/pocket_thermia.jpg' class='iconimg' alt='La fen\u00eatre qui ne se voit pas. Solution \u00ab pocket \u00bb de Thermia\u00ae.' \/><span>La fen\u00eatre qui ne se voit pas. Solution \u00ab pocket \u00bb de Thermia\u00ae.<\/span><\/h3><p>La solution\u00a0du galandage permet de cacher l&rsquo;ouvrant dans le mur et d&rsquo;ouvrir enti\u00e8rement l&rsquo;espace. Osez des fen\u00eatres invisibles.<\/p>\n<\/p><\/div>[\/vc_column][vc_column bg_color=\u00a0\u00bb#e2944f\u00a0\u00bb column_padding=\u00a0\u00bbpadding-2&Prime; column_center=\u00a0\u00bbtrue\u00a0\u00bb text_color=\u00a0\u00bblight\u00a0\u00bb width=\u00a0\u00bb1\/3&Prime;]<div class=\"iconbox  wpb_content_element iconbox-style-6 icon-color-accent color-dark clearfix\"><img src='https:\/\/thermiabarcelona.com\/wp-content\/uploads\/2018\/06\/themia_ventanas_01.jpg' class='iconimg' alt='Des fen\u00eatres qui cr\u00e9ent des espaces. Solution \u00ab kiss \u00bb de Thermia\u00ae.' \/><h3>Des fen\u00eatres qui cr\u00e9ent des espaces. Solution \u00ab kiss \u00bb de Thermia\u00ae.<\/h3><p>Cr\u00e9ez des espaces plus vastes avec la solution\u00a0\u00ab\u00a0Kiss\u00a0\u00bb de Thermia qui permet de supprimer la traverse entre les deux ouvrants.<\/p>\n<\/p><\/div>[\/vc_column][vc_column bg_color=\u00a0\u00bb#e2b183&Prime; column_padding=\u00a0\u00bbpadding-2&Prime; column_center=\u00a0\u00bbtrue\u00a0\u00bb text_color=\u00a0\u00bblight\u00a0\u00bb width=\u00a0\u00bb1\/3&Prime;]<div class=\"iconbox  wpb_content_element iconbox-style-6 icon-color-accent color-dark clearfix\"><img src='https:\/\/thermiabarcelona.com\/wp-content\/uploads\/2018\/06\/plegable_thermia_varias_hojas.jpg' class='iconimg' alt='Structures pliables pour le jardin.' \/><h3>Structures pliables pour le jardin.<\/h3><p>Pour une zone de passage ouverte sur un jardin, optez pour les solutions\u00a0pliables et coulissantes \u00e0 plusieurs ouvrants.<\/p>\n<\/p><\/div>[\/vc_column][\/vc_row][vc_row top_padding=\u00a0\u00bb40&Prime;][vc_column width=\u00a0\u00bb1\/4&Prime;]<div class=\"box clearfix style-2 wpb_content_element align-left \" style=\"padding: 40px 40px 40px 40px; \">\n<h2>Le saviez-vous\u00a0?<\/h2>\n<p><strong>Les fen\u00eatres peu \u00e9tanches<\/strong> sont la cause de <strong>25 \u00e0 50\u00a0% des d\u00e9perditions<\/strong> <strong>thermiques d&rsquo;un logement<\/strong>. Cela se r\u00e9percute sur la\u00a0facture d&rsquo;\u00e9lectricit\u00e9 ou de gaz.<\/div><div class=\"box clearfix style-2 wpb_content_element align-left \" style=\"padding: 40px 40px 40px 40px; \">\n<h2>Le saviez-vous\u00a0?<\/h2>\n<p>Les <strong>fen\u00eatres en aluminium<\/strong> ne se d\u00e9forment pas, elles sont r\u00e9sistantes et solides, 100\u00a0% recyclables, disponibles en divers coloris et finitions et <strong>ne perdent aucune de leurs performances<\/strong> au fil des ans. Pour plus de tranquillit\u00e9, choisissez l&rsquo;aluminium.<\/div>[\/vc_column][vc_column width=\u00a0\u00bb3\/4&Prime;]<div class=\"single_image wpb_content_element align-left    \" data-animation=\"none\" data-delay=\"0\"><img loading=\"lazy\" decoding=\"async\" width=\"2200\" height=\"1874\" src=\"https:\/\/thermiabarcelona.com\/wp-content\/uploads\/2016\/12\/thermia-cr46-slide.jpg\" class=\"attachment-full\" alt=\"\" title=\"thermia-cr46-slide\" srcset=\"https:\/\/thermiabarcelona.com\/wp-content\/uploads\/2016\/12\/thermia-cr46-slide.jpg 2200w, https:\/\/thermiabarcelona.com\/wp-content\/uploads\/2016\/12\/thermia-cr46-slide-300x256.jpg 300w, https:\/\/thermiabarcelona.com\/wp-content\/uploads\/2016\/12\/thermia-cr46-slide-768x654.jpg 768w, https:\/\/thermiabarcelona.com\/wp-content\/uploads\/2016\/12\/thermia-cr46-slide-1024x872.jpg 1024w\" sizes=\"(max-width: 2200px) 100vw, 2200px\" \/><\/div>[\/vc_column][\/vc_row][vc_row][vc_column width=\u00a0\u00bb1\/1&Prime;]<div class=\"spacer\" style=\"height: 40px;\"><\/div>[\/vc_column][\/vc_row]<\/p>\n<\/div>","protected":false},"excerpt":{"rendered":"<p>[vc_row][vc_column width=\u00a0\u00bb1\/1&Prime;][\/vc_column][\/vc_row][vc_row][vc_column column_padding=\u00a0\u00bbpadding-2&Prime; width=\u00a0\u00bb2\/3&Prime;][vc_row_inner][vc_column_inner][vc_column_text]Les fen\u00eatres coulissantes en aluminium\u00a0Thermia\u00a0Barcelona sont con\u00e7ues de sorte que les ouvrants des fen\u00eatres s&rsquo;ouvrent et se ferment de mani\u00e8re parall\u00e8le gr\u00e2ce \u00e0 des roues qui se d\u00e9placent le long des rails du dormant. Gr\u00e2ce \u00e0 ce syst\u00e8me, vous pourrez avoir des fen\u00eatres de grandes dimensions pouvant s&rsquo;ouvrir et se fermer dans un espace r\u00e9duit.[\/vc_column_text][\/vc_column_inner][\/vc_row_inner][\/vc_column][vc_column animation=\u00a0\u00bbfade-in\u00a0\u00bb bg_color=\u00a0\u00bb#e46f09&Prime; column_padding=\u00a0\u00bbpadding-3&Prime; text_color=\u00a0\u00bblight\u00a0\u00bb width=\u00a0\u00bb1\/3&Prime;][vc_column_text] Cette solution de fen\u00eatres coulissantes est id\u00e9ale pour\u00a0: Les petits logements. Les acc\u00e8s au balcon. Les grandes surfaces de passage n\u00e9cessitant le plus d&rsquo;espace libre possible. La cr\u00e9ation de nouveaux espaces. [\/vc_column_text][\/vc_column][\/vc_row][vc_row top_padding=\u00a0\u00bb40&Prime; bottom_padding=\u00a0\u00bb40&Prime;][vc_column width=\u00a0\u00bb2\/3&Prime;][\/vc_column][vc_column width=\u00a0\u00bb1\/3&Prime;][\/vc_column][\/vc_row][vc_row top_padding=\u00a0\u00bb30&Prime;][vc_column width=\u00a0\u00bb1\/2&Prime;][\/vc_column][vc_column width=\u00a0\u00bb1\/2&Prime;][\/vc_column][\/vc_row][vc_row top_padding=\u00a0\u00bb40&Prime;][vc_column bg_color=\u00a0\u00bb#e46f09&Prime; column_padding=\u00a0\u00bbpadding-2&Prime; column_center=\u00a0\u00bbtrue\u00a0\u00bb text_color=\u00a0\u00bblight\u00a0\u00bb width=\u00a0\u00bb1\/3&Prime;][\/vc_column][vc_column bg_color=\u00a0\u00bb#e2944f\u00a0\u00bb column_padding=\u00a0\u00bbpadding-2&Prime; column_center=\u00a0\u00bbtrue\u00a0\u00bb text_color=\u00a0\u00bblight\u00a0\u00bb width=\u00a0\u00bb1\/3&Prime;][\/vc_column][vc_column bg_color=\u00a0\u00bb#e2b183&Prime; column_padding=\u00a0\u00bbpadding-2&Prime; column_center=\u00a0\u00bbtrue\u00a0\u00bb text_color=\u00a0\u00bblight\u00a0\u00bb width=\u00a0\u00bb1\/3&Prime;][\/vc_column][\/vc_row][vc_row top_padding=\u00a0\u00bb40&Prime;][vc_column width=\u00a0\u00bb1\/4&Prime;][\/vc_column][vc_column width=\u00a0\u00bb3\/4&Prime;][\/vc_column][\/vc_row][vc_row][vc_column width=\u00a0\u00bb1\/1&Prime;][\/vc_column][\/vc_row]<\/p>\n","protected":false},"author":3,"featured_media":0,"parent":0,"menu_order":0,"comment_status":"open","ping_status":"open","template":"","meta":{"footnotes":""},"class_list":["post-27254","page","type-page","status-publish","hentry"],"yoast_head":"<!-- This site is optimized with the Yoast SEO Premium plugin v26.7 (Yoast SEO v27.3) - https:\/\/yoast.com\/product\/yoast-seo-premium-wordpress\/ -->\n<title>Fen\u00eatres coulissantes en aluminium | Thermia\u00a0Barcelona<\/title>\n<meta name=\"description\" content=\"Les portes et les fen\u00eatres coulissantes en aluminium\u00a0Thermia\u00a0Barcelona sont con\u00e7ues pour offrir \u00e9l\u00e9gance, confort et silence.\" \/>\n<meta name=\"robots\" content=\"index, follow, max-snippet:-1, max-image-preview:large, max-video-preview:-1\" \/>\n<link rel=\"canonical\" href=\"https:\/\/thermiabarcelona.com\/fr\/fenetres-coulissantes-en-aluminium-thermia\/\" \/>\n<meta property=\"og:locale\" content=\"fr_FR\" \/>\n<meta property=\"og:type\" content=\"article\" \/>\n<meta property=\"og:title\" content=\"Fen\u00eatres coulissantes en aluminium\u00a0Thermia\" \/>\n<meta property=\"og:description\" content=\"Les portes et les fen\u00eatres coulissantes en aluminium\u00a0Thermia\u00a0Barcelona sont con\u00e7ues pour offrir \u00e9l\u00e9gance, confort et silence.\" \/>\n<meta property=\"og:url\" content=\"https:\/\/thermiabarcelona.com\/fr\/fenetres-coulissantes-en-aluminium-thermia\/\" \/>\n<meta property=\"og:site_name\" content=\"Thermia Barcelona. Ventanas para vivir mejor\" \/>\n<meta property=\"article:publisher\" content=\"https:\/\/www.facebook.com\/thermiabarcelona\/\" \/>\n<meta property=\"article:modified_time\" content=\"2019-11-20T13:38:04+00:00\" \/>\n<meta property=\"og:image\" content=\"https:\/\/thermiabarcelona.com\/wp-content\/uploads\/2018\/06\/combi-corredera-basi@2x-300x252.png\" \/>\n<meta name=\"twitter:card\" content=\"summary_large_image\" \/>\n<meta name=\"twitter:label1\" content=\"Dur\u00e9e de lecture estim\u00e9e\" \/>\n\t<meta name=\"twitter:data1\" content=\"3 minutes\" \/>\n<script type=\"application\/ld+json\" class=\"yoast-schema-graph\">{\"@context\":\"https:\\\/\\\/schema.org\",\"@graph\":[{\"@type\":\"WebPage\",\"@id\":\"https:\\\/\\\/thermiabarcelona.com\\\/fr\\\/fenetres-coulissantes-en-aluminium-thermia\\\/\",\"url\":\"https:\\\/\\\/thermiabarcelona.com\\\/fr\\\/fenetres-coulissantes-en-aluminium-thermia\\\/\",\"name\":\"Fen\u00eatres coulissantes en aluminium | Thermia\u00a0Barcelona\",\"isPartOf\":{\"@id\":\"https:\\\/\\\/thermiabarcelona.com\\\/#website\"},\"primaryImageOfPage\":{\"@id\":\"https:\\\/\\\/thermiabarcelona.com\\\/fr\\\/fenetres-coulissantes-en-aluminium-thermia\\\/#primaryimage\"},\"image\":{\"@id\":\"https:\\\/\\\/thermiabarcelona.com\\\/fr\\\/fenetres-coulissantes-en-aluminium-thermia\\\/#primaryimage\"},\"thumbnailUrl\":\"https:\\\/\\\/thermiabarcelona.com\\\/wp-content\\\/uploads\\\/2018\\\/06\\\/combi-corredera-basi@2x-300x252.png\",\"datePublished\":\"2019-09-13T08:07:13+00:00\",\"dateModified\":\"2019-11-20T13:38:04+00:00\",\"description\":\"Les portes et les fen\u00eatres coulissantes en aluminium\u00a0Thermia\u00a0Barcelona sont con\u00e7ues pour offrir \u00e9l\u00e9gance, confort et silence.\",\"breadcrumb\":{\"@id\":\"https:\\\/\\\/thermiabarcelona.com\\\/fr\\\/fenetres-coulissantes-en-aluminium-thermia\\\/#breadcrumb\"},\"inLanguage\":\"fr-FR\",\"potentialAction\":[{\"@type\":\"ReadAction\",\"target\":[\"https:\\\/\\\/thermiabarcelona.com\\\/fr\\\/fenetres-coulissantes-en-aluminium-thermia\\\/\"]}]},{\"@type\":\"ImageObject\",\"inLanguage\":\"fr-FR\",\"@id\":\"https:\\\/\\\/thermiabarcelona.com\\\/fr\\\/fenetres-coulissantes-en-aluminium-thermia\\\/#primaryimage\",\"url\":\"https:\\\/\\\/thermiabarcelona.com\\\/wp-content\\\/uploads\\\/2018\\\/06\\\/combi-corredera-basi@2x-300x252.png\",\"contentUrl\":\"https:\\\/\\\/thermiabarcelona.com\\\/wp-content\\\/uploads\\\/2018\\\/06\\\/combi-corredera-basi@2x-300x252.png\"},{\"@type\":\"BreadcrumbList\",\"@id\":\"https:\\\/\\\/thermiabarcelona.com\\\/fr\\\/fenetres-coulissantes-en-aluminium-thermia\\\/#breadcrumb\",\"itemListElement\":[{\"@type\":\"ListItem\",\"position\":1,\"name\":\"Portada\",\"item\":\"https:\\\/\\\/thermiabarcelona.com\\\/\"},{\"@type\":\"ListItem\",\"position\":2,\"name\":\"Fen\u00eatres coulissantes en aluminium\u00a0Thermia\"}]},{\"@type\":\"WebSite\",\"@id\":\"https:\\\/\\\/thermiabarcelona.com\\\/#website\",\"url\":\"https:\\\/\\\/thermiabarcelona.com\\\/\",\"name\":\"Thermia Barcelona. Ventanas para vivir mejor\",\"description\":\"Ventanas de calidad, duraderas y f\u00e1ciles de fabricar. Dise\u00f1o.Confort.Silencio\",\"publisher\":{\"@id\":\"https:\\\/\\\/thermiabarcelona.com\\\/#organization\"},\"potentialAction\":[{\"@type\":\"SearchAction\",\"target\":{\"@type\":\"EntryPoint\",\"urlTemplate\":\"https:\\\/\\\/thermiabarcelona.com\\\/?s={search_term_string}\"},\"query-input\":{\"@type\":\"PropertyValueSpecification\",\"valueRequired\":true,\"valueName\":\"search_term_string\"}}],\"inLanguage\":\"fr-FR\"},{\"@type\":\"Organization\",\"@id\":\"https:\\\/\\\/thermiabarcelona.com\\\/#organization\",\"name\":\"Thermia Barcelona\",\"url\":\"https:\\\/\\\/thermiabarcelona.com\\\/\",\"logo\":{\"@type\":\"ImageObject\",\"inLanguage\":\"fr-FR\",\"@id\":\"https:\\\/\\\/thermiabarcelona.com\\\/#\\\/schema\\\/logo\\\/image\\\/\",\"url\":\"https:\\\/\\\/thermiabarcelona.com\\\/wp-content\\\/uploads\\\/2018\\\/08\\\/logo_thermia-1.jpg\",\"contentUrl\":\"https:\\\/\\\/thermiabarcelona.com\\\/wp-content\\\/uploads\\\/2018\\\/08\\\/logo_thermia-1.jpg\",\"width\":345,\"height\":158,\"caption\":\"Thermia Barcelona\"},\"image\":{\"@id\":\"https:\\\/\\\/thermiabarcelona.com\\\/#\\\/schema\\\/logo\\\/image\\\/\"},\"sameAs\":[\"https:\\\/\\\/www.facebook.com\\\/thermiabarcelona\\\/\",\"https:\\\/\\\/www.instagram.com\\\/thermiabarcelona\\\/\",\"https:\\\/\\\/es.linkedin.com\\\/company\\\/thermia-barcelona\",\"https:\\\/\\\/www.youtube.com\\\/thermiabarcelona\"]}]}<\/script>\n<!-- \/ Yoast SEO Premium plugin. -->","yoast_head_json":{"title":"Fen\u00eatres coulissantes en aluminium | Thermia\u00a0Barcelona","description":"Les portes et les fen\u00eatres coulissantes en aluminium\u00a0Thermia\u00a0Barcelona sont con\u00e7ues pour offrir \u00e9l\u00e9gance, confort et silence.","robots":{"index":"index","follow":"follow","max-snippet":"max-snippet:-1","max-image-preview":"max-image-preview:large","max-video-preview":"max-video-preview:-1"},"canonical":"https:\/\/thermiabarcelona.com\/fr\/fenetres-coulissantes-en-aluminium-thermia\/","og_locale":"fr_FR","og_type":"article","og_title":"Fen\u00eatres coulissantes en aluminium\u00a0Thermia","og_description":"Les portes et les fen\u00eatres coulissantes en aluminium\u00a0Thermia\u00a0Barcelona sont con\u00e7ues pour offrir \u00e9l\u00e9gance, confort et silence.","og_url":"https:\/\/thermiabarcelona.com\/fr\/fenetres-coulissantes-en-aluminium-thermia\/","og_site_name":"Thermia Barcelona. Ventanas para vivir mejor","article_publisher":"https:\/\/www.facebook.com\/thermiabarcelona\/","article_modified_time":"2019-11-20T13:38:04+00:00","og_image":[{"url":"https:\/\/thermiabarcelona.com\/wp-content\/uploads\/2018\/06\/combi-corredera-basi@2x-300x252.png","type":"","width":"","height":""}],"twitter_card":"summary_large_image","twitter_misc":{"Dur\u00e9e de lecture estim\u00e9e":"3 minutes"},"schema":{"@context":"https:\/\/schema.org","@graph":[{"@type":"WebPage","@id":"https:\/\/thermiabarcelona.com\/fr\/fenetres-coulissantes-en-aluminium-thermia\/","url":"https:\/\/thermiabarcelona.com\/fr\/fenetres-coulissantes-en-aluminium-thermia\/","name":"Fen\u00eatres coulissantes en aluminium | Thermia\u00a0Barcelona","isPartOf":{"@id":"https:\/\/thermiabarcelona.com\/#website"},"primaryImageOfPage":{"@id":"https:\/\/thermiabarcelona.com\/fr\/fenetres-coulissantes-en-aluminium-thermia\/#primaryimage"},"image":{"@id":"https:\/\/thermiabarcelona.com\/fr\/fenetres-coulissantes-en-aluminium-thermia\/#primaryimage"},"thumbnailUrl":"https:\/\/thermiabarcelona.com\/wp-content\/uploads\/2018\/06\/combi-corredera-basi@2x-300x252.png","datePublished":"2019-09-13T08:07:13+00:00","dateModified":"2019-11-20T13:38:04+00:00","description":"Les portes et les fen\u00eatres coulissantes en aluminium\u00a0Thermia\u00a0Barcelona sont con\u00e7ues pour offrir \u00e9l\u00e9gance, confort et silence.","breadcrumb":{"@id":"https:\/\/thermiabarcelona.com\/fr\/fenetres-coulissantes-en-aluminium-thermia\/#breadcrumb"},"inLanguage":"fr-FR","potentialAction":[{"@type":"ReadAction","target":["https:\/\/thermiabarcelona.com\/fr\/fenetres-coulissantes-en-aluminium-thermia\/"]}]},{"@type":"ImageObject","inLanguage":"fr-FR","@id":"https:\/\/thermiabarcelona.com\/fr\/fenetres-coulissantes-en-aluminium-thermia\/#primaryimage","url":"https:\/\/thermiabarcelona.com\/wp-content\/uploads\/2018\/06\/combi-corredera-basi@2x-300x252.png","contentUrl":"https:\/\/thermiabarcelona.com\/wp-content\/uploads\/2018\/06\/combi-corredera-basi@2x-300x252.png"},{"@type":"BreadcrumbList","@id":"https:\/\/thermiabarcelona.com\/fr\/fenetres-coulissantes-en-aluminium-thermia\/#breadcrumb","itemListElement":[{"@type":"ListItem","position":1,"name":"Portada","item":"https:\/\/thermiabarcelona.com\/"},{"@type":"ListItem","position":2,"name":"Fen\u00eatres coulissantes en aluminium\u00a0Thermia"}]},{"@type":"WebSite","@id":"https:\/\/thermiabarcelona.com\/#website","url":"https:\/\/thermiabarcelona.com\/","name":"Thermia Barcelona. Ventanas para vivir mejor","description":"Ventanas de calidad, duraderas y f\u00e1ciles de fabricar. Dise\u00f1o.Confort.Silencio","publisher":{"@id":"https:\/\/thermiabarcelona.com\/#organization"},"potentialAction":[{"@type":"SearchAction","target":{"@type":"EntryPoint","urlTemplate":"https:\/\/thermiabarcelona.com\/?s={search_term_string}"},"query-input":{"@type":"PropertyValueSpecification","valueRequired":true,"valueName":"search_term_string"}}],"inLanguage":"fr-FR"},{"@type":"Organization","@id":"https:\/\/thermiabarcelona.com\/#organization","name":"Thermia Barcelona","url":"https:\/\/thermiabarcelona.com\/","logo":{"@type":"ImageObject","inLanguage":"fr-FR","@id":"https:\/\/thermiabarcelona.com\/#\/schema\/logo\/image\/","url":"https:\/\/thermiabarcelona.com\/wp-content\/uploads\/2018\/08\/logo_thermia-1.jpg","contentUrl":"https:\/\/thermiabarcelona.com\/wp-content\/uploads\/2018\/08\/logo_thermia-1.jpg","width":345,"height":158,"caption":"Thermia Barcelona"},"image":{"@id":"https:\/\/thermiabarcelona.com\/#\/schema\/logo\/image\/"},"sameAs":["https:\/\/www.facebook.com\/thermiabarcelona\/","https:\/\/www.instagram.com\/thermiabarcelona\/","https:\/\/es.linkedin.com\/company\/thermia-barcelona","https:\/\/www.youtube.com\/thermiabarcelona"]}]}},"_links":{"self":[{"href":"https:\/\/thermiabarcelona.com\/fr\/wp-json\/wp\/v2\/pages\/27254","targetHints":{"allow":["GET"]}}],"collection":[{"href":"https:\/\/thermiabarcelona.com\/fr\/wp-json\/wp\/v2\/pages"}],"about":[{"href":"https:\/\/thermiabarcelona.com\/fr\/wp-json\/wp\/v2\/types\/page"}],"author":[{"embeddable":true,"href":"https:\/\/thermiabarcelona.com\/fr\/wp-json\/wp\/v2\/users\/3"}],"replies":[{"embeddable":true,"href":"https:\/\/thermiabarcelona.com\/fr\/wp-json\/wp\/v2\/comments?post=27254"}],"version-history":[{"count":0,"href":"https:\/\/thermiabarcelona.com\/fr\/wp-json\/wp\/v2\/pages\/27254\/revisions"}],"wp:attachment":[{"href":"https:\/\/thermiabarcelona.com\/fr\/wp-json\/wp\/v2\/media?parent=27254"}],"curies":[{"name":"wp","href":"https:\/\/api.w.org\/{rel}","templated":true}]}}