{"id":27211,"date":"2019-09-13T08:02:18","date_gmt":"2019-09-13T08:02:18","guid":{"rendered":"https:\/\/thermiabarcelona.com\/showroom-thermia-a-lima\/"},"modified":"2019-11-27T16:29:11","modified_gmt":"2019-11-27T16:29:11","slug":"showroom-thermia-a-lima","status":"publish","type":"page","link":"https:\/\/thermiabarcelona.com\/fr\/showroom-thermia-a-lima\/","title":{"rendered":"Showroom\u00a0Thermia \u00e0 Lima"},"content":{"rendered":"<div class=\"wpb-content-wrapper\"><p>[vc_row][vc_column width=\u00a0\u00bb1\/1&Prime;]<h2 class=\"headline font-inherit fontsize-xxxl fontweight-400 lh-inherit align-center transform-inherit \" style=\"margin: 0 0 20px 0;\">Showroom de fen\u00eatres\u00a0Thermia\u00ae \u00e0 Lima<\/h2>[\/vc_column][\/vc_row][vc_row][vc_column width=\u00a0\u00bb2\/3&Prime;]<div class=\"single_image wpb_content_element align-left    \" data-animation=\"none\" data-delay=\"0\"><img fetchpriority=\"high\" decoding=\"async\" width=\"1899\" height=\"1215\" src=\"https:\/\/thermiabarcelona.com\/wp-content\/uploads\/2019\/07\/showroom_ventanas-thermia-en-Lima-Peru_big.jpg\" class=\"attachment-full\" alt=\"Showroom ventanas antiruido Thermia en Lima\" title=\"showroom_ventanas-thermia-en-Lima-Peru_big\" srcset=\"https:\/\/thermiabarcelona.com\/wp-content\/uploads\/2019\/07\/showroom_ventanas-thermia-en-Lima-Peru_big.jpg 1899w, https:\/\/thermiabarcelona.com\/wp-content\/uploads\/2019\/07\/showroom_ventanas-thermia-en-Lima-Peru_big-300x192.jpg 300w, https:\/\/thermiabarcelona.com\/wp-content\/uploads\/2019\/07\/showroom_ventanas-thermia-en-Lima-Peru_big-768x491.jpg 768w, https:\/\/thermiabarcelona.com\/wp-content\/uploads\/2019\/07\/showroom_ventanas-thermia-en-Lima-Peru_big-1024x655.jpg 1024w\" sizes=\"(max-width: 1899px) 100vw, 1899px\" \/><\/div>[vc_row_inner][vc_column_inner width=\u00a0\u00bb1\/2&Prime;]<div class=\"single_image wpb_content_element align-left    \" data-animation=\"none\" data-delay=\"0\"><img decoding=\"async\" width=\"1162\" height=\"778\" src=\"https:\/\/thermiabarcelona.com\/wp-content\/uploads\/2019\/07\/showroom_ventanas-thermia-en-Lima-Peru4.jpg\" class=\"attachment-full\" alt=\"Showroom ventanas antiruido Thermia en Lima\" title=\"showroom_ventanas-thermia-en-Lima-Peru4\" srcset=\"https:\/\/thermiabarcelona.com\/wp-content\/uploads\/2019\/07\/showroom_ventanas-thermia-en-Lima-Peru4.jpg 1162w, https:\/\/thermiabarcelona.com\/wp-content\/uploads\/2019\/07\/showroom_ventanas-thermia-en-Lima-Peru4-300x201.jpg 300w, https:\/\/thermiabarcelona.com\/wp-content\/uploads\/2019\/07\/showroom_ventanas-thermia-en-Lima-Peru4-768x514.jpg 768w, https:\/\/thermiabarcelona.com\/wp-content\/uploads\/2019\/07\/showroom_ventanas-thermia-en-Lima-Peru4-1024x686.jpg 1024w\" sizes=\"(max-width: 1162px) 100vw, 1162px\" \/><\/div><div class=\"single_image wpb_content_element align-left    \" data-animation=\"none\" data-delay=\"0\"><img decoding=\"async\" width=\"1162\" height=\"778\" src=\"https:\/\/thermiabarcelona.com\/wp-content\/uploads\/2019\/07\/showroom_ventanas-thermia-en-Lima-Peru2.jpg\" class=\"attachment-full\" alt=\"Showroom ventanas antiruido Thermia en Lima\" title=\"showroom_ventanas-thermia-en-Lima-Peru2\" srcset=\"https:\/\/thermiabarcelona.com\/wp-content\/uploads\/2019\/07\/showroom_ventanas-thermia-en-Lima-Peru2.jpg 1162w, https:\/\/thermiabarcelona.com\/wp-content\/uploads\/2019\/07\/showroom_ventanas-thermia-en-Lima-Peru2-300x201.jpg 300w, https:\/\/thermiabarcelona.com\/wp-content\/uploads\/2019\/07\/showroom_ventanas-thermia-en-Lima-Peru2-768x514.jpg 768w, https:\/\/thermiabarcelona.com\/wp-content\/uploads\/2019\/07\/showroom_ventanas-thermia-en-Lima-Peru2-1024x686.jpg 1024w\" sizes=\"(max-width: 1162px) 100vw, 1162px\" \/><\/div>[\/vc_column_inner][vc_column_inner width=\u00a0\u00bb1\/2&Prime;]<div class=\"single_image wpb_content_element align-left    \" data-animation=\"none\" data-delay=\"0\"><img loading=\"lazy\" decoding=\"async\" width=\"1162\" height=\"778\" src=\"https:\/\/thermiabarcelona.com\/wp-content\/uploads\/2019\/07\/showroom_ventanas-thermia-en-Lima-Peru3.jpg\" class=\"attachment-full\" alt=\"Showroom ventanas antiruido Thermia en Lima\" title=\"showroom_ventanas-thermia-en-Lima-Peru3\" srcset=\"https:\/\/thermiabarcelona.com\/wp-content\/uploads\/2019\/07\/showroom_ventanas-thermia-en-Lima-Peru3.jpg 1162w, https:\/\/thermiabarcelona.com\/wp-content\/uploads\/2019\/07\/showroom_ventanas-thermia-en-Lima-Peru3-300x201.jpg 300w, https:\/\/thermiabarcelona.com\/wp-content\/uploads\/2019\/07\/showroom_ventanas-thermia-en-Lima-Peru3-768x514.jpg 768w, https:\/\/thermiabarcelona.com\/wp-content\/uploads\/2019\/07\/showroom_ventanas-thermia-en-Lima-Peru3-1024x686.jpg 1024w\" sizes=\"(max-width: 1162px) 100vw, 1162px\" \/><\/div><div class=\"single_image wpb_content_element align-left    \" data-animation=\"none\" data-delay=\"0\"><img loading=\"lazy\" decoding=\"async\" width=\"1162\" height=\"778\" src=\"https:\/\/thermiabarcelona.com\/wp-content\/uploads\/2019\/07\/showroom_ventanas-thermia-en-Lima-Peru.jpg\" class=\"attachment-full\" alt=\"Showroom ventanas antiruido Thermia en Lima\" title=\"showroom_ventanas-thermia-en-Lima-Peru\" srcset=\"https:\/\/thermiabarcelona.com\/wp-content\/uploads\/2019\/07\/showroom_ventanas-thermia-en-Lima-Peru.jpg 1162w, https:\/\/thermiabarcelona.com\/wp-content\/uploads\/2019\/07\/showroom_ventanas-thermia-en-Lima-Peru-300x201.jpg 300w, https:\/\/thermiabarcelona.com\/wp-content\/uploads\/2019\/07\/showroom_ventanas-thermia-en-Lima-Peru-768x514.jpg 768w, https:\/\/thermiabarcelona.com\/wp-content\/uploads\/2019\/07\/showroom_ventanas-thermia-en-Lima-Peru-1024x686.jpg 1024w\" sizes=\"(max-width: 1162px) 100vw, 1162px\" \/><\/div>[\/vc_column_inner][\/vc_row_inner][\/vc_column][vc_column width=\u00a0\u00bb1\/3&Prime;][vc_column_text]<strong>Situation du showroom \u00e0 Lima<\/strong><\/p>\n<p><em>Av. Paseo de la Rep\u00fablica, 3583<\/em><br \/>\n<em>San\u00a0Isidro, 15047 Lima<\/em><br \/>\n<em>Du lundi au vendredi, de 8\u00a0h \u00e0 13\u00a0h et de 14\u00a0h \u00e0 18\u00a0h\u00a030<\/em><br \/>\nT\u00e9l.\u00a0: <strong>+51\u00a01\u00a07197649<\/strong>[\/vc_column_text][vc_column_text]<iframe style=\"border: 0;\" src=\"https:\/\/www.google.com\/maps\/embed?pb=!1m14!1m8!1m3!1d15604.707602418977!2d-77.0260945!3d-12.1000391!3m2!1i1024!2i768!4f13.1!3m3!1m2!1s0x0%3A0xf7901f287d2c41d4!2sShowroom+Thermia+Barcelona+Lima!5e0!3m2!1ses!2ses!4v1562065781167!5m2!1ses!2ses\" width=\"600\" height=\"450\" frameborder=\"0\" allowfullscreen=\"allowfullscreen\"><\/iframe>[\/vc_column_text][vc_row_inner][vc_column_inner]<div class=\"iconbox  wpb_content_element iconbox-style-1 icon-color-accent color-dark animation-none\"><h3><i class=\"fa  boxicon\" style=\"\"><\/i><span><\/span><\/h3><p><span style=\"color: #808080; font-size: 15pt; line-heigh: 1.2em;\">Ce showroom est con\u00e7u pour les professionnels des fermetures ainsi que pour les architectes, d\u00e9corateurs et particuliers qui souhaitent en savoir plus sur les fen\u00eatres thermoacoustiques\u00a0Thermia\u00ae et les voir en fonctionnement.<br \/>\n<\/span><\/p>\n<a href=\"https:\/\/thermiabarcelona.com\/fr\/showrooms-thermia\/\" target=\"_self\" class=\"button button-appear color-2 medium \" style=\"border-radius: 2px;\"><span>Voir tous les showrooms <i class='fa fa-chevron-right'><\/i><\/span><\/a>\n<p>&nbsp;<\/p>\n<p>&nbsp;<\/p>\n<\/p><\/div>[\/vc_column_inner][\/vc_row_inner][\/vc_column][\/vc_row]<\/p>\n<\/div>","protected":false},"excerpt":{"rendered":"<p>[vc_row][vc_column width=\u00a0\u00bb1\/1&Prime;][\/vc_column][\/vc_row][vc_row][vc_column width=\u00a0\u00bb2\/3&Prime;][vc_row_inner][vc_column_inner width=\u00a0\u00bb1\/2&Prime;][\/vc_column_inner][vc_column_inner width=\u00a0\u00bb1\/2&Prime;][\/vc_column_inner][\/vc_row_inner][\/vc_column][vc_column width=\u00a0\u00bb1\/3&Prime;][vc_column_text]Situation du showroom \u00e0 Lima Av. Paseo de la Rep\u00fablica, 3583 San\u00a0Isidro, 15047 Lima Du lundi au vendredi, de 8\u00a0h \u00e0 13\u00a0h et de 14\u00a0h \u00e0 18\u00a0h\u00a030 T\u00e9l.\u00a0: +51\u00a01\u00a07197649[\/vc_column_text][vc_column_text][\/vc_column_text][vc_row_inner][vc_column_inner][\/vc_column_inner][\/vc_row_inner][\/vc_column][\/vc_row]<\/p>\n","protected":false},"author":3,"featured_media":0,"parent":0,"menu_order":0,"comment_status":"closed","ping_status":"closed","template":"","meta":{"footnotes":""},"class_list":["post-27211","page","type-page","status-publish","hentry"],"yoast_head":"<!-- This site is optimized with the Yoast SEO Premium plugin v26.7 (Yoast SEO v27.3) - https:\/\/yoast.com\/product\/yoast-seo-premium-wordpress\/ -->\n<title>Showroom de fen\u00eatres thermoacoustiques en aluminium\u00a0Thermia\u00ae \u00e0 Lima<\/title>\n<meta name=\"description\" content=\"Thermia\u00a0Barcelona dispose d&#039;un showroom \u00e0 Lima ouvert \u00e0 tout professionnel, architecte ou d\u00e9corateur, o\u00f9 sont expos\u00e9es ses fen\u00eatres thermoacoustiques en aluminium.\" \/>\n<meta name=\"robots\" content=\"index, follow, max-snippet:-1, max-image-preview:large, max-video-preview:-1\" \/>\n<link rel=\"canonical\" href=\"https:\/\/thermiabarcelona.com\/fr\/showroom-thermia-a-lima\/\" \/>\n<meta property=\"og:locale\" content=\"fr_FR\" \/>\n<meta property=\"og:type\" content=\"article\" \/>\n<meta property=\"og:title\" content=\"Showroom de fen\u00eatres en aluminium Thermia\u00ae \u00e0 Lima (P\u00e9rou)\" \/>\n<meta property=\"og:description\" content=\"Thermia\u00a0Barcelona dispose d&#039;un showroom \u00e0 Lima ouvert \u00e0 tout professionnel, architecte ou d\u00e9corateur, o\u00f9 sont expos\u00e9es ses fen\u00eatres thermoacoustiques en aluminium.\" \/>\n<meta property=\"og:url\" content=\"https:\/\/thermiabarcelona.com\/fr\/showroom-thermia-a-lima\/\" \/>\n<meta property=\"og:site_name\" content=\"Thermia Barcelona. Ventanas para vivir mejor\" \/>\n<meta property=\"article:publisher\" content=\"https:\/\/www.facebook.com\/thermiabarcelona\/\" \/>\n<meta property=\"article:modified_time\" content=\"2019-11-27T16:29:11+00:00\" \/>\n<meta property=\"og:image\" content=\"https:\/\/thermiabarcelona.com\/wp-content\/uploads\/2019\/07\/showroom_ventanas-thermia-en-Lima-Peru4.jpg\" \/>\n\t<meta property=\"og:image:width\" content=\"1162\" \/>\n\t<meta property=\"og:image:height\" content=\"778\" \/>\n\t<meta property=\"og:image:type\" content=\"image\/jpeg\" \/>\n<meta name=\"twitter:card\" content=\"summary_large_image\" \/>\n<meta name=\"twitter:title\" content=\"Showroom\u00a0Thermia \u00e0 Lima\" \/>\n<meta name=\"twitter:label1\" content=\"Dur\u00e9e de lecture estim\u00e9e\" \/>\n\t<meta name=\"twitter:data1\" content=\"1 minute\" \/>\n<script type=\"application\/ld+json\" class=\"yoast-schema-graph\">{\"@context\":\"https:\\\/\\\/schema.org\",\"@graph\":[{\"@type\":\"WebPage\",\"@id\":\"https:\\\/\\\/thermiabarcelona.com\\\/fr\\\/showroom-thermia-a-lima\\\/\",\"url\":\"https:\\\/\\\/thermiabarcelona.com\\\/fr\\\/showroom-thermia-a-lima\\\/\",\"name\":\"Showroom de fen\u00eatres thermoacoustiques en aluminium\u00a0Thermia\u00ae \u00e0 Lima\",\"isPartOf\":{\"@id\":\"https:\\\/\\\/thermiabarcelona.com\\\/#website\"},\"datePublished\":\"2019-09-13T08:02:18+00:00\",\"dateModified\":\"2019-11-27T16:29:11+00:00\",\"description\":\"Thermia\u00a0Barcelona dispose d'un showroom \u00e0 Lima ouvert \u00e0 tout professionnel, architecte ou d\u00e9corateur, o\u00f9 sont expos\u00e9es ses fen\u00eatres thermoacoustiques en aluminium.\",\"breadcrumb\":{\"@id\":\"https:\\\/\\\/thermiabarcelona.com\\\/fr\\\/showroom-thermia-a-lima\\\/#breadcrumb\"},\"inLanguage\":\"fr-FR\",\"potentialAction\":[{\"@type\":\"ReadAction\",\"target\":[\"https:\\\/\\\/thermiabarcelona.com\\\/fr\\\/showroom-thermia-a-lima\\\/\"]}]},{\"@type\":\"BreadcrumbList\",\"@id\":\"https:\\\/\\\/thermiabarcelona.com\\\/fr\\\/showroom-thermia-a-lima\\\/#breadcrumb\",\"itemListElement\":[{\"@type\":\"ListItem\",\"position\":1,\"name\":\"Portada\",\"item\":\"https:\\\/\\\/thermiabarcelona.com\\\/\"},{\"@type\":\"ListItem\",\"position\":2,\"name\":\"Showroom\u00a0Thermia \u00e0 Lima\"}]},{\"@type\":\"WebSite\",\"@id\":\"https:\\\/\\\/thermiabarcelona.com\\\/#website\",\"url\":\"https:\\\/\\\/thermiabarcelona.com\\\/\",\"name\":\"Thermia Barcelona. Ventanas para vivir mejor\",\"description\":\"Ventanas de calidad, duraderas y f\u00e1ciles de fabricar. Dise\u00f1o.Confort.Silencio\",\"publisher\":{\"@id\":\"https:\\\/\\\/thermiabarcelona.com\\\/#organization\"},\"potentialAction\":[{\"@type\":\"SearchAction\",\"target\":{\"@type\":\"EntryPoint\",\"urlTemplate\":\"https:\\\/\\\/thermiabarcelona.com\\\/?s={search_term_string}\"},\"query-input\":{\"@type\":\"PropertyValueSpecification\",\"valueRequired\":true,\"valueName\":\"search_term_string\"}}],\"inLanguage\":\"fr-FR\"},{\"@type\":\"Organization\",\"@id\":\"https:\\\/\\\/thermiabarcelona.com\\\/#organization\",\"name\":\"Thermia Barcelona\",\"url\":\"https:\\\/\\\/thermiabarcelona.com\\\/\",\"logo\":{\"@type\":\"ImageObject\",\"inLanguage\":\"fr-FR\",\"@id\":\"https:\\\/\\\/thermiabarcelona.com\\\/#\\\/schema\\\/logo\\\/image\\\/\",\"url\":\"https:\\\/\\\/thermiabarcelona.com\\\/wp-content\\\/uploads\\\/2018\\\/08\\\/logo_thermia-1.jpg\",\"contentUrl\":\"https:\\\/\\\/thermiabarcelona.com\\\/wp-content\\\/uploads\\\/2018\\\/08\\\/logo_thermia-1.jpg\",\"width\":345,\"height\":158,\"caption\":\"Thermia Barcelona\"},\"image\":{\"@id\":\"https:\\\/\\\/thermiabarcelona.com\\\/#\\\/schema\\\/logo\\\/image\\\/\"},\"sameAs\":[\"https:\\\/\\\/www.facebook.com\\\/thermiabarcelona\\\/\",\"https:\\\/\\\/www.instagram.com\\\/thermiabarcelona\\\/\",\"https:\\\/\\\/es.linkedin.com\\\/company\\\/thermia-barcelona\",\"https:\\\/\\\/www.youtube.com\\\/thermiabarcelona\"]}]}<\/script>\n<!-- \/ Yoast SEO Premium plugin. -->","yoast_head_json":{"title":"Showroom de fen\u00eatres thermoacoustiques en aluminium\u00a0Thermia\u00ae \u00e0 Lima","description":"Thermia\u00a0Barcelona dispose d'un showroom \u00e0 Lima ouvert \u00e0 tout professionnel, architecte ou d\u00e9corateur, o\u00f9 sont expos\u00e9es ses fen\u00eatres thermoacoustiques en aluminium.","robots":{"index":"index","follow":"follow","max-snippet":"max-snippet:-1","max-image-preview":"max-image-preview:large","max-video-preview":"max-video-preview:-1"},"canonical":"https:\/\/thermiabarcelona.com\/fr\/showroom-thermia-a-lima\/","og_locale":"fr_FR","og_type":"article","og_title":"Showroom de fen\u00eatres en aluminium Thermia\u00ae \u00e0 Lima (P\u00e9rou)","og_description":"Thermia\u00a0Barcelona dispose d'un showroom \u00e0 Lima ouvert \u00e0 tout professionnel, architecte ou d\u00e9corateur, o\u00f9 sont expos\u00e9es ses fen\u00eatres thermoacoustiques en aluminium.","og_url":"https:\/\/thermiabarcelona.com\/fr\/showroom-thermia-a-lima\/","og_site_name":"Thermia Barcelona. Ventanas para vivir mejor","article_publisher":"https:\/\/www.facebook.com\/thermiabarcelona\/","article_modified_time":"2019-11-27T16:29:11+00:00","og_image":[{"width":1162,"height":778,"url":"https:\/\/thermiabarcelona.com\/wp-content\/uploads\/2019\/07\/showroom_ventanas-thermia-en-Lima-Peru4.jpg","type":"image\/jpeg"}],"twitter_card":"summary_large_image","twitter_title":"Showroom\u00a0Thermia \u00e0 Lima","twitter_misc":{"Dur\u00e9e de lecture estim\u00e9e":"1 minute"},"schema":{"@context":"https:\/\/schema.org","@graph":[{"@type":"WebPage","@id":"https:\/\/thermiabarcelona.com\/fr\/showroom-thermia-a-lima\/","url":"https:\/\/thermiabarcelona.com\/fr\/showroom-thermia-a-lima\/","name":"Showroom de fen\u00eatres thermoacoustiques en aluminium\u00a0Thermia\u00ae \u00e0 Lima","isPartOf":{"@id":"https:\/\/thermiabarcelona.com\/#website"},"datePublished":"2019-09-13T08:02:18+00:00","dateModified":"2019-11-27T16:29:11+00:00","description":"Thermia\u00a0Barcelona dispose d'un showroom \u00e0 Lima ouvert \u00e0 tout professionnel, architecte ou d\u00e9corateur, o\u00f9 sont expos\u00e9es ses fen\u00eatres thermoacoustiques en aluminium.","breadcrumb":{"@id":"https:\/\/thermiabarcelona.com\/fr\/showroom-thermia-a-lima\/#breadcrumb"},"inLanguage":"fr-FR","potentialAction":[{"@type":"ReadAction","target":["https:\/\/thermiabarcelona.com\/fr\/showroom-thermia-a-lima\/"]}]},{"@type":"BreadcrumbList","@id":"https:\/\/thermiabarcelona.com\/fr\/showroom-thermia-a-lima\/#breadcrumb","itemListElement":[{"@type":"ListItem","position":1,"name":"Portada","item":"https:\/\/thermiabarcelona.com\/"},{"@type":"ListItem","position":2,"name":"Showroom\u00a0Thermia \u00e0 Lima"}]},{"@type":"WebSite","@id":"https:\/\/thermiabarcelona.com\/#website","url":"https:\/\/thermiabarcelona.com\/","name":"Thermia Barcelona. Ventanas para vivir mejor","description":"Ventanas de calidad, duraderas y f\u00e1ciles de fabricar. Dise\u00f1o.Confort.Silencio","publisher":{"@id":"https:\/\/thermiabarcelona.com\/#organization"},"potentialAction":[{"@type":"SearchAction","target":{"@type":"EntryPoint","urlTemplate":"https:\/\/thermiabarcelona.com\/?s={search_term_string}"},"query-input":{"@type":"PropertyValueSpecification","valueRequired":true,"valueName":"search_term_string"}}],"inLanguage":"fr-FR"},{"@type":"Organization","@id":"https:\/\/thermiabarcelona.com\/#organization","name":"Thermia Barcelona","url":"https:\/\/thermiabarcelona.com\/","logo":{"@type":"ImageObject","inLanguage":"fr-FR","@id":"https:\/\/thermiabarcelona.com\/#\/schema\/logo\/image\/","url":"https:\/\/thermiabarcelona.com\/wp-content\/uploads\/2018\/08\/logo_thermia-1.jpg","contentUrl":"https:\/\/thermiabarcelona.com\/wp-content\/uploads\/2018\/08\/logo_thermia-1.jpg","width":345,"height":158,"caption":"Thermia Barcelona"},"image":{"@id":"https:\/\/thermiabarcelona.com\/#\/schema\/logo\/image\/"},"sameAs":["https:\/\/www.facebook.com\/thermiabarcelona\/","https:\/\/www.instagram.com\/thermiabarcelona\/","https:\/\/es.linkedin.com\/company\/thermia-barcelona","https:\/\/www.youtube.com\/thermiabarcelona"]}]}},"_links":{"self":[{"href":"https:\/\/thermiabarcelona.com\/fr\/wp-json\/wp\/v2\/pages\/27211","targetHints":{"allow":["GET"]}}],"collection":[{"href":"https:\/\/thermiabarcelona.com\/fr\/wp-json\/wp\/v2\/pages"}],"about":[{"href":"https:\/\/thermiabarcelona.com\/fr\/wp-json\/wp\/v2\/types\/page"}],"author":[{"embeddable":true,"href":"https:\/\/thermiabarcelona.com\/fr\/wp-json\/wp\/v2\/users\/3"}],"replies":[{"embeddable":true,"href":"https:\/\/thermiabarcelona.com\/fr\/wp-json\/wp\/v2\/comments?post=27211"}],"version-history":[{"count":0,"href":"https:\/\/thermiabarcelona.com\/fr\/wp-json\/wp\/v2\/pages\/27211\/revisions"}],"wp:attachment":[{"href":"https:\/\/thermiabarcelona.com\/fr\/wp-json\/wp\/v2\/media?parent=27211"}],"curies":[{"name":"wp","href":"https:\/\/api.w.org\/{rel}","templated":true}]}}