{"id":27209,"date":"2019-09-13T08:02:12","date_gmt":"2019-09-13T08:02:12","guid":{"rendered":"https:\/\/thermiabarcelona.com\/showrooms-thermia-a-gerone\/"},"modified":"2019-11-27T16:37:38","modified_gmt":"2019-11-27T16:37:38","slug":"showrooms-thermia-a-gerone","status":"publish","type":"page","link":"https:\/\/thermiabarcelona.com\/fr\/showrooms-thermia-a-gerone\/","title":{"rendered":"Showrooms\u00a0Thermia \u00e0 G\u00e9rone"},"content":{"rendered":"<div class=\"wpb-content-wrapper\"><p>[vc_row][vc_column width=\u00a0\u00bb1\/1&Prime;]<h1 class=\"headline font-inherit fontsize-xxxl fontweight-400 lh-inherit align-center transform-inherit \" style=\"margin: 0 0 20px 0;\">Showroom de fen\u00eatres\u00a0Thermia\u00ae \u00e0 G\u00e9rone<\/h1>[\/vc_column][\/vc_row][vc_row][vc_column width=\u00a0\u00bb2\/3&Prime;]<div class=\"single_image wpb_content_element align-left    \" data-animation=\"none\" data-delay=\"0\"><img fetchpriority=\"high\" decoding=\"async\" width=\"1899\" height=\"1215\" src=\"https:\/\/thermiabarcelona.com\/wp-content\/uploads\/2019\/05\/Ventanas-Thermia-Barcelona-Solucion-Kiss-thermia-CR40.jpg\" class=\"attachment-full\" alt=\"Ventanas Thermia soluci\u00f3n Kiss Thermia CR40\" title=\"Ventanas-Thermia-Barcelona---Solucion-Kiss-thermia-CR40\" srcset=\"https:\/\/thermiabarcelona.com\/wp-content\/uploads\/2019\/05\/Ventanas-Thermia-Barcelona-Solucion-Kiss-thermia-CR40.jpg 1899w, https:\/\/thermiabarcelona.com\/wp-content\/uploads\/2019\/05\/Ventanas-Thermia-Barcelona-Solucion-Kiss-thermia-CR40-300x192.jpg 300w, https:\/\/thermiabarcelona.com\/wp-content\/uploads\/2019\/05\/Ventanas-Thermia-Barcelona-Solucion-Kiss-thermia-CR40-768x491.jpg 768w, https:\/\/thermiabarcelona.com\/wp-content\/uploads\/2019\/05\/Ventanas-Thermia-Barcelona-Solucion-Kiss-thermia-CR40-1024x655.jpg 1024w\" sizes=\"(max-width: 1899px) 100vw, 1899px\" \/><\/div>[vc_row_inner][vc_column_inner width=\u00a0\u00bb1\/2&Prime;]<div class=\"single_image wpb_content_element align-left    \" data-animation=\"none\" data-delay=\"0\"><img decoding=\"async\" width=\"1162\" height=\"778\" src=\"https:\/\/thermiabarcelona.com\/wp-content\/uploads\/2019\/06\/showroom_ventanas-thermia-en-Girona3.jpg\" class=\"attachment-full\" alt=\"\" title=\"showroom_ventanas-thermia-en-Girona3\" srcset=\"https:\/\/thermiabarcelona.com\/wp-content\/uploads\/2019\/06\/showroom_ventanas-thermia-en-Girona3.jpg 1162w, https:\/\/thermiabarcelona.com\/wp-content\/uploads\/2019\/06\/showroom_ventanas-thermia-en-Girona3-300x201.jpg 300w, https:\/\/thermiabarcelona.com\/wp-content\/uploads\/2019\/06\/showroom_ventanas-thermia-en-Girona3-768x514.jpg 768w, https:\/\/thermiabarcelona.com\/wp-content\/uploads\/2019\/06\/showroom_ventanas-thermia-en-Girona3-1024x686.jpg 1024w\" sizes=\"(max-width: 1162px) 100vw, 1162px\" \/><\/div><div class=\"single_image wpb_content_element align-left    \" data-animation=\"none\" data-delay=\"0\"><img decoding=\"async\" width=\"1295\" height=\"857\" src=\"https:\/\/thermiabarcelona.com\/wp-content\/uploads\/2019\/06\/Ventanas_-aluminio_Thermia-Barcelona-Disen\u0303o1.jpg\" class=\"attachment-full\" alt=\"Showroom ventanas Thermia en Girona\" title=\"Ventanas_-aluminio_Thermia-Barcelona---Disen\u0303o1\" srcset=\"https:\/\/thermiabarcelona.com\/wp-content\/uploads\/2019\/06\/Ventanas_-aluminio_Thermia-Barcelona-Disen\u0303o1.jpg 1295w, https:\/\/thermiabarcelona.com\/wp-content\/uploads\/2019\/06\/Ventanas_-aluminio_Thermia-Barcelona-Disen\u0303o1-300x199.jpg 300w, https:\/\/thermiabarcelona.com\/wp-content\/uploads\/2019\/06\/Ventanas_-aluminio_Thermia-Barcelona-Disen\u0303o1-768x508.jpg 768w, https:\/\/thermiabarcelona.com\/wp-content\/uploads\/2019\/06\/Ventanas_-aluminio_Thermia-Barcelona-Disen\u0303o1-1024x678.jpg 1024w\" sizes=\"(max-width: 1295px) 100vw, 1295px\" \/><\/div>[\/vc_column_inner][vc_column_inner width=\u00a0\u00bb1\/2&Prime;]<div class=\"single_image wpb_content_element align-left    \" data-animation=\"none\" data-delay=\"0\"><img loading=\"lazy\" decoding=\"async\" width=\"1564\" height=\"985\" src=\"https:\/\/thermiabarcelona.com\/wp-content\/uploads\/2019\/06\/Ventanas-Thermia-herrajes-ocultos-2.jpg\" class=\"attachment-full\" alt=\"Herrajes ocultos ventanas minimal Thermia\" title=\"Ventanas-Thermia-herrajes-ocultos-2\" srcset=\"https:\/\/thermiabarcelona.com\/wp-content\/uploads\/2019\/06\/Ventanas-Thermia-herrajes-ocultos-2.jpg 1564w, https:\/\/thermiabarcelona.com\/wp-content\/uploads\/2019\/06\/Ventanas-Thermia-herrajes-ocultos-2-300x189.jpg 300w, https:\/\/thermiabarcelona.com\/wp-content\/uploads\/2019\/06\/Ventanas-Thermia-herrajes-ocultos-2-768x484.jpg 768w, https:\/\/thermiabarcelona.com\/wp-content\/uploads\/2019\/06\/Ventanas-Thermia-herrajes-ocultos-2-1024x645.jpg 1024w\" sizes=\"(max-width: 1564px) 100vw, 1564px\" \/><\/div><div class=\"single_image wpb_content_element align-left    \" data-animation=\"none\" data-delay=\"0\"><img loading=\"lazy\" decoding=\"async\" width=\"1162\" height=\"778\" src=\"https:\/\/thermiabarcelona.com\/wp-content\/uploads\/2019\/06\/showroom_thermia_Girona2.jpg\" class=\"attachment-full\" alt=\"\" title=\"showroom_thermia_Girona2\" srcset=\"https:\/\/thermiabarcelona.com\/wp-content\/uploads\/2019\/06\/showroom_thermia_Girona2.jpg 1162w, https:\/\/thermiabarcelona.com\/wp-content\/uploads\/2019\/06\/showroom_thermia_Girona2-300x201.jpg 300w, https:\/\/thermiabarcelona.com\/wp-content\/uploads\/2019\/06\/showroom_thermia_Girona2-768x514.jpg 768w, https:\/\/thermiabarcelona.com\/wp-content\/uploads\/2019\/06\/showroom_thermia_Girona2-1024x686.jpg 1024w\" sizes=\"(max-width: 1162px) 100vw, 1162px\" \/><\/div>[\/vc_column_inner][\/vc_row_inner]<div class=\"single_image wpb_content_element align-left    \" data-animation=\"none\" data-delay=\"0\"><img loading=\"lazy\" decoding=\"async\" width=\"1162\" height=\"778\" src=\"https:\/\/thermiabarcelona.com\/wp-content\/uploads\/2019\/06\/showroom_ventanas-thermia-en-Girona.jpg\" class=\"attachment-full\" alt=\"Showroom ventanas Thermia en Girona\" title=\"showroom_ventanas-thermia-en-Girona\" srcset=\"https:\/\/thermiabarcelona.com\/wp-content\/uploads\/2019\/06\/showroom_ventanas-thermia-en-Girona.jpg 1162w, https:\/\/thermiabarcelona.com\/wp-content\/uploads\/2019\/06\/showroom_ventanas-thermia-en-Girona-300x201.jpg 300w, https:\/\/thermiabarcelona.com\/wp-content\/uploads\/2019\/06\/showroom_ventanas-thermia-en-Girona-768x514.jpg 768w, https:\/\/thermiabarcelona.com\/wp-content\/uploads\/2019\/06\/showroom_ventanas-thermia-en-Girona-1024x686.jpg 1024w\" sizes=\"(max-width: 1162px) 100vw, 1162px\" \/><\/div>[\/vc_column][vc_column width=\u00a0\u00bb1\/3&Prime;][vc_column_text]<strong>Situation du showroom \u00e0 G\u00e9rone<\/strong><\/p>\n<p>Carrer Pla de Dalt, 1780<br \/>\nSarri\u00e0 de Dalt, G\u00e9rone (Espagne)<br \/>\n<a href=\"https:\/\/thermiabarcelona.com\/fr\/showroom-de-thermia-barcelona-sur-rendez-vous\/\"><em>Prendre rendez-vous<\/em><\/a><em><br \/>\n<\/em>[\/vc_column_text][vc_column_text]<iframe style=\"border: 0;\" src=\"https:\/\/www.google.com\/maps\/embed?pb=!1m18!1m12!1m3!1d2964.0723835117533!2d2.8206626154455723!3d42.020179579211074!2m3!1f0!2f0!3f0!3m2!1i1024!2i768!4f13.1!3m3!1m2!1s0x0%3A0xe8cc5a7b55a8828b!2sShowroom+Thermia+Barcelona+Girona!5e0!3m2!1ses!2ses!4v1562066554865!5m2!1ses!2ses\" width=\"600\" height=\"450\" frameborder=\"0\" allowfullscreen=\"allowfullscreen\"><\/iframe>[\/vc_column_text][vc_column_text]<span style=\"color: #f2842f; font-size: 14pt;\">Si vous souhaitez visiter notre showroom, remplissez le formulaire afin que nous puissions vous contacter et convenir de la date qui vous arrange le plus.<\/span>[\/vc_column_text]<a href=\"https:\/\/thermiabarcelona.com\/fr\/showrooms-thermia\/\" target=\"_self\" class=\"button orange medium \" style=\"border-radius: 2px;\">Prendre rendez-vous<\/a><div class=\"spacer\" style=\"height: 40px;\"><\/div>[vc_row_inner][vc_column_inner]<div class=\"iconbox  wpb_content_element iconbox-style-1 icon-color-accent color-dark animation-none\"><h3><i class=\"fa  boxicon\" style=\"\"><\/i><span><\/span><\/h3><p><span style=\"color: #808080; font-size: 20pt; line-heigh: 1.5em;\">Ce showroom est organis\u00e9 de mani\u00e8re \u00e0 reproduire <strong>un logement<\/strong>. Les espaces <strong>int\u00e9rieurs et ext\u00e9rieurs<\/strong> sont divis\u00e9s par les diff\u00e9rentes solutions de fen\u00eatres thermoacoustiques\u00a0Thermia\u00ae.<\/span><\/p>\n<a href=\"https:\/\/thermiabarcelona.com\/fr\/showrooms-thermia\/\" target=\"_self\" class=\"button button-appear color-2 medium \" style=\"border-radius: 2px;\"><span>Voir tous les showrooms <i class='fa fa-chevron-right'><\/i><\/span><\/a>\n<p>&nbsp;<\/p>\n<\/p><\/div>[\/vc_column_inner][\/vc_row_inner][\/vc_column][\/vc_row]<\/p>\n<\/div>","protected":false},"excerpt":{"rendered":"<p>[vc_row][vc_column width=\u00a0\u00bb1\/1&Prime;][\/vc_column][\/vc_row][vc_row][vc_column width=\u00a0\u00bb2\/3&Prime;][vc_row_inner][vc_column_inner width=\u00a0\u00bb1\/2&Prime;][\/vc_column_inner][vc_column_inner width=\u00a0\u00bb1\/2&Prime;][\/vc_column_inner][\/vc_row_inner][\/vc_column][vc_column width=\u00a0\u00bb1\/3&Prime;][vc_column_text]Situation du showroom \u00e0 G\u00e9rone Carrer Pla de Dalt, 1780 Sarri\u00e0 de Dalt, G\u00e9rone (Espagne) Prendre rendez-vous [\/vc_column_text][vc_column_text][\/vc_column_text][vc_column_text]Si vous souhaitez visiter notre showroom, remplissez le formulaire afin que nous puissions vous contacter et convenir de la date qui vous arrange le plus.[\/vc_column_text][vc_row_inner][vc_column_inner][\/vc_column_inner][\/vc_row_inner][\/vc_column][\/vc_row]<\/p>\n","protected":false},"author":3,"featured_media":0,"parent":0,"menu_order":0,"comment_status":"closed","ping_status":"closed","template":"","meta":{"footnotes":""},"class_list":["post-27209","page","type-page","status-publish","hentry"],"yoast_head":"<!-- This site is optimized with the Yoast SEO Premium plugin v26.7 (Yoast SEO v27.3) - https:\/\/yoast.com\/product\/yoast-seo-premium-wordpress\/ -->\n<title>Showroom de fen\u00eatres en aluminium\u00a0Thermia\u00ae \u00e0 G\u00e9rone<\/title>\n<meta name=\"description\" content=\"Thermia\u00a0Barcelona dispose d&#039;un showroom \u00e0 G\u00e9rone, exclusivement r\u00e9serv\u00e9s \u00e0 ses clients et aux architectes, o\u00f9 sont expos\u00e9es ses fen\u00eatres en aluminium.\" \/>\n<meta name=\"robots\" content=\"index, follow, max-snippet:-1, max-image-preview:large, max-video-preview:-1\" \/>\n<link rel=\"canonical\" href=\"https:\/\/thermiabarcelona.com\/fr\/showrooms-thermia-a-gerone\/\" \/>\n<meta property=\"og:locale\" content=\"fr_FR\" \/>\n<meta property=\"og:type\" content=\"article\" \/>\n<meta property=\"og:title\" content=\"Showroom de fen\u00eatres en aluminium Thermia\u00ae \u00e0 G\u00e9rone\" \/>\n<meta property=\"og:description\" content=\"Thermia\u00a0Barcelona dispose d&#039;un showroom \u00e0 G\u00e9rone, exclusivement r\u00e9serv\u00e9s \u00e0 ses clients et aux architectes, o\u00f9 sont expos\u00e9es ses fen\u00eatres en aluminium.\" \/>\n<meta property=\"og:url\" content=\"https:\/\/thermiabarcelona.com\/fr\/showrooms-thermia-a-gerone\/\" \/>\n<meta property=\"og:site_name\" content=\"Thermia Barcelona. Ventanas para vivir mejor\" \/>\n<meta property=\"article:publisher\" content=\"https:\/\/www.facebook.com\/thermiabarcelona\/\" \/>\n<meta property=\"article:modified_time\" content=\"2019-11-27T16:37:38+00:00\" \/>\n<meta property=\"og:image\" content=\"https:\/\/thermiabarcelona.com\/wp-content\/uploads\/2019\/06\/showroom_ventanas-thermia-en-Girona4.jpg\" \/>\n\t<meta property=\"og:image:width\" content=\"1162\" \/>\n\t<meta property=\"og:image:height\" content=\"778\" \/>\n\t<meta property=\"og:image:type\" content=\"image\/jpeg\" \/>\n<meta name=\"twitter:card\" content=\"summary_large_image\" \/>\n<meta name=\"twitter:title\" content=\"Showrooms\u00a0Thermia \u00e0 G\u00e9rone\" \/>\n<meta name=\"twitter:label1\" content=\"Dur\u00e9e de lecture estim\u00e9e\" \/>\n\t<meta name=\"twitter:data1\" content=\"1 minute\" \/>\n<script type=\"application\/ld+json\" class=\"yoast-schema-graph\">{\"@context\":\"https:\\\/\\\/schema.org\",\"@graph\":[{\"@type\":\"WebPage\",\"@id\":\"https:\\\/\\\/thermiabarcelona.com\\\/fr\\\/showrooms-thermia-a-gerone\\\/\",\"url\":\"https:\\\/\\\/thermiabarcelona.com\\\/fr\\\/showrooms-thermia-a-gerone\\\/\",\"name\":\"Showroom de fen\u00eatres en aluminium\u00a0Thermia\u00ae \u00e0 G\u00e9rone\",\"isPartOf\":{\"@id\":\"https:\\\/\\\/thermiabarcelona.com\\\/#website\"},\"datePublished\":\"2019-09-13T08:02:12+00:00\",\"dateModified\":\"2019-11-27T16:37:38+00:00\",\"description\":\"Thermia\u00a0Barcelona dispose d'un showroom \u00e0 G\u00e9rone, exclusivement r\u00e9serv\u00e9s \u00e0 ses clients et aux architectes, o\u00f9 sont expos\u00e9es ses fen\u00eatres en aluminium.\",\"breadcrumb\":{\"@id\":\"https:\\\/\\\/thermiabarcelona.com\\\/fr\\\/showrooms-thermia-a-gerone\\\/#breadcrumb\"},\"inLanguage\":\"fr-FR\",\"potentialAction\":[{\"@type\":\"ReadAction\",\"target\":[\"https:\\\/\\\/thermiabarcelona.com\\\/fr\\\/showrooms-thermia-a-gerone\\\/\"]}]},{\"@type\":\"BreadcrumbList\",\"@id\":\"https:\\\/\\\/thermiabarcelona.com\\\/fr\\\/showrooms-thermia-a-gerone\\\/#breadcrumb\",\"itemListElement\":[{\"@type\":\"ListItem\",\"position\":1,\"name\":\"Portada\",\"item\":\"https:\\\/\\\/thermiabarcelona.com\\\/\"},{\"@type\":\"ListItem\",\"position\":2,\"name\":\"Showrooms\u00a0Thermia \u00e0 G\u00e9rone\"}]},{\"@type\":\"WebSite\",\"@id\":\"https:\\\/\\\/thermiabarcelona.com\\\/#website\",\"url\":\"https:\\\/\\\/thermiabarcelona.com\\\/\",\"name\":\"Thermia Barcelona. Ventanas para vivir mejor\",\"description\":\"Ventanas de calidad, duraderas y f\u00e1ciles de fabricar. Dise\u00f1o.Confort.Silencio\",\"publisher\":{\"@id\":\"https:\\\/\\\/thermiabarcelona.com\\\/#organization\"},\"potentialAction\":[{\"@type\":\"SearchAction\",\"target\":{\"@type\":\"EntryPoint\",\"urlTemplate\":\"https:\\\/\\\/thermiabarcelona.com\\\/?s={search_term_string}\"},\"query-input\":{\"@type\":\"PropertyValueSpecification\",\"valueRequired\":true,\"valueName\":\"search_term_string\"}}],\"inLanguage\":\"fr-FR\"},{\"@type\":\"Organization\",\"@id\":\"https:\\\/\\\/thermiabarcelona.com\\\/#organization\",\"name\":\"Thermia Barcelona\",\"url\":\"https:\\\/\\\/thermiabarcelona.com\\\/\",\"logo\":{\"@type\":\"ImageObject\",\"inLanguage\":\"fr-FR\",\"@id\":\"https:\\\/\\\/thermiabarcelona.com\\\/#\\\/schema\\\/logo\\\/image\\\/\",\"url\":\"https:\\\/\\\/thermiabarcelona.com\\\/wp-content\\\/uploads\\\/2018\\\/08\\\/logo_thermia-1.jpg\",\"contentUrl\":\"https:\\\/\\\/thermiabarcelona.com\\\/wp-content\\\/uploads\\\/2018\\\/08\\\/logo_thermia-1.jpg\",\"width\":345,\"height\":158,\"caption\":\"Thermia Barcelona\"},\"image\":{\"@id\":\"https:\\\/\\\/thermiabarcelona.com\\\/#\\\/schema\\\/logo\\\/image\\\/\"},\"sameAs\":[\"https:\\\/\\\/www.facebook.com\\\/thermiabarcelona\\\/\",\"https:\\\/\\\/www.instagram.com\\\/thermiabarcelona\\\/\",\"https:\\\/\\\/es.linkedin.com\\\/company\\\/thermia-barcelona\",\"https:\\\/\\\/www.youtube.com\\\/thermiabarcelona\"]}]}<\/script>\n<!-- \/ Yoast SEO Premium plugin. -->","yoast_head_json":{"title":"Showroom de fen\u00eatres en aluminium\u00a0Thermia\u00ae \u00e0 G\u00e9rone","description":"Thermia\u00a0Barcelona dispose d'un showroom \u00e0 G\u00e9rone, exclusivement r\u00e9serv\u00e9s \u00e0 ses clients et aux architectes, o\u00f9 sont expos\u00e9es ses fen\u00eatres en aluminium.","robots":{"index":"index","follow":"follow","max-snippet":"max-snippet:-1","max-image-preview":"max-image-preview:large","max-video-preview":"max-video-preview:-1"},"canonical":"https:\/\/thermiabarcelona.com\/fr\/showrooms-thermia-a-gerone\/","og_locale":"fr_FR","og_type":"article","og_title":"Showroom de fen\u00eatres en aluminium Thermia\u00ae \u00e0 G\u00e9rone","og_description":"Thermia\u00a0Barcelona dispose d'un showroom \u00e0 G\u00e9rone, exclusivement r\u00e9serv\u00e9s \u00e0 ses clients et aux architectes, o\u00f9 sont expos\u00e9es ses fen\u00eatres en aluminium.","og_url":"https:\/\/thermiabarcelona.com\/fr\/showrooms-thermia-a-gerone\/","og_site_name":"Thermia Barcelona. Ventanas para vivir mejor","article_publisher":"https:\/\/www.facebook.com\/thermiabarcelona\/","article_modified_time":"2019-11-27T16:37:38+00:00","og_image":[{"width":1162,"height":778,"url":"https:\/\/thermiabarcelona.com\/wp-content\/uploads\/2019\/06\/showroom_ventanas-thermia-en-Girona4.jpg","type":"image\/jpeg"}],"twitter_card":"summary_large_image","twitter_title":"Showrooms\u00a0Thermia \u00e0 G\u00e9rone","twitter_misc":{"Dur\u00e9e de lecture estim\u00e9e":"1 minute"},"schema":{"@context":"https:\/\/schema.org","@graph":[{"@type":"WebPage","@id":"https:\/\/thermiabarcelona.com\/fr\/showrooms-thermia-a-gerone\/","url":"https:\/\/thermiabarcelona.com\/fr\/showrooms-thermia-a-gerone\/","name":"Showroom de fen\u00eatres en aluminium\u00a0Thermia\u00ae \u00e0 G\u00e9rone","isPartOf":{"@id":"https:\/\/thermiabarcelona.com\/#website"},"datePublished":"2019-09-13T08:02:12+00:00","dateModified":"2019-11-27T16:37:38+00:00","description":"Thermia\u00a0Barcelona dispose d'un showroom \u00e0 G\u00e9rone, exclusivement r\u00e9serv\u00e9s \u00e0 ses clients et aux architectes, o\u00f9 sont expos\u00e9es ses fen\u00eatres en aluminium.","breadcrumb":{"@id":"https:\/\/thermiabarcelona.com\/fr\/showrooms-thermia-a-gerone\/#breadcrumb"},"inLanguage":"fr-FR","potentialAction":[{"@type":"ReadAction","target":["https:\/\/thermiabarcelona.com\/fr\/showrooms-thermia-a-gerone\/"]}]},{"@type":"BreadcrumbList","@id":"https:\/\/thermiabarcelona.com\/fr\/showrooms-thermia-a-gerone\/#breadcrumb","itemListElement":[{"@type":"ListItem","position":1,"name":"Portada","item":"https:\/\/thermiabarcelona.com\/"},{"@type":"ListItem","position":2,"name":"Showrooms\u00a0Thermia \u00e0 G\u00e9rone"}]},{"@type":"WebSite","@id":"https:\/\/thermiabarcelona.com\/#website","url":"https:\/\/thermiabarcelona.com\/","name":"Thermia Barcelona. Ventanas para vivir mejor","description":"Ventanas de calidad, duraderas y f\u00e1ciles de fabricar. Dise\u00f1o.Confort.Silencio","publisher":{"@id":"https:\/\/thermiabarcelona.com\/#organization"},"potentialAction":[{"@type":"SearchAction","target":{"@type":"EntryPoint","urlTemplate":"https:\/\/thermiabarcelona.com\/?s={search_term_string}"},"query-input":{"@type":"PropertyValueSpecification","valueRequired":true,"valueName":"search_term_string"}}],"inLanguage":"fr-FR"},{"@type":"Organization","@id":"https:\/\/thermiabarcelona.com\/#organization","name":"Thermia Barcelona","url":"https:\/\/thermiabarcelona.com\/","logo":{"@type":"ImageObject","inLanguage":"fr-FR","@id":"https:\/\/thermiabarcelona.com\/#\/schema\/logo\/image\/","url":"https:\/\/thermiabarcelona.com\/wp-content\/uploads\/2018\/08\/logo_thermia-1.jpg","contentUrl":"https:\/\/thermiabarcelona.com\/wp-content\/uploads\/2018\/08\/logo_thermia-1.jpg","width":345,"height":158,"caption":"Thermia Barcelona"},"image":{"@id":"https:\/\/thermiabarcelona.com\/#\/schema\/logo\/image\/"},"sameAs":["https:\/\/www.facebook.com\/thermiabarcelona\/","https:\/\/www.instagram.com\/thermiabarcelona\/","https:\/\/es.linkedin.com\/company\/thermia-barcelona","https:\/\/www.youtube.com\/thermiabarcelona"]}]}},"_links":{"self":[{"href":"https:\/\/thermiabarcelona.com\/fr\/wp-json\/wp\/v2\/pages\/27209","targetHints":{"allow":["GET"]}}],"collection":[{"href":"https:\/\/thermiabarcelona.com\/fr\/wp-json\/wp\/v2\/pages"}],"about":[{"href":"https:\/\/thermiabarcelona.com\/fr\/wp-json\/wp\/v2\/types\/page"}],"author":[{"embeddable":true,"href":"https:\/\/thermiabarcelona.com\/fr\/wp-json\/wp\/v2\/users\/3"}],"replies":[{"embeddable":true,"href":"https:\/\/thermiabarcelona.com\/fr\/wp-json\/wp\/v2\/comments?post=27209"}],"version-history":[{"count":0,"href":"https:\/\/thermiabarcelona.com\/fr\/wp-json\/wp\/v2\/pages\/27209\/revisions"}],"wp:attachment":[{"href":"https:\/\/thermiabarcelona.com\/fr\/wp-json\/wp\/v2\/media?parent=27209"}],"curies":[{"name":"wp","href":"https:\/\/api.w.org\/{rel}","templated":true}]}}