{"id":27197,"date":"2019-09-13T08:01:37","date_gmt":"2019-09-13T08:01:37","guid":{"rendered":"https:\/\/thermiabarcelona.com\/les-fenetres-en-aluminium-sont-plus-ecologiques\/"},"modified":"2019-10-23T09:22:16","modified_gmt":"2019-10-23T09:22:16","slug":"les-fenetres-en-aluminium-sont-plus-ecologiques-2","status":"publish","type":"page","link":"https:\/\/thermiabarcelona.com\/fr\/les-fenetres-en-aluminium-sont-plus-ecologiques-2\/","title":{"rendered":"Les fen\u00eatres en aluminium sont plus \u00e9cologiques"},"content":{"rendered":"<div class=\"wpb-content-wrapper\"><p>[vc_row][vc_column width=\u00a0\u00bb1\/1&Prime;]<div class=\"single_image wpb_content_element align-left    \" data-animation=\"none\" data-delay=\"0\"><img fetchpriority=\"high\" decoding=\"async\" width=\"2221\" height=\"1076\" src=\"https:\/\/thermiabarcelona.com\/wp-content\/uploads\/2019\/05\/ecological.jpg\" class=\"attachment-full\" alt=\"ventanas de aluminio m\u00e1s ecologicas\" title=\"ecological\" srcset=\"https:\/\/thermiabarcelona.com\/wp-content\/uploads\/2019\/05\/ecological.jpg 2221w, https:\/\/thermiabarcelona.com\/wp-content\/uploads\/2019\/05\/ecological-300x145.jpg 300w, https:\/\/thermiabarcelona.com\/wp-content\/uploads\/2019\/05\/ecological-768x372.jpg 768w, https:\/\/thermiabarcelona.com\/wp-content\/uploads\/2019\/05\/ecological-1024x496.jpg 1024w\" sizes=\"(max-width: 2221px) 100vw, 2221px\" \/><\/div>[\/vc_column][\/vc_row][vc_row top_padding=\u00a0\u00bb0&Prime;][vc_column width=\u00a0\u00bb1\/1&Prime;]<div class=\"spacer\" style=\"height: 70px;\"><\/div><h2 class=\"headline font-inherit fontsize-xxxl fontweight-600 lh-12 align-right transform-inherit \" style=\"margin: 0 0 20px 0; color: #000f2c;\">Les fen\u00eatres en aluminium sont plus \u00e9cologiques<\/h2>[vc_column_text]<\/p>\n<p style=\"text-align: right;\">Source\u00a0: <a href=\"https:\/\/www.mejordealuminio.com\">mejordealuminio.com<\/a><\/p>\n<p>[\/vc_column_text][\/vc_column][\/vc_row][vc_row top_padding=\u00a0\u00bb50&Prime;][vc_column width=\u00a0\u00bb1\/2&Prime;][vc_column_text]<\/p>\n<h2><strong>Les fen\u00eatres en aluminium ont des propri\u00e9t\u00e9s impressionnantes en mati\u00e8re d\u2019\u00e9cologie<\/strong><\/h2>\n<p>Nous avons \u00e9voqu\u00e9 le fait que l\u2019aluminium est un mat\u00e9riau \u00e9cologique, car il est 100\u00a0% recyclable, et ce \u00e0 l\u2019infini. En d\u2019autres mots, il est DURABLE*. De plus, ses performances ne varient PAS. En effet, ce mat\u00e9riau ne s\u2019alt\u00e8re pas et, une fois qu\u2019il acquiert une nouvelle forme, on obtient un produit fini pouvant durer autant d\u2019ann\u00e9es qu\u2019il le faut.<\/p>\n<p><span style=\"font-size: 8pt;\">*Le Sommet de la Terre de Rio de Janeiro de 1992 a officialis\u00e9 la d\u00e9finition suivante\u00a0: \u00ab\u00a0Le d\u00e9veloppement durable est un d\u00e9veloppement qui r\u00e9pond aux besoins du pr\u00e9sent sans compromettre la capacit\u00e9 des g\u00e9n\u00e9rations futures \u00e0 r\u00e9pondre aux leurs.\u00a0\u00bb<\/span>[\/vc_column_text]<div class=\"single_image wpb_content_element align-left    \" data-animation=\"none\" data-delay=\"0\"><img decoding=\"async\" width=\"840\" height=\"619\" src=\"https:\/\/thermiabarcelona.com\/wp-content\/uploads\/2019\/05\/thermia_barcelona_ventanas_aluminio_Peru.jpg\" class=\"attachment-full\" alt=\"thermia_barcelona_ventanas_aluminio_Peru\" title=\"thermia_barcelona_ventanas_aluminio_Peru\" srcset=\"https:\/\/thermiabarcelona.com\/wp-content\/uploads\/2019\/05\/thermia_barcelona_ventanas_aluminio_Peru.jpg 840w, https:\/\/thermiabarcelona.com\/wp-content\/uploads\/2019\/05\/thermia_barcelona_ventanas_aluminio_Peru-300x221.jpg 300w, https:\/\/thermiabarcelona.com\/wp-content\/uploads\/2019\/05\/thermia_barcelona_ventanas_aluminio_Peru-768x566.jpg 768w\" sizes=\"(max-width: 840px) 100vw, 840px\" \/><\/div>[\/vc_column][vc_column width=\u00a0\u00bb1\/2&Prime;]<div class=\"box clearfix style-1 wpb_content_element align-left \" style=\"padding: 20px 20px 20px 20px; \"><strong><img decoding=\"async\" class=\"alignnone wp-image-25704\" src=\"https:\/\/thermiabarcelona.com\/wp-content\/uploads\/2019\/05\/aluminio_reciclado.jpg\" alt=\"\" width=\"500\" height=\"318\"\/><\/strong><\/p>\n<p><strong>Informations concernant le recyclage de l&rsquo;aluminium.<\/strong><\/p>\n<p><strong>Le recyclage n&rsquo;utilise que 5\u00a0% de l&rsquo;\u00e9nergie n\u00e9cessaire pour sa fabrication.<\/strong><\/p>\n<p><strong>Le pourcentage de l&rsquo;ensemble de l&rsquo;aluminium fabriqu\u00e9 dans le monde au cours de 125\u00a0ann\u00e9es d&rsquo;exploitation industrielle, et encore utilis\u00e9 \u00e0 ce jour, car il peut \u00eatre recycl\u00e9 plusieurs fois, s&rsquo;\u00e9l\u00e8ve \u00e0 70\u00a0%.<\/strong><\/div>[\/vc_column][\/vc_row][vc_row top_padding=\u00a0\u00bb70&Prime;][vc_column width=\u00a0\u00bb2\/3&Prime;][vc_column_text]<\/p>\n<h2><strong>Le plastique est-il recyclable\u00a0? M\u00eame si beaucoup le souhaitent, il ne l\u2019est pas<\/strong><\/h2>\n<p>Nous entendons dire&nbsp;que le polychlorure de vinyle (PVC) est recyclable et certains parlent m\u00eame des propri\u00e9t\u00e9s \u00e9cologiques du plastique, mais en r\u00e9alit\u00e9, celles-ci ne soutiennent pas la moindre analyse. Le plastique n\u2019est ni \u00e9cologique, ni durable*.<\/p>\n<p>Si l\u2019on parle des fen\u00eatres, une partie des profil\u00e9s en PVC utilis\u00e9s pour la fabrication des fen\u00eatres en plastique se recycle, m\u00eame si ce processus est tr\u00e8s co\u00fbteux. En effet, le prix du PVC us\u00e9 est \u00e9gal \u00e0 z\u00e9ro ou il faut payer pour qu\u2019il soit \u00e9limin\u00e9. Conclusion\u00a0:<strong> il n\u2019existe pas de march\u00e9 pour le PVC us\u00e9<\/strong>.<\/p>\n<p>Cela est \u00e0 l\u2019origine <strong>d\u2019une grande quantit\u00e9 de d\u00e9chets en PVC.<\/strong>Les&nbsp;autorit\u00e9s de protection de l\u2019environnement exigent qu\u2019une partie de ce mat\u00e9riau soit r\u00e9cup\u00e9r\u00e9 d\u2019une mani\u00e8re ou d\u2019une autre. Les producteurs admettent que l\u2019alternative la plus \u00e9conomique est celle qu\u2019ils appellent la \u00ab\u00a0r\u00e9cup\u00e9ration d\u2019\u00e9nergie\u00a0\u00bb, un choix de mots minutieux qui ne fait jamais que r\u00e9f\u00e9rence \u00e0 la <strong>combustion de d\u00e9chets en PVC pour produire de la chaleur<\/strong>. De cette mani\u00e8re, une infime partie de l\u2019\u00e9nergie d\u00e9pens\u00e9e dans leur fabrication est r\u00e9cup\u00e9r\u00e9e. Et en parlant de br\u00fbler du PVC, on peut se demander si <strong>le PVC s\u2019embrase<\/strong>. La r\u00e9ponse est oui.[\/vc_column_text][vc_column_text]<strong>Le verdict est sans appel\u00a0:<\/strong><\/p>\n<ul>\n<li>Cela fait <strong>100\u00a0ans<\/strong> que <strong>l\u2019aluminium est r\u00e9ellement recycl\u00e9<\/strong>.<\/li>\n<li>Et cela fait 50\u00a0ans que l\u2019on continue de nous dire que le <strong>PVC<\/strong> est \u00ab\u00a0recyclable\u00a0\u00bb.<\/li>\n<\/ul>\n<p>[\/vc_column_text][\/vc_column][vc_column width=\u00a0\u00bb1\/3&Prime;]<div class=\"single_image wpb_content_element align-left    \" data-animation=\"none\" data-delay=\"0\"><img loading=\"lazy\" decoding=\"async\" width=\"798\" height=\"535\" src=\"https:\/\/thermiabarcelona.com\/wp-content\/uploads\/2019\/05\/quemar_plastico.jpg\" class=\"attachment-full\" alt=\"quema de plastico\" title=\"quemar_plastico\" srcset=\"https:\/\/thermiabarcelona.com\/wp-content\/uploads\/2019\/05\/quemar_plastico.jpg 798w, https:\/\/thermiabarcelona.com\/wp-content\/uploads\/2019\/05\/quemar_plastico-300x201.jpg 300w, https:\/\/thermiabarcelona.com\/wp-content\/uploads\/2019\/05\/quemar_plastico-768x515.jpg 768w\" sizes=\"(max-width: 798px) 100vw, 798px\" \/><\/div>[\/vc_column][\/vc_row]<\/p>\n<\/div>","protected":false},"excerpt":{"rendered":"<p>[vc_row][vc_column width=\u00a0\u00bb1\/1&Prime;][\/vc_column][\/vc_row][vc_row top_padding=\u00a0\u00bb0&Prime;][vc_column width=\u00a0\u00bb1\/1&Prime;][vc_column_text] Source\u00a0: mejordealuminio.com [\/vc_column_text][\/vc_column][\/vc_row][vc_row top_padding=\u00a0\u00bb50&Prime;][vc_column width=\u00a0\u00bb1\/2&Prime;][vc_column_text] Les fen\u00eatres en aluminium ont des propri\u00e9t\u00e9s impressionnantes en mati\u00e8re d\u2019\u00e9cologie Nous avons \u00e9voqu\u00e9 le fait que l\u2019aluminium est un mat\u00e9riau \u00e9cologique, car il est 100\u00a0% recyclable, et ce \u00e0 l\u2019infini. En d\u2019autres mots, il est DURABLE*. De plus, ses performances ne varient PAS. En effet, ce mat\u00e9riau ne s\u2019alt\u00e8re pas et, une fois qu\u2019il acquiert une nouvelle forme, on obtient un produit fini pouvant durer autant d\u2019ann\u00e9es qu\u2019il le faut. *Le Sommet de la Terre de Rio de Janeiro de 1992 a officialis\u00e9 la d\u00e9finition suivante\u00a0: \u00ab\u00a0Le d\u00e9veloppement durable est un d\u00e9veloppement qui r\u00e9pond aux besoins du pr\u00e9sent sans compromettre la capacit\u00e9 des g\u00e9n\u00e9rations futures \u00e0 r\u00e9pondre aux leurs.\u00a0\u00bb[\/vc_column_text][\/vc_column][vc_column width=\u00a0\u00bb1\/2&Prime;][\/vc_column][\/vc_row][vc_row top_padding=\u00a0\u00bb70&Prime;][vc_column width=\u00a0\u00bb2\/3&Prime;][vc_column_text] Le plastique est-il recyclable\u00a0? M\u00eame si beaucoup le souhaitent, il ne l\u2019est pas Nous entendons dire&nbsp;que le polychlorure de vinyle (PVC) est recyclable et certains parlent m\u00eame des propri\u00e9t\u00e9s \u00e9cologiques du plastique, mais en r\u00e9alit\u00e9, celles-ci ne soutiennent pas la moindre analyse. Le plastique n\u2019est ni \u00e9cologique, ni durable*. Si l\u2019on parle des fen\u00eatres, une partie des profil\u00e9s en PVC utilis\u00e9s pour la fabrication des fen\u00eatres en plastique se recycle, m\u00eame si ce processus est tr\u00e8s co\u00fbteux. En [&hellip;]<\/p>\n","protected":false},"author":3,"featured_media":0,"parent":0,"menu_order":0,"comment_status":"closed","ping_status":"closed","template":"","meta":{"footnotes":""},"class_list":["post-27197","page","type-page","status-publish","hentry"],"yoast_head":"<!-- This site is optimized with the Yoast SEO Premium plugin v26.7 (Yoast SEO v27.3) - https:\/\/yoast.com\/product\/yoast-seo-premium-wordpress\/ -->\n<title>Les fen\u00eatres en aluminium sont plus \u00e9cologiques que les fen\u00eatres en plastique (PVC)<\/title>\n<meta name=\"description\" content=\"L\u2019aluminium peut \u00eatre recycl\u00e9 quasiment \u00e0 l\u2019infini. Le plastique n\u2019est pas recyclable, n\u2019est pas r\u00e9utilisable et r\u00e9pand des produits toxiques lors de sa combustion.\" \/>\n<meta name=\"robots\" content=\"index, follow, max-snippet:-1, max-image-preview:large, max-video-preview:-1\" \/>\n<link rel=\"canonical\" href=\"https:\/\/thermiabarcelona.com\/fr\/les-fenetres-en-aluminium-sont-plus-ecologiques-2\/\" \/>\n<meta property=\"og:locale\" content=\"fr_FR\" \/>\n<meta property=\"og:type\" content=\"article\" \/>\n<meta property=\"og:title\" content=\"Les fen\u00eatres en aluminium sont plus \u00e9cologiques\" \/>\n<meta property=\"og:description\" content=\"L\u2019aluminium peut \u00eatre recycl\u00e9 quasiment \u00e0 l\u2019infini. Le plastique n\u2019est pas recyclable, n\u2019est pas r\u00e9utilisable et r\u00e9pand des produits toxiques lors de sa combustion.\" \/>\n<meta property=\"og:url\" content=\"https:\/\/thermiabarcelona.com\/fr\/les-fenetres-en-aluminium-sont-plus-ecologiques-2\/\" \/>\n<meta property=\"og:site_name\" content=\"Thermia Barcelona. Ventanas para vivir mejor\" \/>\n<meta property=\"article:publisher\" content=\"https:\/\/www.facebook.com\/thermiabarcelona\/\" \/>\n<meta property=\"article:modified_time\" content=\"2019-10-23T09:22:16+00:00\" \/>\n<meta property=\"og:image\" content=\"https:\/\/thermiabarcelona.com\/wp-content\/uploads\/2019\/05\/ahorro_energetico_ventanas3.jpg\" \/>\n\t<meta property=\"og:image:width\" content=\"2221\" \/>\n\t<meta property=\"og:image:height\" content=\"1076\" \/>\n\t<meta property=\"og:image:type\" content=\"image\/jpeg\" \/>\n<meta name=\"twitter:card\" content=\"summary_large_image\" \/>\n<meta name=\"twitter:label1\" content=\"Dur\u00e9e de lecture estim\u00e9e\" \/>\n\t<meta name=\"twitter:data1\" content=\"3 minutes\" \/>\n<script type=\"application\/ld+json\" class=\"yoast-schema-graph\">{\"@context\":\"https:\\\/\\\/schema.org\",\"@graph\":[{\"@type\":\"WebPage\",\"@id\":\"https:\\\/\\\/thermiabarcelona.com\\\/fr\\\/les-fenetres-en-aluminium-sont-plus-ecologiques-2\\\/\",\"url\":\"https:\\\/\\\/thermiabarcelona.com\\\/fr\\\/les-fenetres-en-aluminium-sont-plus-ecologiques-2\\\/\",\"name\":\"Les fen\u00eatres en aluminium sont plus \u00e9cologiques que les fen\u00eatres en plastique (PVC)\",\"isPartOf\":{\"@id\":\"https:\\\/\\\/thermiabarcelona.com\\\/#website\"},\"primaryImageOfPage\":{\"@id\":\"https:\\\/\\\/thermiabarcelona.com\\\/fr\\\/les-fenetres-en-aluminium-sont-plus-ecologiques-2\\\/#primaryimage\"},\"image\":{\"@id\":\"https:\\\/\\\/thermiabarcelona.com\\\/fr\\\/les-fenetres-en-aluminium-sont-plus-ecologiques-2\\\/#primaryimage\"},\"thumbnailUrl\":\"https:\\\/\\\/thermiabarcelona.com\\\/wp-content\\\/uploads\\\/2019\\\/05\\\/aluminio_reciclado.jpg\",\"datePublished\":\"2019-09-13T08:01:37+00:00\",\"dateModified\":\"2019-10-23T09:22:16+00:00\",\"description\":\"L\u2019aluminium peut \u00eatre recycl\u00e9 quasiment \u00e0 l\u2019infini. Le plastique n\u2019est pas recyclable, n\u2019est pas r\u00e9utilisable et r\u00e9pand des produits toxiques lors de sa combustion.\",\"breadcrumb\":{\"@id\":\"https:\\\/\\\/thermiabarcelona.com\\\/fr\\\/les-fenetres-en-aluminium-sont-plus-ecologiques-2\\\/#breadcrumb\"},\"inLanguage\":\"fr-FR\",\"potentialAction\":[{\"@type\":\"ReadAction\",\"target\":[\"https:\\\/\\\/thermiabarcelona.com\\\/fr\\\/les-fenetres-en-aluminium-sont-plus-ecologiques-2\\\/\"]}]},{\"@type\":\"ImageObject\",\"inLanguage\":\"fr-FR\",\"@id\":\"https:\\\/\\\/thermiabarcelona.com\\\/fr\\\/les-fenetres-en-aluminium-sont-plus-ecologiques-2\\\/#primaryimage\",\"url\":\"https:\\\/\\\/thermiabarcelona.com\\\/wp-content\\\/uploads\\\/2019\\\/05\\\/aluminio_reciclado.jpg\",\"contentUrl\":\"https:\\\/\\\/thermiabarcelona.com\\\/wp-content\\\/uploads\\\/2019\\\/05\\\/aluminio_reciclado.jpg\"},{\"@type\":\"BreadcrumbList\",\"@id\":\"https:\\\/\\\/thermiabarcelona.com\\\/fr\\\/les-fenetres-en-aluminium-sont-plus-ecologiques-2\\\/#breadcrumb\",\"itemListElement\":[{\"@type\":\"ListItem\",\"position\":1,\"name\":\"Portada\",\"item\":\"https:\\\/\\\/thermiabarcelona.com\\\/\"},{\"@type\":\"ListItem\",\"position\":2,\"name\":\"Les fen\u00eatres en aluminium sont plus \u00e9cologiques\"}]},{\"@type\":\"WebSite\",\"@id\":\"https:\\\/\\\/thermiabarcelona.com\\\/#website\",\"url\":\"https:\\\/\\\/thermiabarcelona.com\\\/\",\"name\":\"Thermia Barcelona. Ventanas para vivir mejor\",\"description\":\"Ventanas de calidad, duraderas y f\u00e1ciles de fabricar. Dise\u00f1o.Confort.Silencio\",\"publisher\":{\"@id\":\"https:\\\/\\\/thermiabarcelona.com\\\/#organization\"},\"potentialAction\":[{\"@type\":\"SearchAction\",\"target\":{\"@type\":\"EntryPoint\",\"urlTemplate\":\"https:\\\/\\\/thermiabarcelona.com\\\/?s={search_term_string}\"},\"query-input\":{\"@type\":\"PropertyValueSpecification\",\"valueRequired\":true,\"valueName\":\"search_term_string\"}}],\"inLanguage\":\"fr-FR\"},{\"@type\":\"Organization\",\"@id\":\"https:\\\/\\\/thermiabarcelona.com\\\/#organization\",\"name\":\"Thermia Barcelona\",\"url\":\"https:\\\/\\\/thermiabarcelona.com\\\/\",\"logo\":{\"@type\":\"ImageObject\",\"inLanguage\":\"fr-FR\",\"@id\":\"https:\\\/\\\/thermiabarcelona.com\\\/#\\\/schema\\\/logo\\\/image\\\/\",\"url\":\"https:\\\/\\\/thermiabarcelona.com\\\/wp-content\\\/uploads\\\/2018\\\/08\\\/logo_thermia-1.jpg\",\"contentUrl\":\"https:\\\/\\\/thermiabarcelona.com\\\/wp-content\\\/uploads\\\/2018\\\/08\\\/logo_thermia-1.jpg\",\"width\":345,\"height\":158,\"caption\":\"Thermia Barcelona\"},\"image\":{\"@id\":\"https:\\\/\\\/thermiabarcelona.com\\\/#\\\/schema\\\/logo\\\/image\\\/\"},\"sameAs\":[\"https:\\\/\\\/www.facebook.com\\\/thermiabarcelona\\\/\",\"https:\\\/\\\/www.instagram.com\\\/thermiabarcelona\\\/\",\"https:\\\/\\\/es.linkedin.com\\\/company\\\/thermia-barcelona\",\"https:\\\/\\\/www.youtube.com\\\/thermiabarcelona\"]}]}<\/script>\n<!-- \/ Yoast SEO Premium plugin. -->","yoast_head_json":{"title":"Les fen\u00eatres en aluminium sont plus \u00e9cologiques que les fen\u00eatres en plastique (PVC)","description":"L\u2019aluminium peut \u00eatre recycl\u00e9 quasiment \u00e0 l\u2019infini. Le plastique n\u2019est pas recyclable, n\u2019est pas r\u00e9utilisable et r\u00e9pand des produits toxiques lors de sa combustion.","robots":{"index":"index","follow":"follow","max-snippet":"max-snippet:-1","max-image-preview":"max-image-preview:large","max-video-preview":"max-video-preview:-1"},"canonical":"https:\/\/thermiabarcelona.com\/fr\/les-fenetres-en-aluminium-sont-plus-ecologiques-2\/","og_locale":"fr_FR","og_type":"article","og_title":"Les fen\u00eatres en aluminium sont plus \u00e9cologiques","og_description":"L\u2019aluminium peut \u00eatre recycl\u00e9 quasiment \u00e0 l\u2019infini. Le plastique n\u2019est pas recyclable, n\u2019est pas r\u00e9utilisable et r\u00e9pand des produits toxiques lors de sa combustion.","og_url":"https:\/\/thermiabarcelona.com\/fr\/les-fenetres-en-aluminium-sont-plus-ecologiques-2\/","og_site_name":"Thermia Barcelona. Ventanas para vivir mejor","article_publisher":"https:\/\/www.facebook.com\/thermiabarcelona\/","article_modified_time":"2019-10-23T09:22:16+00:00","og_image":[{"width":2221,"height":1076,"url":"https:\/\/thermiabarcelona.com\/wp-content\/uploads\/2019\/05\/ahorro_energetico_ventanas3.jpg","type":"image\/jpeg"}],"twitter_card":"summary_large_image","twitter_misc":{"Dur\u00e9e de lecture estim\u00e9e":"3 minutes"},"schema":{"@context":"https:\/\/schema.org","@graph":[{"@type":"WebPage","@id":"https:\/\/thermiabarcelona.com\/fr\/les-fenetres-en-aluminium-sont-plus-ecologiques-2\/","url":"https:\/\/thermiabarcelona.com\/fr\/les-fenetres-en-aluminium-sont-plus-ecologiques-2\/","name":"Les fen\u00eatres en aluminium sont plus \u00e9cologiques que les fen\u00eatres en plastique (PVC)","isPartOf":{"@id":"https:\/\/thermiabarcelona.com\/#website"},"primaryImageOfPage":{"@id":"https:\/\/thermiabarcelona.com\/fr\/les-fenetres-en-aluminium-sont-plus-ecologiques-2\/#primaryimage"},"image":{"@id":"https:\/\/thermiabarcelona.com\/fr\/les-fenetres-en-aluminium-sont-plus-ecologiques-2\/#primaryimage"},"thumbnailUrl":"https:\/\/thermiabarcelona.com\/wp-content\/uploads\/2019\/05\/aluminio_reciclado.jpg","datePublished":"2019-09-13T08:01:37+00:00","dateModified":"2019-10-23T09:22:16+00:00","description":"L\u2019aluminium peut \u00eatre recycl\u00e9 quasiment \u00e0 l\u2019infini. Le plastique n\u2019est pas recyclable, n\u2019est pas r\u00e9utilisable et r\u00e9pand des produits toxiques lors de sa combustion.","breadcrumb":{"@id":"https:\/\/thermiabarcelona.com\/fr\/les-fenetres-en-aluminium-sont-plus-ecologiques-2\/#breadcrumb"},"inLanguage":"fr-FR","potentialAction":[{"@type":"ReadAction","target":["https:\/\/thermiabarcelona.com\/fr\/les-fenetres-en-aluminium-sont-plus-ecologiques-2\/"]}]},{"@type":"ImageObject","inLanguage":"fr-FR","@id":"https:\/\/thermiabarcelona.com\/fr\/les-fenetres-en-aluminium-sont-plus-ecologiques-2\/#primaryimage","url":"https:\/\/thermiabarcelona.com\/wp-content\/uploads\/2019\/05\/aluminio_reciclado.jpg","contentUrl":"https:\/\/thermiabarcelona.com\/wp-content\/uploads\/2019\/05\/aluminio_reciclado.jpg"},{"@type":"BreadcrumbList","@id":"https:\/\/thermiabarcelona.com\/fr\/les-fenetres-en-aluminium-sont-plus-ecologiques-2\/#breadcrumb","itemListElement":[{"@type":"ListItem","position":1,"name":"Portada","item":"https:\/\/thermiabarcelona.com\/"},{"@type":"ListItem","position":2,"name":"Les fen\u00eatres en aluminium sont plus \u00e9cologiques"}]},{"@type":"WebSite","@id":"https:\/\/thermiabarcelona.com\/#website","url":"https:\/\/thermiabarcelona.com\/","name":"Thermia Barcelona. Ventanas para vivir mejor","description":"Ventanas de calidad, duraderas y f\u00e1ciles de fabricar. Dise\u00f1o.Confort.Silencio","publisher":{"@id":"https:\/\/thermiabarcelona.com\/#organization"},"potentialAction":[{"@type":"SearchAction","target":{"@type":"EntryPoint","urlTemplate":"https:\/\/thermiabarcelona.com\/?s={search_term_string}"},"query-input":{"@type":"PropertyValueSpecification","valueRequired":true,"valueName":"search_term_string"}}],"inLanguage":"fr-FR"},{"@type":"Organization","@id":"https:\/\/thermiabarcelona.com\/#organization","name":"Thermia Barcelona","url":"https:\/\/thermiabarcelona.com\/","logo":{"@type":"ImageObject","inLanguage":"fr-FR","@id":"https:\/\/thermiabarcelona.com\/#\/schema\/logo\/image\/","url":"https:\/\/thermiabarcelona.com\/wp-content\/uploads\/2018\/08\/logo_thermia-1.jpg","contentUrl":"https:\/\/thermiabarcelona.com\/wp-content\/uploads\/2018\/08\/logo_thermia-1.jpg","width":345,"height":158,"caption":"Thermia Barcelona"},"image":{"@id":"https:\/\/thermiabarcelona.com\/#\/schema\/logo\/image\/"},"sameAs":["https:\/\/www.facebook.com\/thermiabarcelona\/","https:\/\/www.instagram.com\/thermiabarcelona\/","https:\/\/es.linkedin.com\/company\/thermia-barcelona","https:\/\/www.youtube.com\/thermiabarcelona"]}]}},"_links":{"self":[{"href":"https:\/\/thermiabarcelona.com\/fr\/wp-json\/wp\/v2\/pages\/27197","targetHints":{"allow":["GET"]}}],"collection":[{"href":"https:\/\/thermiabarcelona.com\/fr\/wp-json\/wp\/v2\/pages"}],"about":[{"href":"https:\/\/thermiabarcelona.com\/fr\/wp-json\/wp\/v2\/types\/page"}],"author":[{"embeddable":true,"href":"https:\/\/thermiabarcelona.com\/fr\/wp-json\/wp\/v2\/users\/3"}],"replies":[{"embeddable":true,"href":"https:\/\/thermiabarcelona.com\/fr\/wp-json\/wp\/v2\/comments?post=27197"}],"version-history":[{"count":0,"href":"https:\/\/thermiabarcelona.com\/fr\/wp-json\/wp\/v2\/pages\/27197\/revisions"}],"wp:attachment":[{"href":"https:\/\/thermiabarcelona.com\/fr\/wp-json\/wp\/v2\/media?parent=27197"}],"curies":[{"name":"wp","href":"https:\/\/api.w.org\/{rel}","templated":true}]}}