{"id":27109,"date":"2019-09-03T08:39:15","date_gmt":"2019-09-03T08:39:15","guid":{"rendered":"https:\/\/thermiabarcelona.com\/projets\/maisons-individuelles\/"},"modified":"2019-10-11T10:09:43","modified_gmt":"2019-10-11T10:09:43","slug":"maisons-individuelles","status":"publish","type":"page","link":"https:\/\/thermiabarcelona.com\/fr\/projets-architecturaux\/maisons-individuelles\/","title":{"rendered":"Maisons individuelles"},"content":{"rendered":"<div class=\"wpb-content-wrapper\"><p>[vc_row][vc_column width=\u00a0\u00bb1\/1&Prime;][vc_column_text]<\/p>\n<h1 style=\"text-align: center;\"><span style=\"color: #000f2c;\">Projets de fen\u00eatres\u00a0Thermia\u00ae pour maisons individuelles<br \/><\/span><\/h1>\n<p style=\"text-align: center;\"><span style=\"color: #000f2c;\">Le syst\u00e8me de fen\u00eatres\u00a0Thermia\u00ae permet aux architectes et aux professionnels de donner vie \u00e0 tous types de projets et de cr\u00e9er des fermetures qui r\u00e9pondent \u00e0 des exigences qualitatives, fonctionnelles et de conception. Voici plusieurs exemples de r\u00e9sidences o\u00f9 les <strong>fen\u00eatres en aluminium thermoacoustiques\u00a0Thermia\u00a0Barcelona<\/strong> ont \u00e9t\u00e9 utilis\u00e9es pour r\u00e9pondre \u00e0 ces exigences.<\/span><\/p>\n<p>[\/vc_column_text][\/vc_column][\/vc_row][vc_row bg_color=\u00a0\u00bb#ffffff\u00a0\u00bb section_arrow=\u00a0\u00bbfalse\u00a0\u00bb top_padding=\u00a0\u00bb20&Prime; bottom_padding=\u00a0\u00bb20&Prime;][vc_column bg_color=\u00a0\u00bb#ffffff\u00a0\u00bb column_padding=\u00a0\u00bbpadding-3&Prime; width=\u00a0\u00bb1\/1&Prime;]\n\t\t<div class=\"portfolio-element\">\n\n\t\t\n\t\t\t<div class=\"portfolio-filters\" data-id=\"678927040\">\n\t\t\t\t<div class=\"container\">\n\t\t\t\t\t<div class=\"sixteen columns clearfix\">\n\t\t\t\t\t\t\t\t\t\t\t\t\t<ul class=\"clearfix\">\n\t\t\t\t\t\t\t\t<li><a href=\"#\" data-filter=\"*\" class=\"filter-all active\">All<\/a><\/li>\t\n\t\t\t\t\t\t\t\t\t\t\t\t\t\t\t\t\t\t\t\t\t\t\t\t\t\t<li><a href=\"#\" data-filter=\".term-viviendas-unifamiliares\">MAISONS INDIVIDUELLES<\/a><\/li>\n\t\t\t\t\t\t\t\t\t\t\t\t\t\t\t<\/ul>\n\t\t\t\t\t\t\t\t\t\t\t<\/div>\n\t\t\t\t<\/div>\n\t\t\t<\/div>\n\n\t\t\n\t\t\t\t\t<div class=\"container\">\n\t\t\n\t\t\t\t\t<div id=\"678927040\" class=\"portfolio-items portfolio-default portfolio-overlay-icon clearfix\" data-id=\"678927040\">  \n\t\t\t\t\t\t\n\t\t\t\t\t\t\t\n\t\t\t\t\t\t\t\n\t\t\t\t\t\t\n\t\t\t\t\t\t\t\t\t\t\t\t\t\t\t\t\n\t\t\t\t\t\t\t\t   \n\n\t\t\t\t\t\t\t\t<div class=\"term-ventanas-abatibles term-ventanas-correderas term-viviendas-unifamiliares portfolio-item one-third column\">\n\t\t\t\t\t\t\t\t\t<div class=\"portfolio-image\"><a href=\"https:\/\/thermiabarcelona.com\/wp-content\/uploads\/2022\/05\/CASA-FRAGATA-MATRIU-DESTACADA.jpg\" class=\"prettyPhoto\" rel=\"prettyPhoto[portfolio]\" title=\"CASA PLAYA BONITA\"><div class=\"portfolio-image-img\"><img decoding=\"async\" src=\"https:\/\/thermiabarcelona.com\/wp-content\/uploads\/2022\/05\/CASA-FRAGATA-MATRIU-DESTACADA-600x400.jpg\" alt=\"CASA PLAYA BONITA\" \/><\/div><div class=\"portfolio-overlay overlay-icon\"><\/div><i class=\"icon-minti-search\"><\/i><\/a><\/div>\n\t\t\t\t\t\t\t\t\t<h4><a href=\"https:\/\/thermiabarcelona.com\/proyectos-thermia\/residencia-casa-bonita-en-peru-sistemas-alto-standing-thermia\/\" title=\"CASA PLAYA BONITA\">CASA PLAYA BONITA<\/a><\/h4>\n\t\t\t\t\t\t\t\t\t<span class=\"portfolio-subtitle\"><\/span>\n\t\t\t\t\t\t\t\t<\/div>\n\n\t\t\t\t\t\t\t\t\t\t\t\t  \n\t\t\t\t\t\t\n\t\t\t\t\t\t\t\n\t\t\t\t\t\t\t\n\t\t\t\t\t\t\n\t\t\t\t\t\t\t\t\t\t\t\t\t\t\t\t\n\t\t\t\t\t\t\t\t   \n\n\t\t\t\t\t\t\t\t<div class=\"term-ventanas-abatibles term-ventanas-correderas term-viviendas-unifamiliares portfolio-item one-third column\">\n\t\t\t\t\t\t\t\t\t<div class=\"portfolio-image\"><a href=\"https:\/\/thermiabarcelona.com\/wp-content\/uploads\/2022\/05\/WhatsApp-Image-2021-12-07-at-21.50.42.jpg\" class=\"prettyPhoto\" rel=\"prettyPhoto[portfolio]\" title=\"CASA BERM\u00daDEZ PASTORIZA\"><div class=\"portfolio-image-img\"><img decoding=\"async\" src=\"https:\/\/thermiabarcelona.com\/wp-content\/uploads\/2022\/05\/WhatsApp-Image-2021-12-07-at-21.50.42-600x400.jpg\" alt=\"CASA BERM\u00daDEZ PASTORIZA\" \/><\/div><div class=\"portfolio-overlay overlay-icon\"><\/div><i class=\"icon-minti-search\"><\/i><\/a><\/div>\n\t\t\t\t\t\t\t\t\t<h4><a href=\"https:\/\/thermiabarcelona.com\/proyectos-thermia\/instalacion-ventanas-thermia-con-tecnologia-europea-casa-bermudez-en-republica-dominicana\/\" title=\"CASA BERM\u00daDEZ PASTORIZA\">CASA BERM\u00daDEZ PASTORIZA<\/a><\/h4>\n\t\t\t\t\t\t\t\t\t<span class=\"portfolio-subtitle\"><\/span>\n\t\t\t\t\t\t\t\t<\/div>\n\n\t\t\t\t\t\t\t\t\t\t\t\t  \n\t\t\t\t\t\t\n\t\t\t\t\t\t\t\n\t\t\t\t\t\t\t\n\t\t\t\t\t\t\n\t\t\t\t\t\t\t\t\t\t\t\t\t\t\t\t\n\t\t\t\t\t\t\t\t   \n\n\t\t\t\t\t\t\t\t<div class=\"term-ventanas-correderas term-viviendas-unifamiliares portfolio-item one-third column\">\n\t\t\t\t\t\t\t\t\t<div class=\"portfolio-image\"><a href=\"https:\/\/thermiabarcelona.com\/wp-content\/uploads\/2022\/05\/matriu-destacada-CASA-CANGAHUA.jpg\" class=\"prettyPhoto\" rel=\"prettyPhoto[portfolio]\" title=\"CASA CANGAHUA\"><div class=\"portfolio-image-img\"><img decoding=\"async\" src=\"https:\/\/thermiabarcelona.com\/wp-content\/uploads\/2022\/05\/matriu-destacada-CASA-CANGAHUA-600x400.jpg\" alt=\"CASA CANGAHUA\" \/><\/div><div class=\"portfolio-overlay overlay-icon\"><\/div><i class=\"icon-minti-search\"><\/i><\/a><\/div>\n\t\t\t\t\t\t\t\t\t<h4><a href=\"https:\/\/thermiabarcelona.com\/proyectos-thermia\/casa-cangahua-despacho-diez-muller-ecuador-sistemas-de-ventanas-europeas-thermia-barcelona\/\" title=\"CASA CANGAHUA\">CASA CANGAHUA<\/a><\/h4>\n\t\t\t\t\t\t\t\t\t<span class=\"portfolio-subtitle\"><\/span>\n\t\t\t\t\t\t\t\t<\/div>\n\n\t\t\t\t\t\t\t\t\t\t\t\t  \n\t\t\t\t\t\t\n\t\t\t\t\t\t\t\n\t\t\t\t\t\t\t\n\t\t\t\t\t\t\n\t\t\t\t\t\t\t\t\t\t\t\t\t\t\t\t\n\t\t\t\t\t\t\t\t   \n\n\t\t\t\t\t\t\t\t<div class=\"term-ventanas-abatibles term-ventanas-correderas term-viviendas-unifamiliares portfolio-item one-third column\">\n\t\t\t\t\t\t\t\t\t<div class=\"portfolio-image\"><a href=\"https:\/\/thermiabarcelona.com\/wp-content\/uploads\/2022\/05\/CASA-LA-VINYA-2-1.jpg\" class=\"prettyPhoto\" rel=\"prettyPhoto[portfolio]\" title=\"CASA LA VINYA\"><div class=\"portfolio-image-img\"><img decoding=\"async\" src=\"https:\/\/thermiabarcelona.com\/wp-content\/uploads\/2022\/05\/CASA-LA-VINYA-2-1-600x400.jpg\" alt=\"CASA LA VINYA\" \/><\/div><div class=\"portfolio-overlay overlay-icon\"><\/div><i class=\"icon-minti-search\"><\/i><\/a><\/div>\n\t\t\t\t\t\t\t\t\t<h4><a href=\"https:\/\/thermiabarcelona.com\/proyectos-thermia\/casa-particular-en-la-costa-brava-con-instalacion-de-ventanas-termoacusticas-thermia\/\" title=\"CASA LA VINYA\">CASA LA VINYA<\/a><\/h4>\n\t\t\t\t\t\t\t\t\t<span class=\"portfolio-subtitle\"><\/span>\n\t\t\t\t\t\t\t\t<\/div>\n\n\t\t\t\t\t\t\t\t\t\t\t\t  \n\t\t\t\t\t\t\n\t\t\t\t\t\t\t\n\t\t\t\t\t\t\t\n\t\t\t\t\t\t\n\t\t\t\t\t\t\t\t\t\t\t\t\t\t\t\t\n\t\t\t\t\t\t\t\t   \n\n\t\t\t\t\t\t\t\t<div class=\"term-ventanas-abatibles term-ventanas-correderas term-viviendas-unifamiliares portfolio-item one-third column\">\n\t\t\t\t\t\t\t\t\t<div class=\"portfolio-image\"><a href=\"https:\/\/thermiabarcelona.com\/wp-content\/uploads\/2021\/02\/ventanas-thermia-obra-caldes-destacada.jpg\" class=\"prettyPhoto\" rel=\"prettyPhoto[portfolio]\" title=\"RESIDENCIA EN CALDES DE MONTBUI\"><div class=\"portfolio-image-img\"><img decoding=\"async\" src=\"https:\/\/thermiabarcelona.com\/wp-content\/uploads\/2021\/02\/ventanas-thermia-obra-caldes-destacada-600x400.jpg\" alt=\"RESIDENCIA EN CALDES DE MONTBUI\" \/><\/div><div class=\"portfolio-overlay overlay-icon\"><\/div><i class=\"icon-minti-search\"><\/i><\/a><\/div>\n\t\t\t\t\t\t\t\t\t<h4><a href=\"https:\/\/thermiabarcelona.com\/proyectos-thermia\/casa-particular-caldes-de-montbui\/\" title=\"RESIDENCIA EN CALDES DE MONTBUI\">RESIDENCIA EN CALDES DE MONTBUI<\/a><\/h4>\n\t\t\t\t\t\t\t\t\t<span class=\"portfolio-subtitle\"><\/span>\n\t\t\t\t\t\t\t\t<\/div>\n\n\t\t\t\t\t\t\t\t\t\t\t\t  \n\t\t\t\t\t\t\n\t\t\t\t\t\t\t\n\t\t\t\t\t\t\t\n\t\t\t\t\t\t\n\t\t\t\t\t\t\t\t\t\t\t\t\t\t\t\t\n\t\t\t\t\t\t\t\t   \n\n\t\t\t\t\t\t\t\t<div class=\"term-ventanas-abatibles term-ventanas-correderas term-viviendas-unifamiliares portfolio-item one-third column\">\n\t\t\t\t\t\t\t\t\t<div class=\"portfolio-image\"><a href=\"https:\/\/thermiabarcelona.com\/wp-content\/uploads\/2021\/02\/ventanas-thermia-obra-mastrempat-destacada-1.jpg\" class=\"prettyPhoto\" rel=\"prettyPhoto[portfolio]\" title=\"RESIDENCIA MAS TREMPAT\"><div class=\"portfolio-image-img\"><img decoding=\"async\" src=\"https:\/\/thermiabarcelona.com\/wp-content\/uploads\/2021\/02\/ventanas-thermia-obra-mastrempat-destacada-1-600x400.jpg\" alt=\"RESIDENCIA MAS TREMPAT\" \/><\/div><div class=\"portfolio-overlay overlay-icon\"><\/div><i class=\"icon-minti-search\"><\/i><\/a><\/div>\n\t\t\t\t\t\t\t\t\t<h4><a href=\"https:\/\/thermiabarcelona.com\/proyectos-thermia\/residencia-mas-trempat-girona\/\" title=\"RESIDENCIA MAS TREMPAT\">RESIDENCIA MAS TREMPAT<\/a><\/h4>\n\t\t\t\t\t\t\t\t\t<span class=\"portfolio-subtitle\"><\/span>\n\t\t\t\t\t\t\t\t<\/div>\n\n\t\t\t\t\t\t\t\t\t\t\t\t  \n\t\t\t\t\t\t\n\t\t\t\t\t\t\t\n\t\t\t\t\t\t\t\n\t\t\t\t\t\t\n\t\t\t\t\t\t\t\t\t\t\t\t\t\t\t\t\n\t\t\t\t\t\t\t\t   \n\n\t\t\t\t\t\t\t\t<div class=\"term-ventanas-abatibles term-ventanas-correderas term-viviendas-unifamiliares portfolio-item one-third column\">\n\t\t\t\t\t\t\t\t\t<div class=\"portfolio-image\"><a href=\"https:\/\/thermiabarcelona.com\/wp-content\/uploads\/2021\/02\/ventanas-thermia-obra-mastrempatb-destacada.jpg\" class=\"prettyPhoto\" rel=\"prettyPhoto[portfolio]\" title=\"RESIDENCIA MAS TREMPAT B\"><div class=\"portfolio-image-img\"><img decoding=\"async\" src=\"https:\/\/thermiabarcelona.com\/wp-content\/uploads\/2021\/02\/ventanas-thermia-obra-mastrempatb-destacada-600x400.jpg\" alt=\"RESIDENCIA MAS TREMPAT B\" \/><\/div><div class=\"portfolio-overlay overlay-icon\"><\/div><i class=\"icon-minti-search\"><\/i><\/a><\/div>\n\t\t\t\t\t\t\t\t\t<h4><a href=\"https:\/\/thermiabarcelona.com\/proyectos-thermia\/residencia-mas-trempat-b\/\" title=\"RESIDENCIA MAS TREMPAT B\">RESIDENCIA MAS TREMPAT B<\/a><\/h4>\n\t\t\t\t\t\t\t\t\t<span class=\"portfolio-subtitle\"><\/span>\n\t\t\t\t\t\t\t\t<\/div>\n\n\t\t\t\t\t\t\t\t\t\t\t\t  \n\t\t\t\t\t\t\n\t\t\t\t\t\t\t\n\t\t\t\t\t\t\t\n\t\t\t\t\t\t\n\t\t\t\t\t\t\t\t\t\t\t\t\t\t\t\t\n\t\t\t\t\t\t\t\t   \n\n\t\t\t\t\t\t\t\t<div class=\"term-ventanas-abatibles term-ventanas-correderas term-viviendas-unifamiliares portfolio-item one-third column\">\n\t\t\t\t\t\t\t\t\t<div class=\"portfolio-image\"><a href=\"https:\/\/thermiabarcelona.com\/wp-content\/uploads\/2021\/02\/ventanas-thermia-obra-casa-rdp-destacada.jpg\" class=\"prettyPhoto\" rel=\"prettyPhoto[portfolio]\" title=\"CASA RDP\"><div class=\"portfolio-image-img\"><img decoding=\"async\" src=\"https:\/\/thermiabarcelona.com\/wp-content\/uploads\/2021\/02\/ventanas-thermia-obra-casa-rdp-destacada-600x400.jpg\" alt=\"CASA RDP\" \/><\/div><div class=\"portfolio-overlay overlay-icon\"><\/div><i class=\"icon-minti-search\"><\/i><\/a><\/div>\n\t\t\t\t\t\t\t\t\t<h4><a href=\"https:\/\/thermiabarcelona.com\/proyectos-thermia\/casa-rdp-ecuador-2\/\" title=\"CASA RDP\">CASA RDP<\/a><\/h4>\n\t\t\t\t\t\t\t\t\t<span class=\"portfolio-subtitle\"><\/span>\n\t\t\t\t\t\t\t\t<\/div>\n\n\t\t\t\t\t\t\t\t\t\t\t\t  \n\t\t\t\t\t\t\n\t\t\t\t\t\t\t\n\t\t\t\t\t\t\t\n\t\t\t\t\t\t\n\t\t\t\t\t\t\t\t\t\t\t\t\t\t\t\t\n\t\t\t\t\t\t\t\t   \n\n\t\t\t\t\t\t\t\t<div class=\"term-ventanas-abatibles term-ventanas-correderas term-viviendas-unifamiliares portfolio-item one-third column\">\n\t\t\t\t\t\t\t\t\t<div class=\"portfolio-image\"><a href=\"https:\/\/thermiabarcelona.com\/wp-content\/uploads\/2020\/03\/ventanas-Thermia-Barcelona-Casa-casaurinas-destacada.jpg\" class=\"prettyPhoto\" rel=\"prettyPhoto[portfolio]\" title=\"RESIDENCIA EN CASAURINAS\"><div class=\"portfolio-image-img\"><img decoding=\"async\" src=\"https:\/\/thermiabarcelona.com\/wp-content\/uploads\/2020\/03\/ventanas-Thermia-Barcelona-Casa-casaurinas-destacada-600x400.jpg\" alt=\"RESIDENCIA EN CASAURINAS\" \/><\/div><div class=\"portfolio-overlay overlay-icon\"><\/div><i class=\"icon-minti-search\"><\/i><\/a><\/div>\n\t\t\t\t\t\t\t\t\t<h4><a href=\"https:\/\/thermiabarcelona.com\/proyectos-thermia\/casa-casaurinas\/\" title=\"RESIDENCIA EN CASAURINAS\">RESIDENCIA EN CASAURINAS<\/a><\/h4>\n\t\t\t\t\t\t\t\t\t<span class=\"portfolio-subtitle\"><\/span>\n\t\t\t\t\t\t\t\t<\/div>\n\n\t\t\t\t\t\t\t\t\t\t\t\t  \n\t\t\t\t\t\t\n\t\t\t\t\t\t\t\n\t\t\t\t\t\t\t\n\t\t\t\t\t\t\n\t\t\t\t\t\t\t\t\t\t\t\t\t\t\t\t\n\t\t\t\t\t\t\t\t   \n\n\t\t\t\t\t\t\t\t<div class=\"term-fenetres-a-la-francaise term-fenetres-coulissantes term-maisons-individuelles portfolio-item one-third column\">\n\t\t\t\t\t\t\t\t\t<div class=\"portfolio-image\"><a href=\"https:\/\/thermiabarcelona.com\/wp-content\/uploads\/2019\/07\/ocean-reef-desstacada-thermia-barcelona-ventanas.jpg\" class=\"prettyPhoto\" rel=\"prettyPhoto[portfolio]\" title=\"OCEAN REEF ISLAND\"><div class=\"portfolio-image-img\"><img decoding=\"async\" src=\"https:\/\/thermiabarcelona.com\/wp-content\/uploads\/2019\/07\/ocean-reef-desstacada-thermia-barcelona-ventanas-600x400.jpg\" alt=\"OCEAN REEF ISLAND\" \/><\/div><div class=\"portfolio-overlay overlay-icon\"><\/div><i class=\"icon-minti-search\"><\/i><\/a><\/div>\n\t\t\t\t\t\t\t\t\t<h4><a href=\"https:\/\/thermiabarcelona.com\/fr\/proyectos-thermia\/ocean-reef-island\/\" title=\"OCEAN REEF ISLAND\">OCEAN REEF ISLAND<\/a><\/h4>\n\t\t\t\t\t\t\t\t\t<span class=\"portfolio-subtitle\"><\/span>\n\t\t\t\t\t\t\t\t<\/div>\n\n\t\t\t\t\t\t\t\t\t\t\t\t  \n\t\t\t\t\t\t\n\t\t\t\t\t\t\t\n\t\t\t\t\t\t\t\n\t\t\t\t\t\t\n\t\t\t\t\t\t\t\t\t\t\t\t\t\t\t\t\n\t\t\t\t\t\t\t\t   \n\n\t\t\t\t\t\t\t\t<div class=\"term-fenetres-a-la-francaise term-fenetres-coulissantes term-maisons-individuelles portfolio-item one-third column\">\n\t\t\t\t\t\t\t\t\t<div class=\"portfolio-image\"><a href=\"https:\/\/thermiabarcelona.com\/wp-content\/uploads\/2019\/09\/casa-deza-ventanas-thermia-destacada.jpg\" class=\"prettyPhoto\" rel=\"prettyPhoto[portfolio]\" title=\"DEZA\"><div class=\"portfolio-image-img\"><img decoding=\"async\" src=\"https:\/\/thermiabarcelona.com\/wp-content\/uploads\/2019\/09\/casa-deza-ventanas-thermia-destacada-600x400.jpg\" alt=\"DEZA\" \/><\/div><div class=\"portfolio-overlay overlay-icon\"><\/div><i class=\"icon-minti-search\"><\/i><\/a><\/div>\n\t\t\t\t\t\t\t\t\t<h4><a href=\"https:\/\/thermiabarcelona.com\/fr\/proyectos-thermia\/deza\/\" title=\"DEZA\">DEZA<\/a><\/h4>\n\t\t\t\t\t\t\t\t\t<span class=\"portfolio-subtitle\"><\/span>\n\t\t\t\t\t\t\t\t<\/div>\n\n\t\t\t\t\t\t\t\t\t\t\t\t  \n\t\t\t\t\t\t\n\t\t\t\t\t\t\t\n\t\t\t\t\t\t\t\n\t\t\t\t\t\t\n\t\t\t\t\t\t\t\t\t\t\t\t\t\t\t\t\n\t\t\t\t\t\t\t\t   \n\n\t\t\t\t\t\t\t\t<div class=\"term-maisons-individuelles portfolio-item one-third column\">\n\t\t\t\t\t\t\t\t\t<div class=\"portfolio-image\"><a href=\"https:\/\/thermiabarcelona.com\/wp-content\/uploads\/2017\/11\/guayaquil-destacada-thermia.jpg\" class=\"prettyPhoto\" rel=\"prettyPhoto[portfolio]\" title=\"R\u00c9SIDENCE \u00c0 GUAYAQUIL\"><div class=\"portfolio-image-img\"><img decoding=\"async\" src=\"https:\/\/thermiabarcelona.com\/wp-content\/uploads\/2017\/11\/guayaquil-destacada-thermia.jpg\" alt=\"R\u00c9SIDENCE \u00c0 GUAYAQUIL\" \/><\/div><div class=\"portfolio-overlay overlay-icon\"><\/div><i class=\"icon-minti-search\"><\/i><\/a><\/div>\n\t\t\t\t\t\t\t\t\t<h4><a href=\"https:\/\/thermiabarcelona.com\/fr\/proyectos-thermia\/residence-a-guayaquil\/\" title=\"R\u00c9SIDENCE \u00c0 GUAYAQUIL\">R\u00c9SIDENCE \u00c0 GUAYAQUIL<\/a><\/h4>\n\t\t\t\t\t\t\t\t\t<span class=\"portfolio-subtitle\"><\/span>\n\t\t\t\t\t\t\t\t<\/div>\n\n\t\t\t\t\t\t\t\t\t\t\t\t  \n\t\t\t\t\t\t\n\t\t\t\t\t\t\t\n\t\t\t\t\t\t\t\n\t\t\t\t\t\t\n\t\t\t\t\t\t\t\t\t\t\t\t\t\t\t\t\n\t\t\t\t\t\t\t\t   \n\n\t\t\t\t\t\t\t\t<div class=\"term-maisons-individuelles portfolio-item one-third column\">\n\t\t\t\t\t\t\t\t\t<div class=\"portfolio-image\"><a href=\"https:\/\/thermiabarcelona.com\/wp-content\/uploads\/2017\/10\/portada-dep-ventanas-thermia-lima-1.jpg\" class=\"prettyPhoto\" rel=\"prettyPhoto[portfolio]\" title=\"APPARTEMENT \u00c0 LIMA\"><div class=\"portfolio-image-img\"><img decoding=\"async\" src=\"https:\/\/thermiabarcelona.com\/wp-content\/uploads\/2017\/10\/portada-dep-ventanas-thermia-lima-1.jpg\" alt=\"APPARTEMENT \u00c0 LIMA\" \/><\/div><div class=\"portfolio-overlay overlay-icon\"><\/div><i class=\"icon-minti-search\"><\/i><\/a><\/div>\n\t\t\t\t\t\t\t\t\t<h4><a href=\"https:\/\/thermiabarcelona.com\/fr\/proyectos-thermia\/appartement-a-lima\/\" title=\"APPARTEMENT \u00c0 LIMA\">APPARTEMENT \u00c0 LIMA<\/a><\/h4>\n\t\t\t\t\t\t\t\t\t<span class=\"portfolio-subtitle\"><\/span>\n\t\t\t\t\t\t\t\t<\/div>\n\n\t\t\t\t\t\t\t\t\t\t\t\t  \n\t\t\t\t\t\t\n\t\t\t\t\t\t\t\n\t\t\t\t\t\t\t\n\t\t\t\t\t\t\n\t\t\t\t\t\t\t\t\t\t\t\t\t\t\t\t\n\t\t\t\t\t\t\t\t   \n\n\t\t\t\t\t\t\t\t<div class=\"term-maisons-individuelles portfolio-item one-third column\">\n\t\t\t\t\t\t\t\t\t<div class=\"portfolio-image\"><a href=\"https:\/\/thermiabarcelona.com\/wp-content\/uploads\/2017\/07\/destacada-casa-rdp.jpg\" class=\"prettyPhoto\" rel=\"prettyPhoto[portfolio]\" title=\"CASA\u00a0RDP\"><div class=\"portfolio-image-img\"><img decoding=\"async\" src=\"https:\/\/thermiabarcelona.com\/wp-content\/uploads\/2017\/07\/destacada-casa-rdp.jpg\" alt=\"CASA\u00a0RDP\" \/><\/div><div class=\"portfolio-overlay overlay-icon\"><\/div><i class=\"icon-minti-search\"><\/i><\/a><\/div>\n\t\t\t\t\t\t\t\t\t<h4><a href=\"https:\/\/thermiabarcelona.com\/fr\/proyectos-thermia\/casa-rdp\/\" title=\"CASA\u00a0RDP\">CASA\u00a0RDP<\/a><\/h4>\n\t\t\t\t\t\t\t\t\t<span class=\"portfolio-subtitle\"><\/span>\n\t\t\t\t\t\t\t\t<\/div>\n\n\t\t\t\t\t\t\t\t\t\t\t\t  \n\t\t\t\t\t\t\n\t\t\t\t\t\t\t\n\t\t\t\t\t\t\t\n\t\t\t\t\t\t\n\t\t\t\t\t\t\t\t\t\t\t\t\t\t\t\t\n\t\t\t\t\t\t\t\t   \n\n\t\t\t\t\t\t\t\t<div class=\"term-fenetres-coulissantes term-maisons-individuelles portfolio-item one-third column\">\n\t\t\t\t\t\t\t\t\t<div class=\"portfolio-image\"><a href=\"https:\/\/thermiabarcelona.com\/wp-content\/uploads\/2017\/03\/vicrisa2-thermia1.jpg\" class=\"prettyPhoto\" rel=\"prettyPhoto[portfolio]\" title=\"R\u00c9SIDENCE INDIVIDUELLE \u00c0 SAINT-DOMINGUE\"><div class=\"portfolio-image-img\"><img decoding=\"async\" src=\"https:\/\/thermiabarcelona.com\/wp-content\/uploads\/2017\/03\/vicrisa2-thermia1.jpg\" alt=\"R\u00c9SIDENCE INDIVIDUELLE \u00c0 SAINT-DOMINGUE\" \/><\/div><div class=\"portfolio-overlay overlay-icon\"><\/div><i class=\"icon-minti-search\"><\/i><\/a><\/div>\n\t\t\t\t\t\t\t\t\t<h4><a href=\"https:\/\/thermiabarcelona.com\/fr\/proyectos-thermia\/residence-individuelle-a-saint-domingue\/\" title=\"R\u00c9SIDENCE INDIVIDUELLE \u00c0 SAINT-DOMINGUE\">R\u00c9SIDENCE INDIVIDUELLE \u00c0 SAINT-DOMINGUE<\/a><\/h4>\n\t\t\t\t\t\t\t\t\t<span class=\"portfolio-subtitle\"><\/span>\n\t\t\t\t\t\t\t\t<\/div>\n\n\t\t\t\t\t\t\t\t\t\t\t\t  \n\t\t\t\t\t\t\n\t\t\t\t\t\t\t\n\t\t\t\t\t\t\t\n\t\t\t\t\t\t\n\t\t\t\t\t\t\t\t\t\t\t\t\t\t\t\t\n\t\t\t\t\t\t\t\t   \n\n\t\t\t\t\t\t\t\t<div class=\"term-fenetres-a-la-francaise term-maisons-individuelles portfolio-item one-third column\">\n\t\t\t\t\t\t\t\t\t<div class=\"portfolio-image\"><a href=\"https:\/\/thermiabarcelona.com\/wp-content\/uploads\/2017\/03\/vicrisa3-thermia1.jpg\" class=\"prettyPhoto\" rel=\"prettyPhoto[portfolio]\" title=\"MAISON \u00c0 SAINT-DOMINGUE\"><div class=\"portfolio-image-img\"><img decoding=\"async\" src=\"https:\/\/thermiabarcelona.com\/wp-content\/uploads\/2017\/03\/vicrisa3-thermia1.jpg\" alt=\"MAISON \u00c0 SAINT-DOMINGUE\" \/><\/div><div class=\"portfolio-overlay overlay-icon\"><\/div><i class=\"icon-minti-search\"><\/i><\/a><\/div>\n\t\t\t\t\t\t\t\t\t<h4><a href=\"https:\/\/thermiabarcelona.com\/fr\/proyectos-thermia\/maison-a-saint-domingue\/\" title=\"MAISON \u00c0 SAINT-DOMINGUE\">MAISON \u00c0 SAINT-DOMINGUE<\/a><\/h4>\n\t\t\t\t\t\t\t\t\t<span class=\"portfolio-subtitle\"><\/span>\n\t\t\t\t\t\t\t\t<\/div>\n\n\t\t\t\t\t\t\t\t\t\t\t\t  \n\t\t\t\t\t\t\n\t\t\t\t\t\t\t\n\t\t\t\t\t\t\t\n\t\t\t\t\t\t\n\t\t\t\t\t\t\t\t\t\t\t\t\t\t\t\t\n\t\t\t\t\t\t\t\t   \n\n\t\t\t\t\t\t\t\t<div class=\"term-fenetres-a-la-francaise term-fenetres-coulissantes term-maisons-individuelles portfolio-item one-third column\">\n\t\t\t\t\t\t\t\t\t<div class=\"portfolio-image\"><a href=\"https:\/\/thermiabarcelona.com\/wp-content\/uploads\/2017\/03\/grupo-flores-thermia1.jpg\" class=\"prettyPhoto\" rel=\"prettyPhoto[portfolio]\" title=\"R\u00c9SIDENCE INDIVIDUELLE \u00c0 SAN\u00a0MIGUEL\"><div class=\"portfolio-image-img\"><img decoding=\"async\" src=\"https:\/\/thermiabarcelona.com\/wp-content\/uploads\/2017\/03\/grupo-flores-thermia1.jpg\" alt=\"R\u00c9SIDENCE INDIVIDUELLE \u00c0 SAN\u00a0MIGUEL\" \/><\/div><div class=\"portfolio-overlay overlay-icon\"><\/div><i class=\"icon-minti-search\"><\/i><\/a><\/div>\n\t\t\t\t\t\t\t\t\t<h4><a href=\"https:\/\/thermiabarcelona.com\/fr\/proyectos-thermia\/residence-individuelle-a-san-miguel\/\" title=\"R\u00c9SIDENCE INDIVIDUELLE \u00c0 SAN\u00a0MIGUEL\">R\u00c9SIDENCE INDIVIDUELLE \u00c0 SAN\u00a0MIGUEL<\/a><\/h4>\n\t\t\t\t\t\t\t\t\t<span class=\"portfolio-subtitle\"><\/span>\n\t\t\t\t\t\t\t\t<\/div>\n\n\t\t\t\t\t\t\t\t\t\t\t\t  \n\t\t\t\t\t\t\n\t\t\t\t\t\t\t\n\t\t\t\t\t\t\t\n\t\t\t\t\t\t\n\t\t\t\t\t\t\t\t\t\t\t\t\t\t\t\t\n\t\t\t\t\t\t\t\t   \n\n\t\t\t\t\t\t\t\t<div class=\"term-fenetres-a-la-francaise term-fenetres-coulissantes term-maisons-individuelles portfolio-item one-third column\">\n\t\t\t\t\t\t\t\t\t<div class=\"portfolio-image\"><a href=\"https:\/\/thermiabarcelona.com\/wp-content\/uploads\/2019\/05\/casa-cadena-destacada-thermia-barcelona-ventanas.jpg\" class=\"prettyPhoto\" rel=\"prettyPhoto[portfolio]\" title=\"CASA\u00a0CADENA\"><div class=\"portfolio-image-img\"><img decoding=\"async\" src=\"https:\/\/thermiabarcelona.com\/wp-content\/uploads\/2019\/05\/casa-cadena-destacada-thermia-barcelona-ventanas-600x400.jpg\" alt=\"CASA\u00a0CADENA\" \/><\/div><div class=\"portfolio-overlay overlay-icon\"><\/div><i class=\"icon-minti-search\"><\/i><\/a><\/div>\n\t\t\t\t\t\t\t\t\t<h4><a href=\"https:\/\/thermiabarcelona.com\/fr\/proyectos-thermia\/casa-cadena\/\" title=\"CASA\u00a0CADENA\">CASA\u00a0CADENA<\/a><\/h4>\n\t\t\t\t\t\t\t\t\t<span class=\"portfolio-subtitle\"><\/span>\n\t\t\t\t\t\t\t\t<\/div>\n\n\t\t\t\t\t\t\t\t\t\t\t\t  \n\t\t\t\t\t\t\n\t\t\t\t\t\t\t\n\t\t\t\t\t\t\t\n\t\t\t\t\t\t\n\t\t\t\t\t\t\t\t\t\t\t\t\t\t\t\t\n\t\t\t\t\t\t\t\t   \n\n\t\t\t\t\t\t\t\t<div class=\"term-fenetres-a-la-francaise term-fenetres-coulissantes term-maisons-individuelles portfolio-item one-third column\">\n\t\t\t\t\t\t\t\t\t<div class=\"portfolio-image\"><a href=\"https:\/\/thermiabarcelona.com\/wp-content\/uploads\/2019\/05\/cienaguilla-portfolio-thermia-barcelona-ventanas.jpg\" class=\"prettyPhoto\" rel=\"prettyPhoto[portfolio]\" title=\"MAISON DE CAMPAGNE\"><div class=\"portfolio-image-img\"><img decoding=\"async\" src=\"https:\/\/thermiabarcelona.com\/wp-content\/uploads\/2019\/05\/cienaguilla-portfolio-thermia-barcelona-ventanas-600x400.jpg\" alt=\"MAISON DE CAMPAGNE\" \/><\/div><div class=\"portfolio-overlay overlay-icon\"><\/div><i class=\"icon-minti-search\"><\/i><\/a><\/div>\n\t\t\t\t\t\t\t\t\t<h4><a href=\"https:\/\/thermiabarcelona.com\/fr\/proyectos-thermia\/maison-de-campagne\/\" title=\"MAISON DE CAMPAGNE\">MAISON DE CAMPAGNE<\/a><\/h4>\n\t\t\t\t\t\t\t\t\t<span class=\"portfolio-subtitle\"><\/span>\n\t\t\t\t\t\t\t\t<\/div>\n\n\t\t\t\t\t\t\t\t\t\t\t\t  \n\t\t\t\t\t\t\n\t\t\t\t\t\t\t\n\t\t\t\t\t\t\t\n\t\t\t\t\t\t\n\t\t\t\t\t\t\t\t\t\t\t\t\t\t\t\t\n\t\t\t\t\t\t\t\t   \n\n\t\t\t\t\t\t\t\t<div class=\"term-fenetres-coulissantes term-maisons-individuelles portfolio-item one-third column\">\n\t\t\t\t\t\t\t\t\t<div class=\"portfolio-image\"><a href=\"https:\/\/thermiabarcelona.com\/wp-content\/uploads\/2019\/05\/playa-sen\u0303oritas-destacada-thermia-barcelona-ventanas-peru.jpg\" class=\"prettyPhoto\" rel=\"prettyPhoto[portfolio]\" title=\"PLAYA SE\u00d1ORITAS\"><div class=\"portfolio-image-img\"><img decoding=\"async\" src=\"https:\/\/thermiabarcelona.com\/wp-content\/uploads\/2019\/05\/playa-sen\u0303oritas-destacada-thermia-barcelona-ventanas-peru-600x400.jpg\" alt=\"PLAYA SE\u00d1ORITAS\" \/><\/div><div class=\"portfolio-overlay overlay-icon\"><\/div><i class=\"icon-minti-search\"><\/i><\/a><\/div>\n\t\t\t\t\t\t\t\t\t<h4><a href=\"https:\/\/thermiabarcelona.com\/fr\/proyectos-thermia\/residence-a-playa-senoritas\/\" title=\"PLAYA SE\u00d1ORITAS\">PLAYA SE\u00d1ORITAS<\/a><\/h4>\n\t\t\t\t\t\t\t\t\t<span class=\"portfolio-subtitle\"><\/span>\n\t\t\t\t\t\t\t\t<\/div>\n\n\t\t\t\t\t\t\t\t\t\t\t\t  \n\t\t\t\t\t\t\n\t\t\t\t\t\t\t\n\t\t\t\t\t\t\t\n\t\t\t\t\t\t\n\t\t\t\t\t\t\t\t\t\t\t\t\t\t\t\t\n\t\t\t\t\t\t\t\t   \n\n\t\t\t\t\t\t\t\t<div class=\"term-fenetres-coulissantes term-maisons-individuelles portfolio-item one-third column\">\n\t\t\t\t\t\t\t\t\t<div class=\"portfolio-image\"><a href=\"https:\/\/thermiabarcelona.com\/wp-content\/uploads\/2019\/05\/punta-hermosa-negro-destacada-thermia-barcelona.jpg\" class=\"prettyPhoto\" rel=\"prettyPhoto[portfolio]\" title=\"R\u00c9SIDENCE \u00c0 PUNTA\u00a0HERMOSA\"><div class=\"portfolio-image-img\"><img decoding=\"async\" src=\"https:\/\/thermiabarcelona.com\/wp-content\/uploads\/2019\/05\/punta-hermosa-negro-destacada-thermia-barcelona-600x400.jpg\" alt=\"R\u00c9SIDENCE \u00c0 PUNTA\u00a0HERMOSA\" \/><\/div><div class=\"portfolio-overlay overlay-icon\"><\/div><i class=\"icon-minti-search\"><\/i><\/a><\/div>\n\t\t\t\t\t\t\t\t\t<h4><a href=\"https:\/\/thermiabarcelona.com\/fr\/proyectos-thermia\/residence-a-punta-hermosa-2\/\" title=\"R\u00c9SIDENCE \u00c0 PUNTA\u00a0HERMOSA\">R\u00c9SIDENCE \u00c0 PUNTA\u00a0HERMOSA<\/a><\/h4>\n\t\t\t\t\t\t\t\t\t<span class=\"portfolio-subtitle\"><\/span>\n\t\t\t\t\t\t\t\t<\/div>\n\n\t\t\t\t\t\t\t\t\t\t\t\t  \n\t\t\t\t\t\t\n\t\t\t\t\t\t\t\n\t\t\t\t\t\t\t\n\t\t\t\t\t\t\n\t\t\t\t\t\t\t\t\t\t\t\t\t\t\t\t\n\t\t\t\t\t\t\t\t   \n\n\t\t\t\t\t\t\t\t<div class=\"term-maisons-individuelles portfolio-item one-third column\">\n\t\t\t\t\t\t\t\t\t<div class=\"portfolio-image\"><a href=\"https:\/\/thermiabarcelona.com\/wp-content\/uploads\/2019\/05\/ventana-termoacustica-lima-thermiabarcelona-destacada.jpg\" class=\"prettyPhoto\" rel=\"prettyPhoto[portfolio]\" title=\"R\u00c9SIDENCE \u00c0 SAN\u00a0ISIDRO\"><div class=\"portfolio-image-img\"><img decoding=\"async\" src=\"https:\/\/thermiabarcelona.com\/wp-content\/uploads\/2019\/05\/ventana-termoacustica-lima-thermiabarcelona-destacada-600x400.jpg\" alt=\"R\u00c9SIDENCE \u00c0 SAN\u00a0ISIDRO\" \/><\/div><div class=\"portfolio-overlay overlay-icon\"><\/div><i class=\"icon-minti-search\"><\/i><\/a><\/div>\n\t\t\t\t\t\t\t\t\t<h4><a href=\"https:\/\/thermiabarcelona.com\/fr\/proyectos-thermia\/residence-a-san-isidro\/\" title=\"R\u00c9SIDENCE \u00c0 SAN\u00a0ISIDRO\">R\u00c9SIDENCE \u00c0 SAN\u00a0ISIDRO<\/a><\/h4>\n\t\t\t\t\t\t\t\t\t<span class=\"portfolio-subtitle\"><\/span>\n\t\t\t\t\t\t\t\t<\/div>\n\n\t\t\t\t\t\t\t\t\t\t\t\t  \n\t\t\t\t\t\t\n\t\t\t\t\t\t\t\n\t\t\t\t\t\t\t\n\t\t\t\t\t\t\n\t\t\t\t\t\t\t\t\t\t\t\t\t\t\t\t\n\t\t\t\t\t\t\t\t   \n\n\t\t\t\t\t\t\t\t<div class=\"term-maisons-individuelles portfolio-item one-third column\">\n\t\t\t\t\t\t\t\t\t<div class=\"portfolio-image\"><a href=\"https:\/\/thermiabarcelona.com\/wp-content\/uploads\/2019\/01\/residencia-panama-thermia-aluwood-destacada.jpg\" class=\"prettyPhoto\" rel=\"prettyPhoto[portfolio]\" title=\"R\u00c9SIDENCE \u00c0 PANAMA\"><div class=\"portfolio-image-img\"><img decoding=\"async\" src=\"https:\/\/thermiabarcelona.com\/wp-content\/uploads\/2019\/01\/residencia-panama-thermia-aluwood-destacada-600x400.jpg\" alt=\"R\u00c9SIDENCE \u00c0 PANAMA\" \/><\/div><div class=\"portfolio-overlay overlay-icon\"><\/div><i class=\"icon-minti-search\"><\/i><\/a><\/div>\n\t\t\t\t\t\t\t\t\t<h4><a href=\"https:\/\/thermiabarcelona.com\/fr\/proyectos-thermia\/residence-a-panama\/\" title=\"R\u00c9SIDENCE \u00c0 PANAMA\">R\u00c9SIDENCE \u00c0 PANAMA<\/a><\/h4>\n\t\t\t\t\t\t\t\t\t<span class=\"portfolio-subtitle\"><\/span>\n\t\t\t\t\t\t\t\t<\/div>\n\n\t\t\t\t\t\t\t\t\t\t\t\t  \n\t\t\t\t\t\t\n\t\t\t\t\t\t\t\n\t\t\t\t\t\t\t\n\t\t\t\t\t\t\n\t\t\t\t\t\t\t\t\t\t\t\t\t\t\t\t\n\t\t\t\t\t\t\t\t   \n\n\t\t\t\t\t\t\t\t<div class=\"term-maisons-individuelles portfolio-item one-third column\">\n\t\t\t\t\t\t\t\t\t<div class=\"portfolio-image\"><a href=\"https:\/\/thermiabarcelona.com\/wp-content\/uploads\/2019\/01\/Thermia-playa-hermosa-web-destacada.jpg\" class=\"prettyPhoto\" rel=\"prettyPhoto[portfolio]\" title=\"R\u00c9SIDENCE \u00c0 PUNTA\u00a0HERMOSA\"><div class=\"portfolio-image-img\"><img decoding=\"async\" src=\"https:\/\/thermiabarcelona.com\/wp-content\/uploads\/2019\/01\/Thermia-playa-hermosa-web-destacada-600x400.jpg\" alt=\"R\u00c9SIDENCE \u00c0 PUNTA\u00a0HERMOSA\" \/><\/div><div class=\"portfolio-overlay overlay-icon\"><\/div><i class=\"icon-minti-search\"><\/i><\/a><\/div>\n\t\t\t\t\t\t\t\t\t<h4><a href=\"https:\/\/thermiabarcelona.com\/fr\/proyectos-thermia\/residence-a-punta-hermosa\/\" title=\"R\u00c9SIDENCE \u00c0 PUNTA\u00a0HERMOSA\">R\u00c9SIDENCE \u00c0 PUNTA\u00a0HERMOSA<\/a><\/h4>\n\t\t\t\t\t\t\t\t\t<span class=\"portfolio-subtitle\"><\/span>\n\t\t\t\t\t\t\t\t<\/div>\n\n\t\t\t\t\t\t\t\t\t\t\t\t  \n\t\t\t\t\t\t\n\t\t\t\t\t\t\t\n\t\t\t\t\t\t\t\n\t\t\t\t\t\t\n\t\t\t\t\t\t\t\t\t\t\t\t\t\t\t\t\n\t\t\t\t\t\t\t\t   \n\n\t\t\t\t\t\t\t\t<div class=\"term-maisons-individuelles portfolio-item one-third column\">\n\t\t\t\t\t\t\t\t\t<div class=\"portfolio-image\"><a href=\"https:\/\/thermiabarcelona.com\/wp-content\/uploads\/2016\/11\/WEB_F0210_20160503_010.jpg\" class=\"prettyPhoto\" rel=\"prettyPhoto[portfolio]\" title=\"R\u00c9SIDENCE \u00c0 BEGUR\"><div class=\"portfolio-image-img\"><img decoding=\"async\" src=\"https:\/\/thermiabarcelona.com\/wp-content\/uploads\/2016\/11\/WEB_F0210_20160503_010-600x400.jpg\" alt=\"R\u00c9SIDENCE \u00c0 BEGUR\" \/><\/div><div class=\"portfolio-overlay overlay-icon\"><\/div><i class=\"icon-minti-search\"><\/i><\/a><\/div>\n\t\t\t\t\t\t\t\t\t<h4><a href=\"https:\/\/thermiabarcelona.com\/fr\/proyectos-thermia\/residence-a-begur\/\" title=\"R\u00c9SIDENCE \u00c0 BEGUR\">R\u00c9SIDENCE \u00c0 BEGUR<\/a><\/h4>\n\t\t\t\t\t\t\t\t\t<span class=\"portfolio-subtitle\"><\/span>\n\t\t\t\t\t\t\t\t<\/div>\n\n\t\t\t\t\t\t\t\t\t\t\t\t  \n\t\t\t\t\t\t\n\t\t\t\t\t\t\t\n\t\t\t\t\t\t\t\n\t\t\t\t\t\t\n\t\t\t\t\t\t\t\t\t\t\t\t\t\t\t\t\n\t\t\t\t\t\t\t\t   \n\n\t\t\t\t\t\t\t\t<div class=\"term-maisons-individuelles portfolio-item one-third column\">\n\t\t\t\t\t\t\t\t\t<div class=\"portfolio-image\"><a href=\"https:\/\/thermiabarcelona.com\/wp-content\/uploads\/2016\/11\/WEB_wong2.jpg\" class=\"prettyPhoto\" rel=\"prettyPhoto[portfolio]\" title=\"R\u00c9SIDENCE \u00c0 LIMA\"><div class=\"portfolio-image-img\"><img decoding=\"async\" src=\"https:\/\/thermiabarcelona.com\/wp-content\/uploads\/2016\/11\/WEB_wong2-600x400.jpg\" alt=\"R\u00c9SIDENCE \u00c0 LIMA\" \/><\/div><div class=\"portfolio-overlay overlay-icon\"><\/div><i class=\"icon-minti-search\"><\/i><\/a><\/div>\n\t\t\t\t\t\t\t\t\t<h4><a href=\"https:\/\/thermiabarcelona.com\/fr\/proyectos-thermia\/residence-a-lima-2\/\" title=\"R\u00c9SIDENCE \u00c0 LIMA\">R\u00c9SIDENCE \u00c0 LIMA<\/a><\/h4>\n\t\t\t\t\t\t\t\t\t<span class=\"portfolio-subtitle\"><\/span>\n\t\t\t\t\t\t\t\t<\/div>\n\n\t\t\t\t\t\t\t\t\t\t\t\t  \n\t\t\t\t\t\t\n\t\t\t\t\t\t\t\n\t\t\t\t\t\t\t\n\t\t\t\t\t\t\n\t\t\t\t\t\t\t\t\t\t\t\t\t\t\t\t\n\t\t\t\t\t\t\t\t   \n\n\t\t\t\t\t\t\t\t<div class=\"term-maisons-individuelles portfolio-item one-third column\">\n\t\t\t\t\t\t\t\t\t<div class=\"portfolio-image\"><a href=\"https:\/\/thermiabarcelona.com\/wp-content\/uploads\/2016\/11\/WEB_CHALE\u0301-PRIMERA-LINEA-3.jpg\" class=\"prettyPhoto\" rel=\"prettyPhoto[portfolio]\" title=\"R\u00c9SIDENCE \u00c0 TARRAGONE\"><div class=\"portfolio-image-img\"><img decoding=\"async\" src=\"https:\/\/thermiabarcelona.com\/wp-content\/uploads\/2016\/11\/WEB_CHALE\u0301-PRIMERA-LINEA-3-600x400.jpg\" alt=\"R\u00c9SIDENCE \u00c0 TARRAGONE\" \/><\/div><div class=\"portfolio-overlay overlay-icon\"><\/div><i class=\"icon-minti-search\"><\/i><\/a><\/div>\n\t\t\t\t\t\t\t\t\t<h4><a href=\"https:\/\/thermiabarcelona.com\/fr\/proyectos-thermia\/residence-a-tarragone\/\" title=\"R\u00c9SIDENCE \u00c0 TARRAGONE\">R\u00c9SIDENCE \u00c0 TARRAGONE<\/a><\/h4>\n\t\t\t\t\t\t\t\t\t<span class=\"portfolio-subtitle\"><\/span>\n\t\t\t\t\t\t\t\t<\/div>\n\n\t\t\t\t\t\t\t\t\t\t\t\t  \n\t\t\t\t\t\t\n\t\t\t\t\t\t\t\n\t\t\t\t\t\t\t\n\t\t\t\t\t\t\n\t\t\t\t\t\t\t\t\t\t\t\t\t\t\t\t\n\t\t\t\t\t\t\t\t   \n\n\t\t\t\t\t\t\t\t<div class=\"term-maisons-individuelles portfolio-item one-third column\">\n\t\t\t\t\t\t\t\t\t<div class=\"portfolio-image\"><a href=\"https:\/\/thermiabarcelona.com\/wp-content\/uploads\/2016\/11\/WEB_20150529_154628.jpg\" class=\"prettyPhoto\" rel=\"prettyPhoto[portfolio]\" title=\"R\u00c9SIDENCE \u00c0 LIMA\"><div class=\"portfolio-image-img\"><img decoding=\"async\" src=\"https:\/\/thermiabarcelona.com\/wp-content\/uploads\/2016\/11\/WEB_20150529_154628-600x400.jpg\" alt=\"R\u00c9SIDENCE \u00c0 LIMA\" \/><\/div><div class=\"portfolio-overlay overlay-icon\"><\/div><i class=\"icon-minti-search\"><\/i><\/a><\/div>\n\t\t\t\t\t\t\t\t\t<h4><a href=\"https:\/\/thermiabarcelona.com\/fr\/proyectos-thermia\/residence-a-lima\/\" title=\"R\u00c9SIDENCE \u00c0 LIMA\">R\u00c9SIDENCE \u00c0 LIMA<\/a><\/h4>\n\t\t\t\t\t\t\t\t\t<span class=\"portfolio-subtitle\"><\/span>\n\t\t\t\t\t\t\t\t<\/div>\n\n\t\t\t\t\t\t\t\t\t\t\t\t  \n\t\t\t\t\t\t\n\t\t\t\t\t\t\t\n\t\t\t\t\t\t\t\n\t\t\t\t\t\t\n\t\t\t\t\t\t\t\t\t\t\t\t\t\t\t\t\n\t\t\t\t\t\t\t\t   \n\n\t\t\t\t\t\t\t\t<div class=\"term-maisons-individuelles portfolio-item one-third column\">\n\t\t\t\t\t\t\t\t\t<div class=\"portfolio-image\"><a href=\"https:\/\/thermiabarcelona.com\/wp-content\/uploads\/2016\/11\/WEB_RESIDENCIAL7-ERSERVICIOS.jpg\" class=\"prettyPhoto\" rel=\"prettyPhoto[portfolio]\" title=\"R\u00c9SIDENCE \u00c0 QUITO\"><div class=\"portfolio-image-img\"><img decoding=\"async\" src=\"https:\/\/thermiabarcelona.com\/wp-content\/uploads\/2016\/11\/WEB_RESIDENCIAL7-ERSERVICIOS-600x400.jpg\" alt=\"R\u00c9SIDENCE \u00c0 QUITO\" \/><\/div><div class=\"portfolio-overlay overlay-icon\"><\/div><i class=\"icon-minti-search\"><\/i><\/a><\/div>\n\t\t\t\t\t\t\t\t\t<h4><a href=\"https:\/\/thermiabarcelona.com\/fr\/proyectos-thermia\/residence-a-quito-3\/\" title=\"R\u00c9SIDENCE \u00c0 QUITO\">R\u00c9SIDENCE \u00c0 QUITO<\/a><\/h4>\n\t\t\t\t\t\t\t\t\t<span class=\"portfolio-subtitle\"><\/span>\n\t\t\t\t\t\t\t\t<\/div>\n\n\t\t\t\t\t\t\t\t\t\t\t\t  \n\t\t\t\t\t\t\n\t\t\t\t\t\t\t\n\t\t\t\t\t\t\t\n\t\t\t\t\t\t\n\t\t\t\t\t\t\t\t\t\t\t\t\t\t\t\t\n\t\t\t\t\t\t\t\t   \n\n\t\t\t\t\t\t\t\t<div class=\"term-maisons-individuelles portfolio-item one-third column\">\n\t\t\t\t\t\t\t\t\t<div class=\"portfolio-image\"><a href=\"https:\/\/thermiabarcelona.com\/wp-content\/uploads\/2016\/11\/web_RESIDENCIAL2-ERSERVICIOS.jpg\" class=\"prettyPhoto\" rel=\"prettyPhoto[portfolio]\" title=\"R\u00c9SIDENCE \u00c0 CUMBAY\u00c1\"><div class=\"portfolio-image-img\"><img decoding=\"async\" src=\"https:\/\/thermiabarcelona.com\/wp-content\/uploads\/2016\/11\/web_RESIDENCIAL2-ERSERVICIOS-600x400.jpg\" alt=\"R\u00c9SIDENCE \u00c0 CUMBAY\u00c1\" \/><\/div><div class=\"portfolio-overlay overlay-icon\"><\/div><i class=\"icon-minti-search\"><\/i><\/a><\/div>\n\t\t\t\t\t\t\t\t\t<h4><a href=\"https:\/\/thermiabarcelona.com\/fr\/proyectos-thermia\/residence-a-cumbaya\/\" title=\"R\u00c9SIDENCE \u00c0 CUMBAY\u00c1\">R\u00c9SIDENCE \u00c0 CUMBAY\u00c1<\/a><\/h4>\n\t\t\t\t\t\t\t\t\t<span class=\"portfolio-subtitle\"><\/span>\n\t\t\t\t\t\t\t\t<\/div>\n\n\t\t\t\t\t\t\t\t\t\t\t\t  \n\t\t\t\t\t\t\n\t\t\t\t\t\t\t\n\t\t\t\t\t\t\t\n\t\t\t\t\t\t\n\t\t\t\t\t\t\t\t\t\t\t\t\t\t\t\t\n\t\t\t\t\t\t\t\t   \n\n\t\t\t\t\t\t\t\t<div class=\"term-fenetres-a-la-francaise term-maisons-individuelles portfolio-item one-third column\">\n\t\t\t\t\t\t\t\t\t<div class=\"portfolio-image\"><a href=\"https:\/\/thermiabarcelona.com\/wp-content\/uploads\/2016\/11\/WEB_AR_erServicios_casa3_SRR8144.jpg\" class=\"prettyPhoto\" rel=\"prettyPhoto[portfolio]\" title=\"R\u00c9SIDENCE \u00c0 QUITO\"><div class=\"portfolio-image-img\"><img decoding=\"async\" src=\"https:\/\/thermiabarcelona.com\/wp-content\/uploads\/2016\/11\/WEB_AR_erServicios_casa3_SRR8144-600x400.jpg\" alt=\"R\u00c9SIDENCE \u00c0 QUITO\" \/><\/div><div class=\"portfolio-overlay overlay-icon\"><\/div><i class=\"icon-minti-search\"><\/i><\/a><\/div>\n\t\t\t\t\t\t\t\t\t<h4><a href=\"https:\/\/thermiabarcelona.com\/fr\/proyectos-thermia\/residence-a-quito-2\/\" title=\"R\u00c9SIDENCE \u00c0 QUITO\">R\u00c9SIDENCE \u00c0 QUITO<\/a><\/h4>\n\t\t\t\t\t\t\t\t\t<span class=\"portfolio-subtitle\"><\/span>\n\t\t\t\t\t\t\t\t<\/div>\n\n\t\t\t\t\t\t\t\t\t\t\t\t  \n\t\t\t\t\t\t\n\t\t\t\t\t\t\t\n\t\t\t\t\t\t\t\n\t\t\t\t\t\t\n\t\t\t\t\t\t\t\t\t\t\t\t\t\t\t\t\n\t\t\t\t\t\t\t\t   \n\n\t\t\t\t\t\t\t\t<div class=\"term-fenetres-a-la-francaise term-maisons-individuelles portfolio-item one-third column\">\n\t\t\t\t\t\t\t\t\t<div class=\"portfolio-image\"><a href=\"https:\/\/thermiabarcelona.com\/wp-content\/uploads\/2016\/11\/WEB_AR_erServicios_casa3_SRR8217.jpg\" class=\"prettyPhoto\" rel=\"prettyPhoto[portfolio]\" title=\"R\u00c9SIDENCE \u00c0 QUITO\"><div class=\"portfolio-image-img\"><img decoding=\"async\" src=\"https:\/\/thermiabarcelona.com\/wp-content\/uploads\/2016\/11\/WEB_AR_erServicios_casa3_SRR8217-600x400.jpg\" alt=\"R\u00c9SIDENCE \u00c0 QUITO\" \/><\/div><div class=\"portfolio-overlay overlay-icon\"><\/div><i class=\"icon-minti-search\"><\/i><\/a><\/div>\n\t\t\t\t\t\t\t\t\t<h4><a href=\"https:\/\/thermiabarcelona.com\/fr\/proyectos-thermia\/maison-a-quito-2\/\" title=\"R\u00c9SIDENCE \u00c0 QUITO\">R\u00c9SIDENCE \u00c0 QUITO<\/a><\/h4>\n\t\t\t\t\t\t\t\t\t<span class=\"portfolio-subtitle\"><\/span>\n\t\t\t\t\t\t\t\t<\/div>\n\n\t\t\t\t\t\t\t\t\t\t\t\t  \n\t\t\t\t\t\t\n\t\t\t\t\t\t\t\n\t\t\t\t\t\t\t\n\t\t\t\t\t\t\n\t\t\t\t\t\t\t\t\t\t\t\t\t\t\t\t\n\t\t\t\t\t\t\t\t   \n\n\t\t\t\t\t\t\t\t<div class=\"term-fenetres-coulissantes term-maisons-individuelles portfolio-item one-third column\">\n\t\t\t\t\t\t\t\t\t<div class=\"portfolio-image\"><a href=\"https:\/\/thermiabarcelona.com\/wp-content\/uploads\/2016\/11\/WEB_AR_erServicios_casa2_SRR7955.jpg\" class=\"prettyPhoto\" rel=\"prettyPhoto[portfolio]\" title=\"R\u00c9SIDENCE \u00c0 QUITO\"><div class=\"portfolio-image-img\"><img decoding=\"async\" src=\"https:\/\/thermiabarcelona.com\/wp-content\/uploads\/2016\/11\/WEB_AR_erServicios_casa2_SRR7955-600x400.jpg\" alt=\"R\u00c9SIDENCE \u00c0 QUITO\" \/><\/div><div class=\"portfolio-overlay overlay-icon\"><\/div><i class=\"icon-minti-search\"><\/i><\/a><\/div>\n\t\t\t\t\t\t\t\t\t<h4><a href=\"https:\/\/thermiabarcelona.com\/fr\/proyectos-thermia\/residence-a-quito\/\" title=\"R\u00c9SIDENCE \u00c0 QUITO\">R\u00c9SIDENCE \u00c0 QUITO<\/a><\/h4>\n\t\t\t\t\t\t\t\t\t<span class=\"portfolio-subtitle\"><\/span>\n\t\t\t\t\t\t\t\t<\/div>\n\n\t\t\t\t\t\t\t\t\t\t\t\t  \n\t\t\t\t\t\t\n\t\t\t\t\t\t\t\n\t\t\t\t\t\t\t\n\t\t\t\t\t\t\n\t\t\t\t\t\t\t\t\t\t\t\t\t\t\t\t\n\t\t\t\t\t\t\t\t   \n\n\t\t\t\t\t\t\t\t<div class=\"term-familia-prueba1-fr term-maisons-individuelles portfolio-item one-third column\">\n\t\t\t\t\t\t\t\t\t<div class=\"portfolio-image\"><a href=\"https:\/\/thermiabarcelona.com\/wp-content\/uploads\/2017\/02\/residencia1-ecuador-destacada.jpg\" class=\"prettyPhoto\" rel=\"prettyPhoto[portfolio]\" title=\"R\u00c9SIDENCE \u00c0 QUITO\"><div class=\"portfolio-image-img\"><img decoding=\"async\" src=\"https:\/\/thermiabarcelona.com\/wp-content\/uploads\/2017\/02\/residencia1-ecuador-destacada-600x400.jpg\" alt=\"R\u00c9SIDENCE \u00c0 QUITO\" \/><\/div><div class=\"portfolio-overlay overlay-icon\"><\/div><i class=\"icon-minti-search\"><\/i><\/a><\/div>\n\t\t\t\t\t\t\t\t\t<h4><a href=\"https:\/\/thermiabarcelona.com\/fr\/proyectos-thermia\/maison-a-quito\/\" title=\"R\u00c9SIDENCE \u00c0 QUITO\">R\u00c9SIDENCE \u00c0 QUITO<\/a><\/h4>\n\t\t\t\t\t\t\t\t\t<span class=\"portfolio-subtitle\"><\/span>\n\t\t\t\t\t\t\t\t<\/div>\n\n\t\t\t\t\t\t\t\t\t\t\t\t  \n\t\t\t\t\t\t\n\t\t\t\t\t\t\t\n\t\t\t\t\t\t\t\n\t\t\t\t\t\t\n\t\t\t\t\t\t\t\t\t\t\t\t\t\t\t\t\n\t\t\t\t\t\t\t\t   \n\n\t\t\t\t\t\t\t\t<div class=\"term-ventanas-abatibles term-ventanas-correderas term-viviendas-unifamiliares portfolio-item one-third column\">\n\t\t\t\t\t\t\t\t\t<div class=\"portfolio-image\"><a href=\"https:\/\/thermiabarcelona.com\/wp-content\/uploads\/2019\/08\/casa-chimbote-ventanas-thermia-destacada.jpg\" class=\"prettyPhoto\" rel=\"prettyPhoto[portfolio]\" title=\"CASA EN CHIMBOTE\"><div class=\"portfolio-image-img\"><img decoding=\"async\" src=\"https:\/\/thermiabarcelona.com\/wp-content\/uploads\/2019\/08\/casa-chimbote-ventanas-thermia-destacada-600x400.jpg\" alt=\"CASA EN CHIMBOTE\" \/><\/div><div class=\"portfolio-overlay overlay-icon\"><\/div><i class=\"icon-minti-search\"><\/i><\/a><\/div>\n\t\t\t\t\t\t\t\t\t<h4><a href=\"https:\/\/thermiabarcelona.com\/fr\/proyectos-thermia\/proyecto-ventanas-thermia-en-chimbote-peru\/\" title=\"CASA EN CHIMBOTE\">CASA EN CHIMBOTE<\/a><\/h4>\n\t\t\t\t\t\t\t\t\t<span class=\"portfolio-subtitle\"><\/span>\n\t\t\t\t\t\t\t\t<\/div>\n\n\t\t\t\t\t\t\t\t\t\t\t\t  \n\t\t\t\t\t\t\t\t\t\t\t<\/div>\n\n\t\t\t\t\t<\/div>\n\t\t\n\t\t<\/div>\n\t\t\t\n\t\t\t\t\t<div class=\"pagination-default\"><p class=\"hidden\"><\/p><\/div>\n\t\t\t\t\n\t\t[\/vc_column][\/vc_row]<\/p>\n<\/div>","protected":false},"excerpt":{"rendered":"<p>[vc_row][vc_column width=\u00a0\u00bb1\/1&Prime;][vc_column_text] Projets de fen\u00eatres\u00a0Thermia\u00ae pour maisons individuelles Le syst\u00e8me de fen\u00eatres\u00a0Thermia\u00ae permet aux architectes et aux professionnels de donner vie \u00e0 tous types de projets et de cr\u00e9er des fermetures qui r\u00e9pondent \u00e0 des exigences qualitatives, fonctionnelles et de conception. Voici plusieurs exemples de r\u00e9sidences o\u00f9 les fen\u00eatres en aluminium thermoacoustiques\u00a0Thermia\u00a0Barcelona ont \u00e9t\u00e9 utilis\u00e9es pour r\u00e9pondre \u00e0 ces exigences. [\/vc_column_text][\/vc_column][\/vc_row][vc_row bg_color=\u00a0\u00bb#ffffff\u00a0\u00bb section_arrow=\u00a0\u00bbfalse\u00a0\u00bb top_padding=\u00a0\u00bb20&Prime; bottom_padding=\u00a0\u00bb20&Prime;][vc_column bg_color=\u00a0\u00bb#ffffff\u00a0\u00bb column_padding=\u00a0\u00bbpadding-3&Prime; width=\u00a0\u00bb1\/1&Prime;][\/vc_column][\/vc_row]<\/p>\n","protected":false},"author":2,"featured_media":0,"parent":27105,"menu_order":0,"comment_status":"closed","ping_status":"closed","template":"","meta":{"footnotes":""},"class_list":["post-27109","page","type-page","status-publish","hentry"],"yoast_head":"<!-- This site is optimized with the Yoast SEO Premium plugin v26.7 (Yoast SEO v27.3) - https:\/\/yoast.com\/product\/yoast-seo-premium-wordpress\/ -->\n<title>Fen\u00eatres\u00a0Thermia\u00ae dans des maisons individuelles | Fen\u00eatres thermoacoustiques<\/title>\n<meta name=\"description\" content=\"Les fen\u00eatres thermoacoustiques\u00a0Thermia\u00ae ont \u00e9t\u00e9 utilis\u00e9es dans le cadre d\u2019une multitude de projets de maisons individuelles afin de leur conf\u00e9rer esth\u00e9tisme, confort et silence.\" \/>\n<meta name=\"robots\" content=\"index, follow, max-snippet:-1, max-image-preview:large, max-video-preview:-1\" \/>\n<link rel=\"canonical\" href=\"https:\/\/thermiabarcelona.com\/fr\/projets-architecturaux\/maisons-individuelles\/\" \/>\n<meta property=\"og:locale\" content=\"fr_FR\" \/>\n<meta property=\"og:type\" content=\"article\" \/>\n<meta property=\"og:title\" content=\"Maisons individuelles\" \/>\n<meta property=\"og:description\" content=\"Les fen\u00eatres thermoacoustiques\u00a0Thermia\u00ae ont \u00e9t\u00e9 utilis\u00e9es dans le cadre d\u2019une multitude de projets de maisons individuelles afin de leur conf\u00e9rer esth\u00e9tisme, confort et silence.\" \/>\n<meta property=\"og:url\" content=\"https:\/\/thermiabarcelona.com\/fr\/projets-architecturaux\/maisons-individuelles\/\" \/>\n<meta property=\"og:site_name\" content=\"Thermia Barcelona. Ventanas para vivir mejor\" \/>\n<meta property=\"article:publisher\" content=\"https:\/\/www.facebook.com\/thermiabarcelona\/\" \/>\n<meta property=\"article:modified_time\" content=\"2019-10-11T10:09:43+00:00\" \/>\n<meta name=\"twitter:card\" content=\"summary_large_image\" \/>\n<meta name=\"twitter:label1\" content=\"Dur\u00e9e de lecture estim\u00e9e\" \/>\n\t<meta name=\"twitter:data1\" content=\"1 minute\" \/>\n<script type=\"application\/ld+json\" class=\"yoast-schema-graph\">{\"@context\":\"https:\\\/\\\/schema.org\",\"@graph\":[{\"@type\":\"WebPage\",\"@id\":\"https:\\\/\\\/thermiabarcelona.com\\\/fr\\\/projets-architecturaux\\\/maisons-individuelles\\\/\",\"url\":\"https:\\\/\\\/thermiabarcelona.com\\\/fr\\\/projets-architecturaux\\\/maisons-individuelles\\\/\",\"name\":\"Fen\u00eatres\u00a0Thermia\u00ae dans des maisons individuelles | Fen\u00eatres thermoacoustiques\",\"isPartOf\":{\"@id\":\"https:\\\/\\\/thermiabarcelona.com\\\/#website\"},\"datePublished\":\"2019-09-03T08:39:15+00:00\",\"dateModified\":\"2019-10-11T10:09:43+00:00\",\"description\":\"Les fen\u00eatres thermoacoustiques\u00a0Thermia\u00ae ont \u00e9t\u00e9 utilis\u00e9es dans le cadre d\u2019une multitude de projets de maisons individuelles afin de leur conf\u00e9rer esth\u00e9tisme, confort et silence.\",\"breadcrumb\":{\"@id\":\"https:\\\/\\\/thermiabarcelona.com\\\/fr\\\/projets-architecturaux\\\/maisons-individuelles\\\/#breadcrumb\"},\"inLanguage\":\"fr-FR\",\"potentialAction\":[{\"@type\":\"ReadAction\",\"target\":[\"https:\\\/\\\/thermiabarcelona.com\\\/fr\\\/projets-architecturaux\\\/maisons-individuelles\\\/\"]}]},{\"@type\":\"BreadcrumbList\",\"@id\":\"https:\\\/\\\/thermiabarcelona.com\\\/fr\\\/projets-architecturaux\\\/maisons-individuelles\\\/#breadcrumb\",\"itemListElement\":[{\"@type\":\"ListItem\",\"position\":1,\"name\":\"Portada\",\"item\":\"https:\\\/\\\/thermiabarcelona.com\\\/\"},{\"@type\":\"ListItem\",\"position\":2,\"name\":\"Projets\",\"item\":\"https:\\\/\\\/thermiabarcelona.com\\\/fr\\\/projets-architecturaux\\\/\"},{\"@type\":\"ListItem\",\"position\":3,\"name\":\"Maisons individuelles\"}]},{\"@type\":\"WebSite\",\"@id\":\"https:\\\/\\\/thermiabarcelona.com\\\/#website\",\"url\":\"https:\\\/\\\/thermiabarcelona.com\\\/\",\"name\":\"Thermia Barcelona. Ventanas para vivir mejor\",\"description\":\"Ventanas de calidad, duraderas y f\u00e1ciles de fabricar. Dise\u00f1o.Confort.Silencio\",\"publisher\":{\"@id\":\"https:\\\/\\\/thermiabarcelona.com\\\/#organization\"},\"potentialAction\":[{\"@type\":\"SearchAction\",\"target\":{\"@type\":\"EntryPoint\",\"urlTemplate\":\"https:\\\/\\\/thermiabarcelona.com\\\/?s={search_term_string}\"},\"query-input\":{\"@type\":\"PropertyValueSpecification\",\"valueRequired\":true,\"valueName\":\"search_term_string\"}}],\"inLanguage\":\"fr-FR\"},{\"@type\":\"Organization\",\"@id\":\"https:\\\/\\\/thermiabarcelona.com\\\/#organization\",\"name\":\"Thermia Barcelona\",\"url\":\"https:\\\/\\\/thermiabarcelona.com\\\/\",\"logo\":{\"@type\":\"ImageObject\",\"inLanguage\":\"fr-FR\",\"@id\":\"https:\\\/\\\/thermiabarcelona.com\\\/#\\\/schema\\\/logo\\\/image\\\/\",\"url\":\"https:\\\/\\\/thermiabarcelona.com\\\/wp-content\\\/uploads\\\/2018\\\/08\\\/logo_thermia-1.jpg\",\"contentUrl\":\"https:\\\/\\\/thermiabarcelona.com\\\/wp-content\\\/uploads\\\/2018\\\/08\\\/logo_thermia-1.jpg\",\"width\":345,\"height\":158,\"caption\":\"Thermia Barcelona\"},\"image\":{\"@id\":\"https:\\\/\\\/thermiabarcelona.com\\\/#\\\/schema\\\/logo\\\/image\\\/\"},\"sameAs\":[\"https:\\\/\\\/www.facebook.com\\\/thermiabarcelona\\\/\",\"https:\\\/\\\/www.instagram.com\\\/thermiabarcelona\\\/\",\"https:\\\/\\\/es.linkedin.com\\\/company\\\/thermia-barcelona\",\"https:\\\/\\\/www.youtube.com\\\/thermiabarcelona\"]}]}<\/script>\n<!-- \/ Yoast SEO Premium plugin. -->","yoast_head_json":{"title":"Fen\u00eatres\u00a0Thermia\u00ae dans des maisons individuelles | Fen\u00eatres thermoacoustiques","description":"Les fen\u00eatres thermoacoustiques\u00a0Thermia\u00ae ont \u00e9t\u00e9 utilis\u00e9es dans le cadre d\u2019une multitude de projets de maisons individuelles afin de leur conf\u00e9rer esth\u00e9tisme, confort et silence.","robots":{"index":"index","follow":"follow","max-snippet":"max-snippet:-1","max-image-preview":"max-image-preview:large","max-video-preview":"max-video-preview:-1"},"canonical":"https:\/\/thermiabarcelona.com\/fr\/projets-architecturaux\/maisons-individuelles\/","og_locale":"fr_FR","og_type":"article","og_title":"Maisons individuelles","og_description":"Les fen\u00eatres thermoacoustiques\u00a0Thermia\u00ae ont \u00e9t\u00e9 utilis\u00e9es dans le cadre d\u2019une multitude de projets de maisons individuelles afin de leur conf\u00e9rer esth\u00e9tisme, confort et silence.","og_url":"https:\/\/thermiabarcelona.com\/fr\/projets-architecturaux\/maisons-individuelles\/","og_site_name":"Thermia Barcelona. Ventanas para vivir mejor","article_publisher":"https:\/\/www.facebook.com\/thermiabarcelona\/","article_modified_time":"2019-10-11T10:09:43+00:00","twitter_card":"summary_large_image","twitter_misc":{"Dur\u00e9e de lecture estim\u00e9e":"1 minute"},"schema":{"@context":"https:\/\/schema.org","@graph":[{"@type":"WebPage","@id":"https:\/\/thermiabarcelona.com\/fr\/projets-architecturaux\/maisons-individuelles\/","url":"https:\/\/thermiabarcelona.com\/fr\/projets-architecturaux\/maisons-individuelles\/","name":"Fen\u00eatres\u00a0Thermia\u00ae dans des maisons individuelles | Fen\u00eatres thermoacoustiques","isPartOf":{"@id":"https:\/\/thermiabarcelona.com\/#website"},"datePublished":"2019-09-03T08:39:15+00:00","dateModified":"2019-10-11T10:09:43+00:00","description":"Les fen\u00eatres thermoacoustiques\u00a0Thermia\u00ae ont \u00e9t\u00e9 utilis\u00e9es dans le cadre d\u2019une multitude de projets de maisons individuelles afin de leur conf\u00e9rer esth\u00e9tisme, confort et silence.","breadcrumb":{"@id":"https:\/\/thermiabarcelona.com\/fr\/projets-architecturaux\/maisons-individuelles\/#breadcrumb"},"inLanguage":"fr-FR","potentialAction":[{"@type":"ReadAction","target":["https:\/\/thermiabarcelona.com\/fr\/projets-architecturaux\/maisons-individuelles\/"]}]},{"@type":"BreadcrumbList","@id":"https:\/\/thermiabarcelona.com\/fr\/projets-architecturaux\/maisons-individuelles\/#breadcrumb","itemListElement":[{"@type":"ListItem","position":1,"name":"Portada","item":"https:\/\/thermiabarcelona.com\/"},{"@type":"ListItem","position":2,"name":"Projets","item":"https:\/\/thermiabarcelona.com\/fr\/projets-architecturaux\/"},{"@type":"ListItem","position":3,"name":"Maisons individuelles"}]},{"@type":"WebSite","@id":"https:\/\/thermiabarcelona.com\/#website","url":"https:\/\/thermiabarcelona.com\/","name":"Thermia Barcelona. Ventanas para vivir mejor","description":"Ventanas de calidad, duraderas y f\u00e1ciles de fabricar. Dise\u00f1o.Confort.Silencio","publisher":{"@id":"https:\/\/thermiabarcelona.com\/#organization"},"potentialAction":[{"@type":"SearchAction","target":{"@type":"EntryPoint","urlTemplate":"https:\/\/thermiabarcelona.com\/?s={search_term_string}"},"query-input":{"@type":"PropertyValueSpecification","valueRequired":true,"valueName":"search_term_string"}}],"inLanguage":"fr-FR"},{"@type":"Organization","@id":"https:\/\/thermiabarcelona.com\/#organization","name":"Thermia Barcelona","url":"https:\/\/thermiabarcelona.com\/","logo":{"@type":"ImageObject","inLanguage":"fr-FR","@id":"https:\/\/thermiabarcelona.com\/#\/schema\/logo\/image\/","url":"https:\/\/thermiabarcelona.com\/wp-content\/uploads\/2018\/08\/logo_thermia-1.jpg","contentUrl":"https:\/\/thermiabarcelona.com\/wp-content\/uploads\/2018\/08\/logo_thermia-1.jpg","width":345,"height":158,"caption":"Thermia Barcelona"},"image":{"@id":"https:\/\/thermiabarcelona.com\/#\/schema\/logo\/image\/"},"sameAs":["https:\/\/www.facebook.com\/thermiabarcelona\/","https:\/\/www.instagram.com\/thermiabarcelona\/","https:\/\/es.linkedin.com\/company\/thermia-barcelona","https:\/\/www.youtube.com\/thermiabarcelona"]}]}},"_links":{"self":[{"href":"https:\/\/thermiabarcelona.com\/fr\/wp-json\/wp\/v2\/pages\/27109","targetHints":{"allow":["GET"]}}],"collection":[{"href":"https:\/\/thermiabarcelona.com\/fr\/wp-json\/wp\/v2\/pages"}],"about":[{"href":"https:\/\/thermiabarcelona.com\/fr\/wp-json\/wp\/v2\/types\/page"}],"author":[{"embeddable":true,"href":"https:\/\/thermiabarcelona.com\/fr\/wp-json\/wp\/v2\/users\/2"}],"replies":[{"embeddable":true,"href":"https:\/\/thermiabarcelona.com\/fr\/wp-json\/wp\/v2\/comments?post=27109"}],"version-history":[{"count":0,"href":"https:\/\/thermiabarcelona.com\/fr\/wp-json\/wp\/v2\/pages\/27109\/revisions"}],"up":[{"embeddable":true,"href":"https:\/\/thermiabarcelona.com\/fr\/wp-json\/wp\/v2\/pages\/27105"}],"wp:attachment":[{"href":"https:\/\/thermiabarcelona.com\/fr\/wp-json\/wp\/v2\/media?parent=27109"}],"curies":[{"name":"wp","href":"https:\/\/api.w.org\/{rel}","templated":true}]}}